{"id":131,"date":"2021-11-09T21:34:09","date_gmt":"2021-11-09T20:34:09","guid":{"rendered":"http:\/\/comedepreville.fr\/?page_id=131"},"modified":"2025-02-12T16:07:24","modified_gmt":"2025-02-12T15:07:24","slug":"a-propos","status":"publish","type":"page","link":"https:\/\/comedepreville.fr\/en\/a-propos\/","title":{"rendered":"About me"},"content":{"rendered":"<div data-elementor-type=\"wp-page\" data-elementor-id=\"131\" class=\"elementor elementor-131\" data-elementor-post-type=\"page\">\n\t\t\t\t\t\t<section class=\"elementor-section elementor-top-section elementor-element elementor-element-550da416 elementor-section-height-min-height elementor-section-full_width elementor-section-stretched elementor-section-height-default elementor-section-items-middle\" data-id=\"550da416\" data-element_type=\"section\" data-e-type=\"section\" data-settings=\"{&quot;background_background&quot;:&quot;classic&quot;,&quot;stretch_section&quot;:&quot;section-stretched&quot;}\">\n\t\t\t\t\t\t\t<div class=\"elementor-background-overlay\"><\/div>\n\t\t\t\t\t\t\t<div class=\"elementor-container elementor-column-gap-default\">\n\t\t\t\t\t<div class=\"elementor-column elementor-col-100 elementor-top-column elementor-element elementor-element-6ee0d999\" data-id=\"6ee0d999\" data-element_type=\"column\" data-e-type=\"column\">\n\t\t\t<div class=\"elementor-widget-wrap elementor-element-populated\">\n\t\t\t\t\t\t<div class=\"elementor-element elementor-element-2a4b4227 elementor-widget elementor-widget-heading\" data-id=\"2a4b4227\" data-element_type=\"widget\" data-e-type=\"widget\" data-widget_type=\"heading.default\">\n\t\t\t\t<div class=\"elementor-widget-container\">\n\t\t\t\t\t<h1 class=\"elementor-heading-title elementor-size-default\">About me<\/h1>\t\t\t\t<\/div>\n\t\t\t\t<\/div>\n\t\t\t\t<div class=\"elementor-element elementor-element-4b0c3416 elementor-widget-divider--view-line elementor-widget elementor-widget-divider\" data-id=\"4b0c3416\" data-element_type=\"widget\" data-e-type=\"widget\" data-widget_type=\"divider.default\">\n\t\t\t\t<div class=\"elementor-widget-container\">\n\t\t\t\t\t\t\t<div class=\"elementor-divider\">\n\t\t\t<span class=\"elementor-divider-separator\">\n\t\t\t\t\t\t<\/span>\n\t\t<\/div>\n\t\t\t\t\t\t<\/div>\n\t\t\t\t<\/div>\n\t\t\t\t\t<\/div>\n\t\t<\/div>\n\t\t\t\t\t<\/div>\n\t\t<\/section>\n\t\t\t\t<section class=\"elementor-section elementor-top-section elementor-element elementor-element-605fb2e elementor-section-boxed elementor-section-height-default elementor-section-height-default\" data-id=\"605fb2e\" data-element_type=\"section\" data-e-type=\"section\">\n\t\t\t\t\t\t<div class=\"elementor-container elementor-column-gap-default\">\n\t\t\t\t\t<div class=\"elementor-column elementor-col-100 elementor-top-column elementor-element elementor-element-0b70b66\" data-id=\"0b70b66\" data-element_type=\"column\" data-e-type=\"column\">\n\t\t\t<div class=\"elementor-widget-wrap elementor-element-populated\">\n\t\t\t\t\t\t<div class=\"elementor-element elementor-element-2a23b5d elementor-widget elementor-widget-global elementor-global-918 elementor-widget-spacer\" data-id=\"2a23b5d\" data-element_type=\"widget\" data-e-type=\"widget\" data-widget_type=\"spacer.default\">\n\t\t\t\t<div class=\"elementor-widget-container\">\n\t\t\t\t\t\t\t<div class=\"elementor-spacer\">\n\t\t\t<div class=\"elementor-spacer-inner\"><\/div>\n\t\t<\/div>\n\t\t\t\t\t\t<\/div>\n\t\t\t\t<\/div>\n\t\t\t\t\t<\/div>\n\t\t<\/div>\n\t\t\t\t\t<\/div>\n\t\t<\/section>\n\t\t\t\t<section class=\"elementor-section elementor-top-section elementor-element elementor-element-67ff609 elementor-reverse-mobile elementor-section-boxed elementor-section-height-default elementor-section-height-default\" data-id=\"67ff609\" data-element_type=\"section\" data-e-type=\"section\">\n\t\t\t\t\t\t<div class=\"elementor-container elementor-column-gap-default\">\n\t\t\t\t\t<div class=\"elementor-column elementor-col-50 elementor-top-column elementor-element elementor-element-cb979bb\" data-id=\"cb979bb\" data-element_type=\"column\" data-e-type=\"column\">\n\t\t\t<div class=\"elementor-widget-wrap elementor-element-populated\">\n\t\t\t\t\t\t<div class=\"elementor-element elementor-element-dbcc8e5 elementor-widget elementor-widget-image\" data-id=\"dbcc8e5\" data-element_type=\"widget\" data-e-type=\"widget\" data-widget_type=\"image.default\">\n\t\t\t\t<div class=\"elementor-widget-container\">\n\t\t\t\t\t\t\t\t\t\t\t\t<figure class=\"wp-caption\">\n\t\t\t\t\t\t\t\t\t\t<img fetchpriority=\"high\" decoding=\"async\" width=\"768\" height=\"431\" src=\"https:\/\/comedepreville.fr\/wp-content\/uploads\/2025\/01\/Ronan-du-Cleuziou-2715-768x431.jpg\" class=\"attachment-medium_large size-medium_large wp-image-3705\" alt=\"\" srcset=\"https:\/\/comedepreville.fr\/wp-content\/uploads\/2025\/01\/Ronan-du-Cleuziou-2715-768x431.jpg 768w, https:\/\/comedepreville.fr\/wp-content\/uploads\/2025\/01\/Ronan-du-Cleuziou-2715-300x169.jpg 300w, https:\/\/comedepreville.fr\/wp-content\/uploads\/2025\/01\/Ronan-du-Cleuziou-2715-1024x575.jpg 1024w, https:\/\/comedepreville.fr\/wp-content\/uploads\/2025\/01\/Ronan-du-Cleuziou-2715-1536x863.jpg 1536w, https:\/\/comedepreville.fr\/wp-content\/uploads\/2025\/01\/Ronan-du-Cleuziou-2715-2048x1151.jpg 2048w, https:\/\/comedepreville.fr\/wp-content\/uploads\/2025\/01\/Ronan-du-Cleuziou-2715-18x10.jpg 18w\" sizes=\"(max-width: 768px) 100vw, 768px\" \/>\t\t\t\t\t\t\t\t\t\t\t<figcaption class=\"widget-image-caption wp-caption-text\">\u00a9 Ronan du Cleuziou<\/figcaption>\n\t\t\t\t\t\t\t\t\t\t<\/figure>\n\t\t\t\t\t\t\t\t\t<\/div>\n\t\t\t\t<\/div>\n\t\t\t\t<div class=\"elementor-element elementor-element-2162bbd elementor-shape-circle elementor-grid-0 e-grid-align-center elementor-widget elementor-widget-global elementor-global-1667 elementor-widget-social-icons\" data-id=\"2162bbd\" data-element_type=\"widget\" data-e-type=\"widget\" data-widget_type=\"social-icons.default\">\n\t\t\t\t<div class=\"elementor-widget-container\">\n\t\t\t\t\t\t\t<div class=\"elementor-social-icons-wrapper elementor-grid\" role=\"list\">\n\t\t\t\t\t\t\t<span class=\"elementor-grid-item\" role=\"listitem\">\n\t\t\t\t\t<a class=\"elementor-icon elementor-social-icon elementor-social-icon-instagram elementor-animation-rotate elementor-repeater-item-3b4d636\" href=\"http:\/\/www.instagram.com\/comedepreville\" target=\"_blank\">\n\t\t\t\t\t\t<span class=\"elementor-screen-only\">Instagram<\/span>\n\t\t\t\t\t\t<i aria-hidden=\"true\" class=\"fab fa-instagram\"><\/i>\t\t\t\t\t<\/a>\n\t\t\t\t<\/span>\n\t\t\t\t\t\t\t<span class=\"elementor-grid-item\" role=\"listitem\">\n\t\t\t\t\t<a class=\"elementor-icon elementor-social-icon elementor-social-icon-linkedin elementor-animation-rotate elementor-repeater-item-b5e1077\" href=\"https:\/\/www.linkedin.com\/in\/comedepreville\" target=\"_blank\">\n\t\t\t\t\t\t<span class=\"elementor-screen-only\">Linkedin<\/span>\n\t\t\t\t\t\t<i aria-hidden=\"true\" class=\"fab fa-linkedin\"><\/i>\t\t\t\t\t<\/a>\n\t\t\t\t<\/span>\n\t\t\t\t\t\t\t<span class=\"elementor-grid-item\" role=\"listitem\">\n\t\t\t\t\t<a class=\"elementor-icon elementor-social-icon elementor-social-icon-facebook elementor-animation-rotate elementor-repeater-item-7f0557b\" href=\"http:\/\/fb.me\/comedepreville\" target=\"_blank\">\n\t\t\t\t\t\t<span class=\"elementor-screen-only\">Facebook<\/span>\n\t\t\t\t\t\t<i aria-hidden=\"true\" class=\"fab fa-facebook\"><\/i>\t\t\t\t\t<\/a>\n\t\t\t\t<\/span>\n\t\t\t\t\t\t\t<span class=\"elementor-grid-item\" role=\"listitem\">\n\t\t\t\t\t<a class=\"elementor-icon elementor-social-icon elementor-social-icon-behance elementor-animation-rotate elementor-repeater-item-1bf0b0a\" href=\"https:\/\/www.behance.net\/comedepreville\" target=\"_blank\">\n\t\t\t\t\t\t<span class=\"elementor-screen-only\">Behance<\/span>\n\t\t\t\t\t\t<i aria-hidden=\"true\" class=\"fab fa-behance\"><\/i>\t\t\t\t\t<\/a>\n\t\t\t\t<\/span>\n\t\t\t\t\t<\/div>\n\t\t\t\t\t\t<\/div>\n\t\t\t\t<\/div>\n\t\t\t\t\t<\/div>\n\t\t<\/div>\n\t\t\t\t<div class=\"elementor-column elementor-col-50 elementor-top-column elementor-element elementor-element-290b408\" data-id=\"290b408\" data-element_type=\"column\" data-e-type=\"column\">\n\t\t\t<div class=\"elementor-widget-wrap elementor-element-populated\">\n\t\t\t\t\t\t<div class=\"elementor-element elementor-element-e4fe028 elementor-widget elementor-widget-text-editor\" data-id=\"e4fe028\" data-element_type=\"widget\" data-e-type=\"widget\" data-widget_type=\"text-editor.default\">\n\t\t\t\t<div class=\"elementor-widget-container\">\n\t\t\t\t\t\t\t\t\t<p>Welcome to my website! My name is C\u00f4me de Pr\u00e9ville, and I'm a French photographer specializing in reportage.<\/p>\n<p><span style=\"color: var( --e-global-color-text );\">My aim is to document what is real, with a focus on everyday human life, both precarious and exceptional: so my portfolio mixes shots of extreme poverty in the Armenian winter with photos of the Vend\u00e9e Globe skippers finishing their circumnavigations.<\/span><\/p>\n<p><span style=\"color: var( --e-global-color-text );\">I want to bear witness to the snippets of humanity I encounter, in a vibrant and contrasting style.<\/span><\/p>\n<p>You can follow me in particular on my Instagram account and <a href=\"https:\/\/comedepreville.fr\/en\/contact\/\">contact me by visiting the dedicated page<\/a>. See you soon!<\/p>\t\t\t\t\t\t\t\t<\/div>\n\t\t\t\t<\/div>\n\t\t\t\t<div class=\"elementor-element elementor-element-0327781 elementor-widget elementor-widget-image\" data-id=\"0327781\" data-element_type=\"widget\" data-e-type=\"widget\" data-widget_type=\"image.default\">\n\t\t\t\t<div class=\"elementor-widget-container\">\n\t\t\t\t\t\t\t\t\t\t\t\t\t\t\t<img decoding=\"async\" width=\"400\" height=\"222\" src=\"https:\/\/comedepreville.fr\/wp-content\/uploads\/2021\/11\/Signature-CdP-noir.png\" class=\"attachment-large size-large wp-image-23\" alt=\"logo cdp\" srcset=\"https:\/\/comedepreville.fr\/wp-content\/uploads\/2021\/11\/Signature-CdP-noir.png 400w, https:\/\/comedepreville.fr\/wp-content\/uploads\/2021\/11\/Signature-CdP-noir-300x167.png 300w\" sizes=\"(max-width: 400px) 100vw, 400px\" \/>\t\t\t\t\t\t\t\t\t\t\t\t\t\t\t<\/div>\n\t\t\t\t<\/div>\n\t\t\t\t\t<\/div>\n\t\t<\/div>\n\t\t\t\t\t<\/div>\n\t\t<\/section>\n\t\t\t\t<section class=\"elementor-section elementor-top-section elementor-element elementor-element-6cbed40 elementor-section-boxed elementor-section-height-default elementor-section-height-default\" data-id=\"6cbed40\" data-element_type=\"section\" data-e-type=\"section\">\n\t\t\t\t\t\t<div class=\"elementor-container elementor-column-gap-default\">\n\t\t\t\t\t<div class=\"elementor-column elementor-col-100 elementor-top-column elementor-element elementor-element-38b510c\" data-id=\"38b510c\" data-element_type=\"column\" data-e-type=\"column\">\n\t\t\t<div class=\"elementor-widget-wrap elementor-element-populated\">\n\t\t\t\t\t\t<div class=\"elementor-element elementor-element-0232ac4 elementor-widget elementor-widget-global elementor-global-918 elementor-widget-spacer\" data-id=\"0232ac4\" data-element_type=\"widget\" data-e-type=\"widget\" data-widget_type=\"spacer.default\">\n\t\t\t\t<div class=\"elementor-widget-container\">\n\t\t\t\t\t\t\t<div class=\"elementor-spacer\">\n\t\t\t<div class=\"elementor-spacer-inner\"><\/div>\n\t\t<\/div>\n\t\t\t\t\t\t<\/div>\n\t\t\t\t<\/div>\n\t\t\t\t\t<\/div>\n\t\t<\/div>\n\t\t\t\t\t<\/div>\n\t\t<\/section>\n\t\t<div class=\"elementor-element elementor-element-330540c e-flex e-con-boxed e-con e-parent\" data-id=\"330540c\" data-element_type=\"container\" data-e-type=\"container\">\n\t\t\t\t\t<div class=\"e-con-inner\">\n\t\t<div class=\"elementor-element elementor-element-cddf9b5 e-con-full e-grid e-con e-child\" data-id=\"cddf9b5\" data-element_type=\"container\" data-e-type=\"container\" data-settings=\"{&quot;background_background&quot;:&quot;classic&quot;}\">\n\t\t<div class=\"elementor-element elementor-element-40c0071 e-con-full e-flex e-con e-child\" data-id=\"40c0071\" data-element_type=\"container\" data-e-type=\"container\">\n\t\t\t\t<div class=\"elementor-element elementor-element-61a471d elementor-widget elementor-widget-heading\" data-id=\"61a471d\" data-element_type=\"widget\" data-e-type=\"widget\" data-widget_type=\"heading.default\">\n\t\t\t\t<div class=\"elementor-widget-container\">\n\t\t\t\t\t<h2 class=\"elementor-heading-title elementor-size-default\">Artistic style<\/h2>\t\t\t\t<\/div>\n\t\t\t\t<\/div>\n\t\t\t\t<div class=\"elementor-element elementor-element-0dcc768 elementor-widget elementor-widget-text-editor\" data-id=\"0dcc768\" data-element_type=\"widget\" data-e-type=\"widget\" data-widget_type=\"text-editor.default\">\n\t\t\t\t<div class=\"elementor-widget-container\">\n\t\t\t\t\t\t\t\t\t<p>My photos tend more towards portraiture and live action. In particular, I try to draw inspiration from the masters of humanist photography, with off-centre compositions, motion blur and a search for meaningful gazes.<\/p><p>I like to edit with contrast, clarity and saturated, vibrant colours.<\/p><p>My favourite shots: the 50mm portrait at f\/2.2 and the B&amp;W street scene at 35mm f\/9!<\/p><p>I work with a Nikon D500 (28-70mm f\/2.8, 35mm f\/1.8, 50mm f\/1.8, 70-200mm f\/2.8, and others), a Nikon D7000, and a small, very discreet Fujifilm X30 for street photography.<\/p>\t\t\t\t\t\t\t\t<\/div>\n\t\t\t\t<\/div>\n\t\t\t\t<\/div>\n\t\t\t\t<div class=\"elementor-element elementor-element-58a2307 elementor-skin-carousel elementor-arrows-yes elementor-pagination-type-bullets elementor-pagination-position-outside elementor-widget elementor-widget-media-carousel\" data-id=\"58a2307\" data-element_type=\"widget\" data-e-type=\"widget\" data-settings=\"{&quot;slides_per_view&quot;:&quot;1&quot;,&quot;slides_per_view_tablet&quot;:&quot;1&quot;,&quot;slides_per_view_mobile&quot;:&quot;1&quot;,&quot;autoplay_speed&quot;:3000,&quot;lazyload&quot;:&quot;yes&quot;,&quot;skin&quot;:&quot;carousel&quot;,&quot;effect&quot;:&quot;slide&quot;,&quot;show_arrows&quot;:&quot;yes&quot;,&quot;pagination&quot;:&quot;bullets&quot;,&quot;speed&quot;:500,&quot;autoplay&quot;:&quot;yes&quot;,&quot;loop&quot;:&quot;yes&quot;,&quot;pause_on_hover&quot;:&quot;yes&quot;,&quot;pause_on_interaction&quot;:&quot;yes&quot;,&quot;space_between&quot;:{&quot;unit&quot;:&quot;px&quot;,&quot;size&quot;:10,&quot;sizes&quot;:[]},&quot;space_between_tablet&quot;:{&quot;unit&quot;:&quot;px&quot;,&quot;size&quot;:10,&quot;sizes&quot;:[]},&quot;space_between_mobile&quot;:{&quot;unit&quot;:&quot;px&quot;,&quot;size&quot;:10,&quot;sizes&quot;:[]}}\" data-widget_type=\"media-carousel.default\">\n\t\t\t\t<div class=\"elementor-widget-container\">\n\t\t\t\t\t\t\t\t\t<div class=\"elementor-swiper\">\n\t\t\t\t\t<div class=\"elementor-main-swiper swiper\" role=\"region\" aria-roledescription=\"carousel\" aria-label=\"Diapositives\">\n\t\t\t\t<div class=\"swiper-wrapper\">\n\t\t\t\t\t\t\t\t\t\t\t<div class=\"swiper-slide\" role=\"group\" aria-roledescription=\"slide\">\n\t\t\t\t\t\t\t\t\t<div class=\"elementor-carousel-image swiper-lazy\" role=\"img\" aria-label=\"Fichier 32\" data-background=\"https:\/\/comedepreville.fr\/wp-content\/uploads\/2025\/02\/Fichier-32.png\">\n\n\t\t\t\t\t\t\t<div class=\"swiper-lazy-preloader\"><\/div>\n\t\t\t\n\t\t\t\t\t<\/div>\n\t\t\t\t\t\t\t\t<\/div>\n\t\t\t\t\t\t\t\t\t\t\t<div class=\"swiper-slide\" role=\"group\" aria-roledescription=\"slide\">\n\t\t\t\t\t\t\t\t\t<div class=\"elementor-carousel-image swiper-lazy\" role=\"img\" aria-label=\"Fichier 34\" data-background=\"https:\/\/comedepreville.fr\/wp-content\/uploads\/2025\/02\/Fichier-34.png\">\n\n\t\t\t\t\t\t\t<div class=\"swiper-lazy-preloader\"><\/div>\n\t\t\t\n\t\t\t\t\t<\/div>\n\t\t\t\t\t\t\t\t<\/div>\n\t\t\t\t\t\t\t\t\t\t\t<div class=\"swiper-slide\" role=\"group\" aria-roledescription=\"slide\">\n\t\t\t\t\t\t\t\t\t<div class=\"elementor-carousel-image swiper-lazy\" role=\"img\" aria-label=\"Fichier 31\" data-background=\"https:\/\/comedepreville.fr\/wp-content\/uploads\/2025\/02\/Fichier-31.png\">\n\n\t\t\t\t\t\t\t<div class=\"swiper-lazy-preloader\"><\/div>\n\t\t\t\n\t\t\t\t\t<\/div>\n\t\t\t\t\t\t\t\t<\/div>\n\t\t\t\t\t\t\t\t\t\t\t<div class=\"swiper-slide\" role=\"group\" aria-roledescription=\"slide\">\n\t\t\t\t\t\t\t\t\t<div class=\"elementor-carousel-image swiper-lazy\" role=\"img\" aria-label=\"Fichier 33\" data-background=\"https:\/\/comedepreville.fr\/wp-content\/uploads\/2025\/02\/Fichier-33.png\">\n\n\t\t\t\t\t\t\t<div class=\"swiper-lazy-preloader\"><\/div>\n\t\t\t\n\t\t\t\t\t<\/div>\n\t\t\t\t\t\t\t\t<\/div>\n\t\t\t\t\t\t\t\t\t\t\t<div class=\"swiper-slide\" role=\"group\" aria-roledescription=\"slide\">\n\t\t\t\t\t\t\t\t\t<div class=\"elementor-carousel-image swiper-lazy\" role=\"img\" aria-label=\"Fichier 35\" data-background=\"https:\/\/comedepreville.fr\/wp-content\/uploads\/2025\/02\/Fichier-35.png\">\n\n\t\t\t\t\t\t\t<div class=\"swiper-lazy-preloader\"><\/div>\n\t\t\t\n\t\t\t\t\t<\/div>\n\t\t\t\t\t\t\t\t<\/div>\n\t\t\t\t\t\t\t\t\t\t\t<div class=\"swiper-slide\" role=\"group\" aria-roledescription=\"slide\">\n\t\t\t\t\t\t\t\t\t<div class=\"elementor-carousel-image swiper-lazy\" role=\"img\" aria-label=\"Fichier 36\" data-background=\"https:\/\/comedepreville.fr\/wp-content\/uploads\/2025\/02\/Fichier-36.png\">\n\n\t\t\t\t\t\t\t<div class=\"swiper-lazy-preloader\"><\/div>\n\t\t\t\n\t\t\t\t\t<\/div>\n\t\t\t\t\t\t\t\t<\/div>\n\t\t\t\t\t\t\t\t\t\t\t<div class=\"swiper-slide\" role=\"group\" aria-roledescription=\"slide\">\n\t\t\t\t\t\t\t\t\t<div class=\"elementor-carousel-image swiper-lazy\" role=\"img\" aria-label=\"Fichier 37\" data-background=\"https:\/\/comedepreville.fr\/wp-content\/uploads\/2025\/02\/Fichier-37.png\">\n\n\t\t\t\t\t\t\t<div class=\"swiper-lazy-preloader\"><\/div>\n\t\t\t\n\t\t\t\t\t<\/div>\n\t\t\t\t\t\t\t\t<\/div>\n\t\t\t\t\t\t\t\t\t<\/div>\n\t\t\t\t\t\t\t\t\t\t\t\t\t\t\t<div class=\"elementor-swiper-button elementor-swiper-button-prev\" role=\"button\" tabindex=\"0\" aria-label=\"Previous\">\n\t\t\t\t\t\t\t<i aria-hidden=\"true\" class=\"eicon-chevron-left\"><\/i>\t\t\t\t\t\t<\/div>\n\t\t\t\t\t\t<div class=\"elementor-swiper-button elementor-swiper-button-next\" role=\"button\" tabindex=\"0\" aria-label=\"Next\">\n\t\t\t\t\t\t\t<i aria-hidden=\"true\" class=\"eicon-chevron-right\"><\/i>\t\t\t\t\t\t<\/div>\n\t\t\t\t\t\t\t\t\t\t\t\t\t\t\t\t<div class=\"swiper-pagination\"><\/div>\n\t\t\t\t\t\t\t\t\t\t\t\t<\/div>\n\t\t\t\t<\/div>\n\t\t\t\t\t\t\t\t<\/div>\n\t\t\t\t<\/div>\n\t\t\t\t<\/div>\n\t\t\t\t\t<\/div>\n\t\t\t\t<\/div>\n\t\t\t\t<section class=\"elementor-section elementor-top-section elementor-element elementor-element-b53e14f elementor-section-boxed elementor-section-height-default elementor-section-height-default\" data-id=\"b53e14f\" data-element_type=\"section\" data-e-type=\"section\">\n\t\t\t\t\t\t<div class=\"elementor-container elementor-column-gap-default\">\n\t\t\t\t\t<div class=\"elementor-column elementor-col-100 elementor-top-column elementor-element elementor-element-18945c8\" data-id=\"18945c8\" data-element_type=\"column\" data-e-type=\"column\">\n\t\t\t<div class=\"elementor-widget-wrap elementor-element-populated\">\n\t\t\t\t\t\t<div class=\"elementor-element elementor-element-d4165fa elementor-widget elementor-widget-global elementor-global-918 elementor-widget-spacer\" data-id=\"d4165fa\" data-element_type=\"widget\" data-e-type=\"widget\" data-widget_type=\"spacer.default\">\n\t\t\t\t<div class=\"elementor-widget-container\">\n\t\t\t\t\t\t\t<div class=\"elementor-spacer\">\n\t\t\t<div class=\"elementor-spacer-inner\"><\/div>\n\t\t<\/div>\n\t\t\t\t\t\t<\/div>\n\t\t\t\t<\/div>\n\t\t\t\t\t<\/div>\n\t\t<\/div>\n\t\t\t\t\t<\/div>\n\t\t<\/section>\n\t\t\t\t<section class=\"elementor-section elementor-top-section elementor-element elementor-element-561e911 elementor-reverse-mobile elementor-section-boxed elementor-section-height-default elementor-section-height-default\" data-id=\"561e911\" data-element_type=\"section\" data-e-type=\"section\">\n\t\t\t\t\t\t<div class=\"elementor-container elementor-column-gap-default\">\n\t\t\t\t\t<div class=\"elementor-column elementor-col-50 elementor-top-column elementor-element elementor-element-70a4a7f\" data-id=\"70a4a7f\" data-element_type=\"column\" data-e-type=\"column\">\n\t\t\t<div class=\"elementor-widget-wrap elementor-element-populated\">\n\t\t\t\t\t\t<div class=\"elementor-element elementor-element-12edc47 elementor-widget elementor-widget-image\" data-id=\"12edc47\" data-element_type=\"widget\" data-e-type=\"widget\" data-widget_type=\"image.default\">\n\t\t\t\t<div class=\"elementor-widget-container\">\n\t\t\t\t\t\t\t\t\t\t\t\t<figure class=\"wp-caption\">\n\t\t\t\t\t\t\t\t\t\t<img decoding=\"async\" width=\"800\" height=\"534\" src=\"https:\/\/comedepreville.fr\/wp-content\/uploads\/2021\/11\/IMG_4003-1024x683.jpg\" class=\"attachment-large size-large wp-image-570\" alt=\"c\u00f4me de pr\u00e9ville\" srcset=\"https:\/\/comedepreville.fr\/wp-content\/uploads\/2021\/11\/IMG_4003-1024x683.jpg 1024w, https:\/\/comedepreville.fr\/wp-content\/uploads\/2021\/11\/IMG_4003-300x200.jpg 300w, https:\/\/comedepreville.fr\/wp-content\/uploads\/2021\/11\/IMG_4003-768x512.jpg 768w, https:\/\/comedepreville.fr\/wp-content\/uploads\/2021\/11\/IMG_4003-1536x1024.jpg 1536w, https:\/\/comedepreville.fr\/wp-content\/uploads\/2021\/11\/IMG_4003-2048x1365.jpg 2048w\" sizes=\"(max-width: 800px) 100vw, 800px\" \/>\t\t\t\t\t\t\t\t\t\t\t<figcaption class=\"widget-image-caption wp-caption-text\">\u00a9 \u054d\u0578\u0582\u057d\u0561\u0576\u0576\u0561 \u054a\u0565\u057f\u0578\u0575\u0561\u0576<\/figcaption>\n\t\t\t\t\t\t\t\t\t\t<\/figure>\n\t\t\t\t\t\t\t\t\t<\/div>\n\t\t\t\t<\/div>\n\t\t\t\t\t<\/div>\n\t\t<\/div>\n\t\t\t\t<div class=\"elementor-column elementor-col-50 elementor-top-column elementor-element elementor-element-1dbb7c8\" data-id=\"1dbb7c8\" data-element_type=\"column\" data-e-type=\"column\">\n\t\t\t<div class=\"elementor-widget-wrap elementor-element-populated\">\n\t\t\t\t\t\t<div class=\"elementor-element elementor-element-24fb2f4 elementor-widget elementor-widget-heading\" data-id=\"24fb2f4\" data-element_type=\"widget\" data-e-type=\"widget\" data-widget_type=\"heading.default\">\n\t\t\t\t<div class=\"elementor-widget-container\">\n\t\t\t\t\t<h2 class=\"elementor-heading-title elementor-size-large\">PERSONAL JOURNEY<\/h2>\t\t\t\t<\/div>\n\t\t\t\t<\/div>\n\t\t\t\t<div class=\"elementor-element elementor-element-88b3769 elementor-widget elementor-widget-text-editor\" data-id=\"88b3769\" data-element_type=\"widget\" data-e-type=\"widget\" data-widget_type=\"text-editor.default\">\n\t\t\t\t<div class=\"elementor-widget-container\">\n\t\t\t\t\t\t\t\t\t<p>I've had a passion for images since childhood (sketching, watercolours, PAO...) and this has led me to set up my own business in 2019, as a designer, graphic artist and illustrator, alongside studying communications.<\/p><p>I discovered photography at secondary school, with my first iPhone. <span style=\"color: var( --e-global-color-text );\">In 2020, during the first lockdown, I was hooked on real photography, thanks to the D70 I had borrowed from my grandfather, my first SLR camera.<\/span><\/p><p><span style=\"color: var( --e-global-color-text );\">My parents' library was always stuffed with works by the masters of humanist photography and photojournalism, and it was no doubt through admiring these pictures that I developed a particular taste for reportage. Here are four of them that made a particular impression on me.<\/span><\/p>\t\t\t\t\t\t\t\t<\/div>\n\t\t\t\t<\/div>\n\t\t\t\t\t<\/div>\n\t\t<\/div>\n\t\t\t\t\t<\/div>\n\t\t<\/section>\n\t\t<div class=\"elementor-element elementor-element-16f6049 e-flex e-con-boxed e-con e-parent\" data-id=\"16f6049\" data-element_type=\"container\" data-e-type=\"container\">\n\t\t\t\t\t<div class=\"e-con-inner\">\n\t\t\t\t<div class=\"elementor-element elementor-element-b1918a5 elementor-widget elementor-widget-global elementor-global-918 elementor-widget-spacer\" data-id=\"b1918a5\" data-element_type=\"widget\" data-e-type=\"widget\" data-widget_type=\"spacer.default\">\n\t\t\t\t<div class=\"elementor-widget-container\">\n\t\t\t\t\t\t\t<div class=\"elementor-spacer\">\n\t\t\t<div class=\"elementor-spacer-inner\"><\/div>\n\t\t<\/div>\n\t\t\t\t\t\t<\/div>\n\t\t\t\t<\/div>\n\t\t\t\t\t<\/div>\n\t\t\t\t<\/div>\n\t\t\t\t<section class=\"elementor-section elementor-top-section elementor-element elementor-element-ede0b6d elementor-section-boxed elementor-section-height-default elementor-section-height-default\" data-id=\"ede0b6d\" data-element_type=\"section\" data-e-type=\"section\">\n\t\t\t\t\t\t<div class=\"elementor-container elementor-column-gap-default\">\n\t\t\t\t\t<div class=\"elementor-column elementor-col-100 elementor-top-column elementor-element elementor-element-dacfcce\" data-id=\"dacfcce\" data-element_type=\"column\" data-e-type=\"column\">\n\t\t\t<div class=\"elementor-widget-wrap elementor-element-populated\">\n\t\t\t\t\t\t<section class=\"elementor-section elementor-inner-section elementor-element elementor-element-4cd74af elementor-section-content-bottom elementor-section-boxed elementor-section-height-default elementor-section-height-default\" data-id=\"4cd74af\" data-element_type=\"section\" data-e-type=\"section\">\n\t\t\t\t\t\t<div class=\"elementor-container elementor-column-gap-default\">\n\t\t\t\t\t<div class=\"make-column-clickable-elementor elementor-column elementor-col-25 elementor-inner-column elementor-element elementor-element-47998fa\" style=\"cursor: pointer;\" data-column-clickable=\"https:\/\/fr.wikipedia.org\/wiki\/Raymond_Depardon\" data-column-clickable-blank=\"_self\" data-id=\"47998fa\" data-element_type=\"column\" data-e-type=\"column\">\n\t\t\t<div class=\"elementor-widget-wrap elementor-element-populated\">\n\t\t\t\t\t\t<div class=\"elementor-element elementor-element-4be8017 elementor-widget elementor-widget-heading\" data-id=\"4be8017\" data-element_type=\"widget\" data-e-type=\"widget\" data-widget_type=\"heading.default\">\n\t\t\t\t<div class=\"elementor-widget-container\">\n\t\t\t\t\t<p class=\"elementor-heading-title elementor-size-medium\">RAYMOND DEPARDON<\/p>\t\t\t\t<\/div>\n\t\t\t\t<\/div>\n\t\t\t\t<div class=\"elementor-element elementor-element-9b5ce6d elementor-widget elementor-widget-text-editor\" data-id=\"9b5ce6d\" data-element_type=\"widget\" data-e-type=\"widget\" data-widget_type=\"text-editor.default\">\n\t\t\t\t<div class=\"elementor-widget-container\">\n\t\t\t\t\t\t\t\t\t<p>Humanist photographer, reporter and filmmaker.<\/p><p>His reports make up a large part of the family library, and have nourished my eye from an early age, from French Algeria to the landscapes of Eritrea.<\/p>\t\t\t\t\t\t\t\t<\/div>\n\t\t\t\t<\/div>\n\t\t\t\t<div class=\"elementor-element elementor-element-93af336 elementor-widget elementor-widget-image\" data-id=\"93af336\" data-element_type=\"widget\" data-e-type=\"widget\" data-widget_type=\"image.default\">\n\t\t\t\t<div class=\"elementor-widget-container\">\n\t\t\t\t\t\t\t\t\t\t\t\t<figure class=\"wp-caption\">\n\t\t\t\t\t\t\t\t\t\t<img loading=\"lazy\" decoding=\"async\" width=\"800\" height=\"800\" src=\"https:\/\/comedepreville.fr\/wp-content\/uploads\/2022\/02\/Raymond-Depardon-1024x1024.jpg\" class=\"attachment-large size-large wp-image-1341\" alt=\"raymond depardon\" srcset=\"https:\/\/comedepreville.fr\/wp-content\/uploads\/2022\/02\/Raymond-Depardon-1024x1024.jpg 1024w, https:\/\/comedepreville.fr\/wp-content\/uploads\/2022\/02\/Raymond-Depardon-300x300.jpg 300w, https:\/\/comedepreville.fr\/wp-content\/uploads\/2022\/02\/Raymond-Depardon-150x150.jpg 150w, https:\/\/comedepreville.fr\/wp-content\/uploads\/2022\/02\/Raymond-Depardon-768x768.jpg 768w, https:\/\/comedepreville.fr\/wp-content\/uploads\/2022\/02\/Raymond-Depardon.jpg 1500w\" sizes=\"(max-width: 800px) 100vw, 800px\" \/>\t\t\t\t\t\t\t\t\t\t\t<figcaption class=\"widget-image-caption wp-caption-text\">\u00a9 Paris Match<\/figcaption>\n\t\t\t\t\t\t\t\t\t\t<\/figure>\n\t\t\t\t\t\t\t\t\t<\/div>\n\t\t\t\t<\/div>\n\t\t\t\t\t<\/div>\n\t\t<\/div>\n\t\t\t\t<div class=\"make-column-clickable-elementor elementor-column elementor-col-25 elementor-inner-column elementor-element elementor-element-e485208\" style=\"cursor: pointer;\" data-column-clickable=\"https:\/\/fr.wikipedia.org\/wiki\/Robert_Capa\" data-column-clickable-blank=\"_self\" data-id=\"e485208\" data-element_type=\"column\" data-e-type=\"column\">\n\t\t\t<div class=\"elementor-widget-wrap elementor-element-populated\">\n\t\t\t\t\t\t<div class=\"elementor-element elementor-element-4323b79 elementor-widget elementor-widget-heading\" data-id=\"4323b79\" data-element_type=\"widget\" data-e-type=\"widget\" data-widget_type=\"heading.default\">\n\t\t\t\t<div class=\"elementor-widget-container\">\n\t\t\t\t\t<p class=\"elementor-heading-title elementor-size-medium\">ROBERT CAPA<\/p>\t\t\t\t<\/div>\n\t\t\t\t<\/div>\n\t\t\t\t<div class=\"elementor-element elementor-element-eccca49 elementor-widget elementor-widget-text-editor\" data-id=\"eccca49\" data-element_type=\"widget\" data-e-type=\"widget\" data-widget_type=\"text-editor.default\">\n\t\t\t\t<div class=\"elementor-widget-container\">\n\t\t\t\t\t\t\t\t\t<p>War photographer and co-founder of Magnum.<\/p><p>I made a personal motto of his famous phrase \"\u00a0<em>if your pictures aren&rsquo;t good enough, you&rsquo;re not close enough\u00a0\u00bb.<\/em>\u00a0Capa is a legend of photojournalism.<\/p>\t\t\t\t\t\t\t\t<\/div>\n\t\t\t\t<\/div>\n\t\t\t\t<div class=\"elementor-element elementor-element-3a49a12 elementor-widget elementor-widget-image\" data-id=\"3a49a12\" data-element_type=\"widget\" data-e-type=\"widget\" data-widget_type=\"image.default\">\n\t\t\t\t<div class=\"elementor-widget-container\">\n\t\t\t\t\t\t\t\t\t\t\t\t<figure class=\"wp-caption\">\n\t\t\t\t\t\t\t\t\t\t<img decoding=\"async\" src=\"https:\/\/images.squarespace-cdn.com\/content\/v1\/5b670534b98a78d5e84a7d19\/1681021170542-88BUIFN0SWDYVVPLKVB2\/robert_capa_uvod.jpg?format=500w\" title=\"\" alt=\"\" loading=\"lazy\" \/>\t\t\t\t\t\t\t\t\t\t\t<figcaption class=\"widget-image-caption wp-caption-text\">\u00a9 NC<\/figcaption>\n\t\t\t\t\t\t\t\t\t\t<\/figure>\n\t\t\t\t\t\t\t\t\t<\/div>\n\t\t\t\t<\/div>\n\t\t\t\t\t<\/div>\n\t\t<\/div>\n\t\t\t\t<div class=\"make-column-clickable-elementor elementor-column elementor-col-25 elementor-inner-column elementor-element elementor-element-586a231\" style=\"cursor: pointer;\" data-column-clickable=\"https:\/\/www.instagram.com\/laurencegeai\/\" data-column-clickable-blank=\"_self\" data-id=\"586a231\" data-element_type=\"column\" data-e-type=\"column\">\n\t\t\t<div class=\"elementor-widget-wrap elementor-element-populated\">\n\t\t\t\t\t\t<div class=\"elementor-element elementor-element-e696d30 elementor-widget elementor-widget-heading\" data-id=\"e696d30\" data-element_type=\"widget\" data-e-type=\"widget\" data-widget_type=\"heading.default\">\n\t\t\t\t<div class=\"elementor-widget-container\">\n\t\t\t\t\t<p class=\"elementor-heading-title elementor-size-medium\">LAURENCE GEAI<\/p>\t\t\t\t<\/div>\n\t\t\t\t<\/div>\n\t\t\t\t<div class=\"elementor-element elementor-element-a52dcc3 elementor-widget elementor-widget-text-editor\" data-id=\"a52dcc3\" data-element_type=\"widget\" data-e-type=\"widget\" data-widget_type=\"text-editor.default\">\n\t\t\t\t<div class=\"elementor-widget-container\">\n\t\t\t\t\t\t\t\t\t<p>A committed photojournalist specialising in conflict zones.<\/p><p>Laurence has the art of capturing the human in the midst of chaos. Her reports, from Ukraine to Syria, demonstrate the importance of bearing witness to the suffering of our times.<\/p>\t\t\t\t\t\t\t\t<\/div>\n\t\t\t\t<\/div>\n\t\t\t\t<div class=\"elementor-element elementor-element-0822369 elementor-widget elementor-widget-image\" data-id=\"0822369\" data-element_type=\"widget\" data-e-type=\"widget\" data-widget_type=\"image.default\">\n\t\t\t\t<div class=\"elementor-widget-container\">\n\t\t\t\t\t\t\t\t\t\t\t\t<figure class=\"wp-caption\">\n\t\t\t\t\t\t\t\t\t\t<img decoding=\"async\" src=\"https:\/\/i1.adis.ws\/i\/canon\/pro-ambassador-laurence-geai-headshot-1x1_41ed084258ab4404a67e1f3eded1c2ce?$box-out-media$\" title=\"\" alt=\"\" loading=\"lazy\" \/>\t\t\t\t\t\t\t\t\t\t\t<figcaption class=\"widget-image-caption wp-caption-text\">\u00a9 Laurence Geai<\/figcaption>\n\t\t\t\t\t\t\t\t\t\t<\/figure>\n\t\t\t\t\t\t\t\t\t<\/div>\n\t\t\t\t<\/div>\n\t\t\t\t\t<\/div>\n\t\t<\/div>\n\t\t\t\t<div class=\"make-column-clickable-elementor elementor-column elementor-col-25 elementor-inner-column elementor-element elementor-element-7273f97\" style=\"cursor: pointer;\" data-column-clickable=\"https:\/\/www.instagram.com\/aris.messinis\/?hl=fr\" data-column-clickable-blank=\"_self\" data-id=\"7273f97\" data-element_type=\"column\" data-e-type=\"column\">\n\t\t\t<div class=\"elementor-widget-wrap elementor-element-populated\">\n\t\t\t\t\t\t<div class=\"elementor-element elementor-element-6292332 elementor-widget elementor-widget-heading\" data-id=\"6292332\" data-element_type=\"widget\" data-e-type=\"widget\" data-widget_type=\"heading.default\">\n\t\t\t\t<div class=\"elementor-widget-container\">\n\t\t\t\t\t<p class=\"elementor-heading-title elementor-size-medium\">\u00c1ris Mess\u00ednis<\/p>\t\t\t\t<\/div>\n\t\t\t\t<\/div>\n\t\t\t\t<div class=\"elementor-element elementor-element-e483fad elementor-widget elementor-widget-text-editor\" data-id=\"e483fad\" data-element_type=\"widget\" data-e-type=\"widget\" data-widget_type=\"text-editor.default\">\n\t\t\t\t<div class=\"elementor-widget-container\">\n\t\t\t\t\t\t\t\t\t<p>Head of AFP Greece, war photographer.<\/p>\n<p>I discovered Aris while preparing my first trip to Armenia, with a poignant photo of Armenian civilians fighting in Karabagh.<\/p>\t\t\t\t\t\t\t\t<\/div>\n\t\t\t\t<\/div>\n\t\t\t\t<div class=\"elementor-element elementor-element-3b74245 elementor-widget elementor-widget-image\" data-id=\"3b74245\" data-element_type=\"widget\" data-e-type=\"widget\" data-widget_type=\"image.default\">\n\t\t\t\t<div class=\"elementor-widget-container\">\n\t\t\t\t\t\t\t\t\t\t\t\t<figure class=\"wp-caption\">\n\t\t\t\t\t\t\t\t\t\t<img loading=\"lazy\" decoding=\"async\" width=\"400\" height=\"400\" src=\"https:\/\/comedepreville.fr\/wp-content\/uploads\/2022\/09\/dl-AzStr_400x400.jpg\" class=\"attachment-large size-large wp-image-2932\" alt=\"\u00c1ris Mess\u00ednis\" srcset=\"https:\/\/comedepreville.fr\/wp-content\/uploads\/2022\/09\/dl-AzStr_400x400.jpg 400w, https:\/\/comedepreville.fr\/wp-content\/uploads\/2022\/09\/dl-AzStr_400x400-300x300.jpg 300w, https:\/\/comedepreville.fr\/wp-content\/uploads\/2022\/09\/dl-AzStr_400x400-150x150.jpg 150w, https:\/\/comedepreville.fr\/wp-content\/uploads\/2022\/09\/dl-AzStr_400x400-12x12.jpg 12w\" sizes=\"(max-width: 400px) 100vw, 400px\" \/>\t\t\t\t\t\t\t\t\t\t\t<figcaption class=\"widget-image-caption wp-caption-text\">\u00a9 \u00c1ris Mess\u00ednis<\/figcaption>\n\t\t\t\t\t\t\t\t\t\t<\/figure>\n\t\t\t\t\t\t\t\t\t<\/div>\n\t\t\t\t<\/div>\n\t\t\t\t\t<\/div>\n\t\t<\/div>\n\t\t\t\t\t<\/div>\n\t\t<\/section>\n\t\t\t\t\t<\/div>\n\t\t<\/div>\n\t\t\t\t\t<\/div>\n\t\t<\/section>\n\t\t\t\t<\/div>","protected":false},"excerpt":{"rendered":"<p>\u00c0 propos \u00a9 Ronan du Cleuziou Instagram Linkedin Facebook Behance Bienvenue sur mon site ! Je m&rsquo;appelle C\u00f4me de Pr\u00e9ville,\u00a0je suis un photographe fran\u00e7ais sp\u00e9cialis\u00e9 dans le reportage. Mon but est de documenter le r\u00e9el, avec un focus sur le quotidien humain, dans la pr\u00e9carit\u00e9 comme dans l&rsquo;exceptionnel : mon portfolio m\u00e9lange donc des clich\u00e9s [&hellip;]<\/p>\n","protected":false},"author":1,"featured_media":0,"parent":0,"menu_order":0,"comment_status":"closed","ping_status":"closed","template":"","meta":{"footnotes":""},"class_list":["post-131","page","type-page","status-publish","hentry"],"yoast_head":"<!-- This site is optimized with the Yoast SEO plugin v27.5 - https:\/\/yoast.com\/product\/yoast-seo-wordpress\/ -->\n<title>\u00c0 propos &#8211; C\u00f4me de Pr\u00e9ville<\/title>\n<meta name=\"description\" content=\"C\u00f4me de Pr\u00e9ville est un photoreporter fran\u00e7ais. Il a pour sujets de pr\u00e9f\u00e9rence l&#039;Orient, l&#039;humanitaire, les zones sensibles, et la voile.\" \/>\n<meta name=\"robots\" content=\"index, follow, max-snippet:-1, max-image-preview:large, max-video-preview:-1\" \/>\n<link rel=\"canonical\" href=\"https:\/\/comedepreville.fr\/en\/a-propos\/\" \/>\n<meta property=\"og:locale\" content=\"en_GB\" \/>\n<meta property=\"og:type\" content=\"article\" \/>\n<meta property=\"og:title\" content=\"\u00c0 propos &#8211; C\u00f4me de Pr\u00e9ville\" \/>\n<meta property=\"og:description\" content=\"C\u00f4me de Pr\u00e9ville est un photoreporter fran\u00e7ais. Il a pour sujets de pr\u00e9f\u00e9rence l&#039;Orient, l&#039;humanitaire, les zones sensibles, et la voile.\" \/>\n<meta property=\"og:url\" content=\"https:\/\/comedepreville.fr\/en\/a-propos\/\" \/>\n<meta property=\"og:site_name\" content=\"C\u00f4me de Pr\u00e9ville\" \/>\n<meta property=\"article:publisher\" content=\"fb.me\/comedepreville\" \/>\n<meta property=\"article:modified_time\" content=\"2025-02-12T15:07:24+00:00\" \/>\n<meta property=\"og:image\" content=\"https:\/\/comedepreville.fr\/wp-content\/uploads\/2025\/01\/Ronan-du-Cleuziou-2715-768x431.jpg\" \/>\n<meta name=\"twitter:card\" content=\"summary_large_image\" \/>\n<meta name=\"twitter:site\" content=\"@sailing_coco\" \/>\n<meta name=\"twitter:label1\" content=\"Estimated reading time\" \/>\n\t<meta name=\"twitter:data1\" content=\"4 minutes\" \/>\n<script type=\"application\/ld+json\" class=\"yoast-schema-graph\">{\"@context\":\"https:\\\/\\\/schema.org\",\"@graph\":[{\"@type\":\"WebPage\",\"@id\":\"https:\\\/\\\/comedepreville.fr\\\/a-propos\\\/\",\"url\":\"https:\\\/\\\/comedepreville.fr\\\/a-propos\\\/\",\"name\":\"\u00c0 propos &#8211; C\u00f4me de Pr\u00e9ville\",\"isPartOf\":{\"@id\":\"https:\\\/\\\/comedepreville.fr\\\/#website\"},\"primaryImageOfPage\":{\"@id\":\"https:\\\/\\\/comedepreville.fr\\\/a-propos\\\/#primaryimage\"},\"image\":{\"@id\":\"https:\\\/\\\/comedepreville.fr\\\/a-propos\\\/#primaryimage\"},\"thumbnailUrl\":\"https:\\\/\\\/comedepreville.fr\\\/wp-content\\\/uploads\\\/2025\\\/01\\\/Ronan-du-Cleuziou-2715-768x431.jpg\",\"datePublished\":\"2021-11-09T20:34:09+00:00\",\"dateModified\":\"2025-02-12T15:07:24+00:00\",\"description\":\"C\u00f4me de Pr\u00e9ville est un photoreporter fran\u00e7ais. Il a pour sujets de pr\u00e9f\u00e9rence l'Orient, l'humanitaire, les zones sensibles, et la voile.\",\"breadcrumb\":{\"@id\":\"https:\\\/\\\/comedepreville.fr\\\/a-propos\\\/#breadcrumb\"},\"inLanguage\":\"en-GB\",\"potentialAction\":[{\"@type\":\"ReadAction\",\"target\":[\"https:\\\/\\\/comedepreville.fr\\\/a-propos\\\/\"]}]},{\"@type\":\"ImageObject\",\"inLanguage\":\"en-GB\",\"@id\":\"https:\\\/\\\/comedepreville.fr\\\/a-propos\\\/#primaryimage\",\"url\":\"https:\\\/\\\/comedepreville.fr\\\/wp-content\\\/uploads\\\/2025\\\/01\\\/Ronan-du-Cleuziou-2715-768x431.jpg\",\"contentUrl\":\"https:\\\/\\\/comedepreville.fr\\\/wp-content\\\/uploads\\\/2025\\\/01\\\/Ronan-du-Cleuziou-2715-768x431.jpg\"},{\"@type\":\"BreadcrumbList\",\"@id\":\"https:\\\/\\\/comedepreville.fr\\\/a-propos\\\/#breadcrumb\",\"itemListElement\":[{\"@type\":\"ListItem\",\"position\":1,\"name\":\"Accueil\",\"item\":\"https:\\\/\\\/comedepreville.fr\\\/\"},{\"@type\":\"ListItem\",\"position\":2,\"name\":\"\u00c0 propos\"}]},{\"@type\":\"WebSite\",\"@id\":\"https:\\\/\\\/comedepreville.fr\\\/#website\",\"url\":\"https:\\\/\\\/comedepreville.fr\\\/\",\"name\":\"C\u00f4me de Pr\u00e9ville\",\"description\":\"Photoreporter\",\"publisher\":{\"@id\":\"https:\\\/\\\/comedepreville.fr\\\/#\\\/schema\\\/person\\\/7e4b1911f4e6fdf5ed92275b0ef5b9e7\"},\"potentialAction\":[{\"@type\":\"SearchAction\",\"target\":{\"@type\":\"EntryPoint\",\"urlTemplate\":\"https:\\\/\\\/comedepreville.fr\\\/?s={search_term_string}\"},\"query-input\":{\"@type\":\"PropertyValueSpecification\",\"valueRequired\":true,\"valueName\":\"search_term_string\"}}],\"inLanguage\":\"en-GB\"},{\"@type\":[\"Person\",\"Organization\"],\"@id\":\"https:\\\/\\\/comedepreville.fr\\\/#\\\/schema\\\/person\\\/7e4b1911f4e6fdf5ed92275b0ef5b9e7\",\"name\":\"C\u00f4me de Pr\u00e9ville\",\"image\":{\"@type\":\"ImageObject\",\"inLanguage\":\"en-GB\",\"@id\":\"https:\\\/\\\/comedepreville.fr\\\/wp-content\\\/uploads\\\/2021\\\/11\\\/Fichier-3.png\",\"url\":\"https:\\\/\\\/comedepreville.fr\\\/wp-content\\\/uploads\\\/2021\\\/11\\\/Fichier-3.png\",\"contentUrl\":\"https:\\\/\\\/comedepreville.fr\\\/wp-content\\\/uploads\\\/2021\\\/11\\\/Fichier-3.png\",\"width\":800,\"height\":166,\"caption\":\"C\u00f4me de Pr\u00e9ville\"},\"logo\":{\"@id\":\"https:\\\/\\\/comedepreville.fr\\\/wp-content\\\/uploads\\\/2021\\\/11\\\/Fichier-3.png\"},\"sameAs\":[\"http:\\\/\\\/comedepreville.fr\",\"fb.me\\\/comedepreville\",\"https:\\\/\\\/www.instagram.com\\\/comedepreville\\\/\",\"https:\\\/\\\/fr.linkedin.com\\\/in\\\/comedepreville\"]}]}<\/script>\n<!-- \/ Yoast SEO plugin. -->","yoast_head_json":{"title":"\u00c0 propos &#8211; C\u00f4me de Pr\u00e9ville","description":"C\u00f4me de Pr\u00e9ville est un photoreporter fran\u00e7ais. Il a pour sujets de pr\u00e9f\u00e9rence l'Orient, l'humanitaire, les zones sensibles, et la voile.","robots":{"index":"index","follow":"follow","max-snippet":"max-snippet:-1","max-image-preview":"max-image-preview:large","max-video-preview":"max-video-preview:-1"},"canonical":"https:\/\/comedepreville.fr\/en\/a-propos\/","og_locale":"en_GB","og_type":"article","og_title":"\u00c0 propos &#8211; C\u00f4me de Pr\u00e9ville","og_description":"C\u00f4me de Pr\u00e9ville est un photoreporter fran\u00e7ais. Il a pour sujets de pr\u00e9f\u00e9rence l'Orient, l'humanitaire, les zones sensibles, et la voile.","og_url":"https:\/\/comedepreville.fr\/en\/a-propos\/","og_site_name":"C\u00f4me de Pr\u00e9ville","article_publisher":"fb.me\/comedepreville","article_modified_time":"2025-02-12T15:07:24+00:00","og_image":[{"url":"https:\/\/comedepreville.fr\/wp-content\/uploads\/2025\/01\/Ronan-du-Cleuziou-2715-768x431.jpg","type":"","width":"","height":""}],"twitter_card":"summary_large_image","twitter_site":"@sailing_coco","twitter_misc":{"Estimated reading time":"4 minutes"},"schema":{"@context":"https:\/\/schema.org","@graph":[{"@type":"WebPage","@id":"https:\/\/comedepreville.fr\/a-propos\/","url":"https:\/\/comedepreville.fr\/a-propos\/","name":"\u00c0 propos &#8211; C\u00f4me de Pr\u00e9ville","isPartOf":{"@id":"https:\/\/comedepreville.fr\/#website"},"primaryImageOfPage":{"@id":"https:\/\/comedepreville.fr\/a-propos\/#primaryimage"},"image":{"@id":"https:\/\/comedepreville.fr\/a-propos\/#primaryimage"},"thumbnailUrl":"https:\/\/comedepreville.fr\/wp-content\/uploads\/2025\/01\/Ronan-du-Cleuziou-2715-768x431.jpg","datePublished":"2021-11-09T20:34:09+00:00","dateModified":"2025-02-12T15:07:24+00:00","description":"C\u00f4me de Pr\u00e9ville est un photoreporter fran\u00e7ais. Il a pour sujets de pr\u00e9f\u00e9rence l'Orient, l'humanitaire, les zones sensibles, et la voile.","breadcrumb":{"@id":"https:\/\/comedepreville.fr\/a-propos\/#breadcrumb"},"inLanguage":"en-GB","potentialAction":[{"@type":"ReadAction","target":["https:\/\/comedepreville.fr\/a-propos\/"]}]},{"@type":"ImageObject","inLanguage":"en-GB","@id":"https:\/\/comedepreville.fr\/a-propos\/#primaryimage","url":"https:\/\/comedepreville.fr\/wp-content\/uploads\/2025\/01\/Ronan-du-Cleuziou-2715-768x431.jpg","contentUrl":"https:\/\/comedepreville.fr\/wp-content\/uploads\/2025\/01\/Ronan-du-Cleuziou-2715-768x431.jpg"},{"@type":"BreadcrumbList","@id":"https:\/\/comedepreville.fr\/a-propos\/#breadcrumb","itemListElement":[{"@type":"ListItem","position":1,"name":"Accueil","item":"https:\/\/comedepreville.fr\/"},{"@type":"ListItem","position":2,"name":"\u00c0 propos"}]},{"@type":"WebSite","@id":"https:\/\/comedepreville.fr\/#website","url":"https:\/\/comedepreville.fr\/","name":"C\u00f4me de Pr\u00e9ville","description":"Photoreporter","publisher":{"@id":"https:\/\/comedepreville.fr\/#\/schema\/person\/7e4b1911f4e6fdf5ed92275b0ef5b9e7"},"potentialAction":[{"@type":"SearchAction","target":{"@type":"EntryPoint","urlTemplate":"https:\/\/comedepreville.fr\/?s={search_term_string}"},"query-input":{"@type":"PropertyValueSpecification","valueRequired":true,"valueName":"search_term_string"}}],"inLanguage":"en-GB"},{"@type":["Person","Organization"],"@id":"https:\/\/comedepreville.fr\/#\/schema\/person\/7e4b1911f4e6fdf5ed92275b0ef5b9e7","name":"C\u00f4me de Pr\u00e9ville","image":{"@type":"ImageObject","inLanguage":"en-GB","@id":"https:\/\/comedepreville.fr\/wp-content\/uploads\/2021\/11\/Fichier-3.png","url":"https:\/\/comedepreville.fr\/wp-content\/uploads\/2021\/11\/Fichier-3.png","contentUrl":"https:\/\/comedepreville.fr\/wp-content\/uploads\/2021\/11\/Fichier-3.png","width":800,"height":166,"caption":"C\u00f4me de Pr\u00e9ville"},"logo":{"@id":"https:\/\/comedepreville.fr\/wp-content\/uploads\/2021\/11\/Fichier-3.png"},"sameAs":["http:\/\/comedepreville.fr","fb.me\/comedepreville","https:\/\/www.instagram.com\/comedepreville\/","https:\/\/fr.linkedin.com\/in\/comedepreville"]}]}},"_links":{"self":[{"href":"https:\/\/comedepreville.fr\/en\/wp-json\/wp\/v2\/pages\/131","targetHints":{"allow":["GET"]}}],"collection":[{"href":"https:\/\/comedepreville.fr\/en\/wp-json\/wp\/v2\/pages"}],"about":[{"href":"https:\/\/comedepreville.fr\/en\/wp-json\/wp\/v2\/types\/page"}],"author":[{"embeddable":true,"href":"https:\/\/comedepreville.fr\/en\/wp-json\/wp\/v2\/users\/1"}],"replies":[{"embeddable":true,"href":"https:\/\/comedepreville.fr\/en\/wp-json\/wp\/v2\/comments?post=131"}],"version-history":[{"count":249,"href":"https:\/\/comedepreville.fr\/en\/wp-json\/wp\/v2\/pages\/131\/revisions"}],"predecessor-version":[{"id":4533,"href":"https:\/\/comedepreville.fr\/en\/wp-json\/wp\/v2\/pages\/131\/revisions\/4533"}],"wp:attachment":[{"href":"https:\/\/comedepreville.fr\/en\/wp-json\/wp\/v2\/media?parent=131"}],"curies":[{"name":"wp","href":"https:\/\/api.w.org\/{rel}","templated":true}]}}