{"id":1328,"date":"2022-03-03T18:14:23","date_gmt":"2022-03-03T17:14:23","guid":{"rendered":"http:\/\/comedepreville.fr\/?page_id=1328"},"modified":"2025-02-24T15:01:20","modified_gmt":"2025-02-24T14:01:20","slug":"portfolio","status":"publish","type":"page","link":"https:\/\/comedepreville.fr\/en\/portfolio\/","title":{"rendered":"Portfolio"},"content":{"rendered":"<div data-elementor-type=\"wp-page\" data-elementor-id=\"1328\" class=\"elementor elementor-1328\" data-elementor-post-type=\"page\">\n\t\t\t\t\t\t<section class=\"elementor-section elementor-top-section elementor-element elementor-element-27353ec4 elementor-section-height-min-height elementor-section-full_width elementor-section-stretched elementor-section-height-default elementor-section-items-middle\" data-id=\"27353ec4\" data-element_type=\"section\" data-e-type=\"section\" data-settings=\"{&quot;background_background&quot;:&quot;classic&quot;,&quot;stretch_section&quot;:&quot;section-stretched&quot;}\">\n\t\t\t\t\t\t\t<div class=\"elementor-background-overlay\"><\/div>\n\t\t\t\t\t\t\t<div class=\"elementor-container elementor-column-gap-default\">\n\t\t\t\t\t<div class=\"elementor-column elementor-col-100 elementor-top-column elementor-element elementor-element-1a7f6204\" data-id=\"1a7f6204\" data-element_type=\"column\" data-e-type=\"column\">\n\t\t\t<div class=\"elementor-widget-wrap elementor-element-populated\">\n\t\t\t\t\t\t<div class=\"elementor-element elementor-element-26e96fb elementor-widget elementor-widget-heading\" data-id=\"26e96fb\" data-element_type=\"widget\" data-e-type=\"widget\" data-widget_type=\"heading.default\">\n\t\t\t\t<div class=\"elementor-widget-container\">\n\t\t\t\t\t<h1 class=\"elementor-heading-title elementor-size-default\">Portfolio<\/h1>\t\t\t\t<\/div>\n\t\t\t\t<\/div>\n\t\t\t\t<div class=\"elementor-element elementor-element-5f875209 elementor-widget-divider--view-line elementor-widget elementor-widget-divider\" data-id=\"5f875209\" data-element_type=\"widget\" data-e-type=\"widget\" data-widget_type=\"divider.default\">\n\t\t\t\t<div class=\"elementor-widget-container\">\n\t\t\t\t\t\t\t<div class=\"elementor-divider\">\n\t\t\t<span class=\"elementor-divider-separator\">\n\t\t\t\t\t\t<\/span>\n\t\t<\/div>\n\t\t\t\t\t\t<\/div>\n\t\t\t\t<\/div>\n\t\t\t\t\t<\/div>\n\t\t<\/div>\n\t\t\t\t\t<\/div>\n\t\t<\/section>\n\t\t\t\t<section class=\"elementor-section elementor-top-section elementor-element elementor-element-635571d elementor-section-boxed elementor-section-height-default elementor-section-height-default\" data-id=\"635571d\" data-element_type=\"section\" data-e-type=\"section\">\n\t\t\t\t\t\t<div class=\"elementor-container elementor-column-gap-default\">\n\t\t\t\t\t<div class=\"elementor-column elementor-col-100 elementor-top-column elementor-element elementor-element-106225d\" data-id=\"106225d\" data-element_type=\"column\" data-e-type=\"column\">\n\t\t\t<div class=\"elementor-widget-wrap elementor-element-populated\">\n\t\t\t\t\t\t<div class=\"elementor-element elementor-element-875acb2 elementor-widget elementor-widget-text-editor\" data-id=\"875acb2\" data-element_type=\"widget\" data-e-type=\"widget\" data-widget_type=\"text-editor.default\">\n\t\t\t\t<div class=\"elementor-widget-container\">\n\t\t\t\t\t\t\t\t\t<p>D\u00e9couvrez dans ce portfolio un m\u00e9lange de moments bruts et authentiques saisis au fil de mes reportages : de la rudesse de l\u2019hiver arm\u00e9nien aux exploits des skippers du Vend\u00e9e Globe, en passant par des instants de douceur du quotidien. Cliquez sur n&rsquo;importe quelle photo pour l&rsquo;afficher en pleine r\u00e9solution.<\/p>\t\t\t\t\t\t\t\t<\/div>\n\t\t\t\t<\/div>\n\t\t\t\t<div class=\"elementor-element elementor-element-4b67367 elementor-widget elementor-widget-gallery\" data-id=\"4b67367\" data-element_type=\"widget\" data-e-type=\"widget\" data-settings=\"{&quot;gallery_layout&quot;:&quot;justified&quot;,&quot;gap&quot;:{&quot;unit&quot;:&quot;px&quot;,&quot;size&quot;:25,&quot;sizes&quot;:[]},&quot;ideal_row_height&quot;:{&quot;unit&quot;:&quot;px&quot;,&quot;size&quot;:450,&quot;sizes&quot;:[]},&quot;ideal_row_height_tablet&quot;:{&quot;unit&quot;:&quot;px&quot;,&quot;size&quot;:320,&quot;sizes&quot;:[]},&quot;ideal_row_height_mobile&quot;:{&quot;unit&quot;:&quot;px&quot;,&quot;size&quot;:361,&quot;sizes&quot;:[]},&quot;overlay_description&quot;:&quot;caption&quot;,&quot;lazyload&quot;:&quot;yes&quot;,&quot;gap_tablet&quot;:{&quot;unit&quot;:&quot;px&quot;,&quot;size&quot;:10,&quot;sizes&quot;:[]},&quot;gap_mobile&quot;:{&quot;unit&quot;:&quot;px&quot;,&quot;size&quot;:10,&quot;sizes&quot;:[]},&quot;link_to&quot;:&quot;file&quot;,&quot;overlay_background&quot;:&quot;yes&quot;,&quot;content_hover_animation&quot;:&quot;fade-in&quot;}\" data-widget_type=\"gallery.default\">\n\t\t\t\t<div class=\"elementor-widget-container\">\n\t\t\t\t\t\t\t<div class=\"elementor-gallery__container\">\n\t\t\t\t\t\t\t<a class=\"e-gallery-item elementor-gallery-item elementor-animated-content\" href=\"https:\/\/comedepreville.fr\/wp-content\/uploads\/2022\/03\/CIR_0789_edsiz.jpg\" data-elementor-open-lightbox=\"yes\" data-elementor-lightbox-slideshow=\"4b67367\" data-elementor-lightbox-description=\"Paris\" data-e-action-hash=\"#elementor-action%3Aaction%3Dlightbox%26settings%3DeyJpZCI6MTc0OSwidXJsIjoiaHR0cHM6XC9cL2NvbWVkZXByZXZpbGxlLmZyXC93cC1jb250ZW50XC91cGxvYWRzXC8yMDIyXC8wM1wvQ0lSXzA3ODlfZWRzaXouanBnIiwic2xpZGVzaG93IjoiNGI2NzM2NyJ9\">\n\t\t\t\t\t<div class=\"e-gallery-image elementor-gallery-item__image\" data-thumbnail=\"https:\/\/comedepreville.fr\/wp-content\/uploads\/2022\/03\/CIR_0789_edsiz-788x1024.jpg\" data-width=\"788\" data-height=\"1024\" aria-label=\"\" role=\"img\" ><\/div>\n\t\t\t\t\t\t\t\t\t\t\t<div class=\"elementor-gallery-item__overlay\"><\/div>\n\t\t\t\t\t\t\t\t\t\t\t\t\t\t\t<div class=\"elementor-gallery-item__content\">\n\t\t\t\t\t\t\t\t\t\t\t\t\t\t<div class=\"elementor-gallery-item__description\">\n\t\t\t\t\t\t\t\t\t\t\t\t\t\t\t\t\t\tParis\t\t\t\t\t\t\t\t<\/div>\n\t\t\t\t\t\t\t\t\t\t\t\t<\/div>\n\t\t\t\t\t\t\t\t\t<\/a>\n\t\t\t\t\t\t\t<a class=\"e-gallery-item elementor-gallery-item elementor-animated-content\" href=\"https:\/\/comedepreville.fr\/wp-content\/uploads\/2022\/03\/DSC_0043-edited.jpg\" data-elementor-open-lightbox=\"yes\" data-elementor-lightbox-slideshow=\"4b67367\" data-elementor-lightbox-description=\"Quiberon\" data-e-action-hash=\"#elementor-action%3Aaction%3Dlightbox%26settings%3DeyJpZCI6MTczNSwidXJsIjoiaHR0cHM6XC9cL2NvbWVkZXByZXZpbGxlLmZyXC93cC1jb250ZW50XC91cGxvYWRzXC8yMDIyXC8wM1wvRFNDXzAwNDMtZWRpdGVkLmpwZyIsInNsaWRlc2hvdyI6IjRiNjczNjcifQ%3D%3D\">\n\t\t\t\t\t<div class=\"e-gallery-image elementor-gallery-item__image\" data-thumbnail=\"https:\/\/comedepreville.fr\/wp-content\/uploads\/2022\/03\/DSC_0043-edited-879x1024.jpg\" data-width=\"800\" data-height=\"932\" aria-label=\"\" role=\"img\" ><\/div>\n\t\t\t\t\t\t\t\t\t\t\t<div class=\"elementor-gallery-item__overlay\"><\/div>\n\t\t\t\t\t\t\t\t\t\t\t\t\t\t\t<div class=\"elementor-gallery-item__content\">\n\t\t\t\t\t\t\t\t\t\t\t\t\t\t<div class=\"elementor-gallery-item__description\">\n\t\t\t\t\t\t\t\t\t\t\t\t\t\t\t\t\t\tQuiberon\t\t\t\t\t\t\t\t<\/div>\n\t\t\t\t\t\t\t\t\t\t\t\t<\/div>\n\t\t\t\t\t\t\t\t\t<\/a>\n\t\t\t\t\t\t\t<a class=\"e-gallery-item elementor-gallery-item elementor-animated-content\" href=\"https:\/\/comedepreville.fr\/wp-content\/uploads\/2021\/11\/Armenie-Come-2021-48.jpg\" data-elementor-open-lightbox=\"yes\" data-elementor-lightbox-slideshow=\"4b67367\" data-elementor-lightbox-description=\"Une bande d\u2019anciens discutent gaiement sur le bord de la route \u00e0 Gyumri.\" data-e-action-hash=\"#elementor-action%3Aaction%3Dlightbox%26settings%3DeyJpZCI6NTMxLCJ1cmwiOiJodHRwczpcL1wvY29tZWRlcHJldmlsbGUuZnJcL3dwLWNvbnRlbnRcL3VwbG9hZHNcLzIwMjFcLzExXC9Bcm1lbmllLUNvbWUtMjAyMS00OC5qcGciLCJzbGlkZXNob3ciOiI0YjY3MzY3In0%3D\">\n\t\t\t\t\t<div class=\"e-gallery-image elementor-gallery-item__image\" data-thumbnail=\"https:\/\/comedepreville.fr\/wp-content\/uploads\/2021\/11\/Armenie-Come-2021-48-1024x678.jpg\" data-width=\"800\" data-height=\"530\" aria-label=\"gyumri arm\u00e9nie shirak\" role=\"img\" ><\/div>\n\t\t\t\t\t\t\t\t\t\t\t<div class=\"elementor-gallery-item__overlay\"><\/div>\n\t\t\t\t\t\t\t\t\t\t\t\t\t\t\t<div class=\"elementor-gallery-item__content\">\n\t\t\t\t\t\t\t\t\t\t\t\t\t\t<div class=\"elementor-gallery-item__description\">\n\t\t\t\t\t\t\t\t\t\t\t\t\t\t\t\t\t\tUne bande d\u2019anciens discutent gaiement sur le bord de la route \u00e0 Gyumri.\t\t\t\t\t\t\t\t<\/div>\n\t\t\t\t\t\t\t\t\t\t\t\t<\/div>\n\t\t\t\t\t\t\t\t\t<\/a>\n\t\t\t\t\t\t\t<a class=\"e-gallery-item elementor-gallery-item elementor-animated-content\" href=\"https:\/\/comedepreville.fr\/wp-content\/uploads\/2021\/11\/Tsaghkadzor-Camp-Come-67.jpg\" data-elementor-open-lightbox=\"yes\" data-elementor-lightbox-slideshow=\"4b67367\" data-elementor-lightbox-description=\"Le pr\u00eatre ne l\u00e2che presque jamais la croix arm\u00e9nienne qu&#039;il porte \u00e0 la main gauche.\" data-e-action-hash=\"#elementor-action%3Aaction%3Dlightbox%26settings%3DeyJpZCI6ODI3LCJ1cmwiOiJodHRwczpcL1wvY29tZWRlcHJldmlsbGUuZnJcL3dwLWNvbnRlbnRcL3VwbG9hZHNcLzIwMjFcLzExXC9Uc2FnaGthZHpvci1DYW1wLUNvbWUtNjcuanBnIiwic2xpZGVzaG93IjoiNGI2NzM2NyJ9\">\n\t\t\t\t\t<div class=\"e-gallery-image elementor-gallery-item__image\" data-thumbnail=\"https:\/\/comedepreville.fr\/wp-content\/uploads\/2021\/11\/Tsaghkadzor-Camp-Come-67-678x1024.jpg\" data-width=\"678\" data-height=\"1024\" aria-label=\"\" role=\"img\" ><\/div>\n\t\t\t\t\t\t\t\t\t\t\t<div class=\"elementor-gallery-item__overlay\"><\/div>\n\t\t\t\t\t\t\t\t\t\t\t\t\t\t\t<div class=\"elementor-gallery-item__content\">\n\t\t\t\t\t\t\t\t\t\t\t\t\t\t<div class=\"elementor-gallery-item__description\">\n\t\t\t\t\t\t\t\t\t\t\t\t\t\t\t\t\t\tLe pr\u00eatre ne l\u00e2che presque jamais la croix arm\u00e9nienne qu'il porte \u00e0 la main gauche.\t\t\t\t\t\t\t\t<\/div>\n\t\t\t\t\t\t\t\t\t\t\t\t<\/div>\n\t\t\t\t\t\t\t\t\t<\/a>\n\t\t\t\t\t\t\t<a class=\"e-gallery-item elementor-gallery-item elementor-animated-content\" href=\"https:\/\/comedepreville.fr\/wp-content\/uploads\/2022\/03\/CIR_2727_edsiz.jpg\" data-elementor-open-lightbox=\"yes\" data-elementor-lightbox-slideshow=\"4b67367\" data-elementor-lightbox-description=\"Lorient\" data-e-action-hash=\"#elementor-action%3Aaction%3Dlightbox%26settings%3DeyJpZCI6MTcxOSwidXJsIjoiaHR0cHM6XC9cL2NvbWVkZXByZXZpbGxlLmZyXC93cC1jb250ZW50XC91cGxvYWRzXC8yMDIyXC8wM1wvQ0lSXzI3MjdfZWRzaXouanBnIiwic2xpZGVzaG93IjoiNGI2NzM2NyJ9\">\n\t\t\t\t\t<div class=\"e-gallery-image elementor-gallery-item__image\" data-thumbnail=\"https:\/\/comedepreville.fr\/wp-content\/uploads\/2022\/03\/CIR_2727_edsiz-678x1024.jpg\" data-width=\"678\" data-height=\"1024\" aria-label=\"\" role=\"img\" ><\/div>\n\t\t\t\t\t\t\t\t\t\t\t<div class=\"elementor-gallery-item__overlay\"><\/div>\n\t\t\t\t\t\t\t\t\t\t\t\t\t\t\t<div class=\"elementor-gallery-item__content\">\n\t\t\t\t\t\t\t\t\t\t\t\t\t\t<div class=\"elementor-gallery-item__description\">\n\t\t\t\t\t\t\t\t\t\t\t\t\t\t\t\t\t\tLorient\t\t\t\t\t\t\t\t<\/div>\n\t\t\t\t\t\t\t\t\t\t\t\t<\/div>\n\t\t\t\t\t\t\t\t\t<\/a>\n\t\t\t\t\t\t\t<a class=\"e-gallery-item elementor-gallery-item elementor-animated-content\" href=\"https:\/\/comedepreville.fr\/wp-content\/uploads\/2021\/11\/Tsaghkadzor-Camp-Come-23-1.jpg\" data-elementor-open-lightbox=\"yes\" data-elementor-lightbox-slideshow=\"4b67367\" data-elementor-lightbox-description=\"Orphelins arm\u00e9niens\" data-e-action-hash=\"#elementor-action%3Aaction%3Dlightbox%26settings%3DeyJpZCI6NzgzLCJ1cmwiOiJodHRwczpcL1wvY29tZWRlcHJldmlsbGUuZnJcL3dwLWNvbnRlbnRcL3VwbG9hZHNcLzIwMjFcLzExXC9Uc2FnaGthZHpvci1DYW1wLUNvbWUtMjMtMS5qcGciLCJzbGlkZXNob3ciOiI0YjY3MzY3In0%3D\">\n\t\t\t\t\t<div class=\"e-gallery-image elementor-gallery-item__image\" data-thumbnail=\"https:\/\/comedepreville.fr\/wp-content\/uploads\/2021\/11\/Tsaghkadzor-Camp-Come-23-1-1024x678.jpg\" data-width=\"800\" data-height=\"530\" aria-label=\"\" role=\"img\" ><\/div>\n\t\t\t\t\t\t\t\t\t\t\t<div class=\"elementor-gallery-item__overlay\"><\/div>\n\t\t\t\t\t\t\t\t\t\t\t\t\t\t\t<div class=\"elementor-gallery-item__content\">\n\t\t\t\t\t\t\t\t\t\t\t\t\t\t<div class=\"elementor-gallery-item__description\">\n\t\t\t\t\t\t\t\t\t\t\t\t\t\t\t\t\t\tOrphelins arm\u00e9niens\t\t\t\t\t\t\t\t<\/div>\n\t\t\t\t\t\t\t\t\t\t\t\t<\/div>\n\t\t\t\t\t\t\t\t\t<\/a>\n\t\t\t\t\t\t\t<a class=\"e-gallery-item elementor-gallery-item elementor-animated-content\" href=\"https:\/\/comedepreville.fr\/wp-content\/uploads\/2025\/02\/CDP_9917_web.jpg\" data-elementor-open-lightbox=\"yes\" data-elementor-lightbox-slideshow=\"4b67367\" data-elementor-lightbox-description=\"Alan Roura \u00e0 l&#039;arriv\u00e9e du Vend\u00e9e Globe\" data-e-action-hash=\"#elementor-action%3Aaction%3Dlightbox%26settings%3DeyJpZCI6Mzg0NSwidXJsIjoiaHR0cHM6XC9cL2NvbWVkZXByZXZpbGxlLmZyXC93cC1jb250ZW50XC91cGxvYWRzXC8yMDI1XC8wMlwvQ0RQXzk5MTdfd2ViLmpwZyIsInNsaWRlc2hvdyI6IjRiNjczNjcifQ%3D%3D\">\n\t\t\t\t\t<div class=\"e-gallery-image elementor-gallery-item__image\" data-thumbnail=\"https:\/\/comedepreville.fr\/wp-content\/uploads\/2025\/02\/CDP_9917_web-1024x683.jpg\" data-width=\"800\" data-height=\"534\" aria-label=\"\" role=\"img\" ><\/div>\n\t\t\t\t\t\t\t\t\t\t\t<div class=\"elementor-gallery-item__overlay\"><\/div>\n\t\t\t\t\t\t\t\t\t\t\t\t\t\t\t<div class=\"elementor-gallery-item__content\">\n\t\t\t\t\t\t\t\t\t\t\t\t\t\t<div class=\"elementor-gallery-item__description\">\n\t\t\t\t\t\t\t\t\t\t\t\t\t\t\t\t\t\tAlan Roura \u00e0 l'arriv\u00e9e du Vend\u00e9e Globe\t\t\t\t\t\t\t\t<\/div>\n\t\t\t\t\t\t\t\t\t\t\t\t<\/div>\n\t\t\t\t\t\t\t\t\t<\/a>\n\t\t\t\t\t\t\t<a class=\"e-gallery-item elementor-gallery-item elementor-animated-content\" href=\"https:\/\/comedepreville.fr\/wp-content\/uploads\/2025\/02\/CDP_0622_print-scaled.jpg\" data-elementor-open-lightbox=\"yes\" data-elementor-lightbox-slideshow=\"4b67367\" data-elementor-lightbox-description=\"Tanguy le Turquais \u00e0 l&#039;arriv\u00e9e du Vend\u00e9e Globe\" data-e-action-hash=\"#elementor-action%3Aaction%3Dlightbox%26settings%3DeyJpZCI6Mzk1MywidXJsIjoiaHR0cHM6XC9cL2NvbWVkZXByZXZpbGxlLmZyXC93cC1jb250ZW50XC91cGxvYWRzXC8yMDI1XC8wMlwvQ0RQXzA2MjJfcHJpbnQtc2NhbGVkLmpwZyIsInNsaWRlc2hvdyI6IjRiNjczNjcifQ%3D%3D\">\n\t\t\t\t\t<div class=\"e-gallery-image elementor-gallery-item__image\" data-thumbnail=\"https:\/\/comedepreville.fr\/wp-content\/uploads\/2025\/02\/CDP_0622_print-683x1024.jpg\" data-width=\"683\" data-height=\"1024\" aria-label=\"\" role=\"img\" ><\/div>\n\t\t\t\t\t\t\t\t\t\t\t<div class=\"elementor-gallery-item__overlay\"><\/div>\n\t\t\t\t\t\t\t\t\t\t\t\t\t\t\t<div class=\"elementor-gallery-item__content\">\n\t\t\t\t\t\t\t\t\t\t\t\t\t\t<div class=\"elementor-gallery-item__description\">\n\t\t\t\t\t\t\t\t\t\t\t\t\t\t\t\t\t\tTanguy le Turquais \u00e0 l'arriv\u00e9e du Vend\u00e9e Globe\t\t\t\t\t\t\t\t<\/div>\n\t\t\t\t\t\t\t\t\t\t\t\t<\/div>\n\t\t\t\t\t\t\t\t\t<\/a>\n\t\t\t\t\t\t\t<a class=\"e-gallery-item elementor-gallery-item elementor-animated-content\" href=\"https:\/\/comedepreville.fr\/wp-content\/uploads\/2022\/03\/CIR_3009_edcomp.jpg\" data-elementor-open-lightbox=\"yes\" data-elementor-lightbox-slideshow=\"4b67367\" data-elementor-lightbox-description=\"No\u00ebl en Bretagne\" data-e-action-hash=\"#elementor-action%3Aaction%3Dlightbox%26settings%3DeyJpZCI6MTcyMiwidXJsIjoiaHR0cHM6XC9cL2NvbWVkZXByZXZpbGxlLmZyXC93cC1jb250ZW50XC91cGxvYWRzXC8yMDIyXC8wM1wvQ0lSXzMwMDlfZWRjb21wLmpwZyIsInNsaWRlc2hvdyI6IjRiNjczNjcifQ%3D%3D\">\n\t\t\t\t\t<div class=\"e-gallery-image elementor-gallery-item__image\" data-thumbnail=\"https:\/\/comedepreville.fr\/wp-content\/uploads\/2022\/03\/CIR_3009_edcomp-678x1024.jpg\" data-width=\"678\" data-height=\"1024\" aria-label=\"\" role=\"img\" ><\/div>\n\t\t\t\t\t\t\t\t\t\t\t<div class=\"elementor-gallery-item__overlay\"><\/div>\n\t\t\t\t\t\t\t\t\t\t\t\t\t\t\t<div class=\"elementor-gallery-item__content\">\n\t\t\t\t\t\t\t\t\t\t\t\t\t\t<div class=\"elementor-gallery-item__description\">\n\t\t\t\t\t\t\t\t\t\t\t\t\t\t\t\t\t\tNo\u00ebl en Bretagne\t\t\t\t\t\t\t\t<\/div>\n\t\t\t\t\t\t\t\t\t\t\t\t<\/div>\n\t\t\t\t\t\t\t\t\t<\/a>\n\t\t\t\t\t\t\t<a class=\"e-gallery-item elementor-gallery-item elementor-animated-content\" href=\"https:\/\/comedepreville.fr\/wp-content\/uploads\/2022\/03\/CIR_0370_edsiz.jpg\" data-elementor-open-lightbox=\"yes\" data-elementor-lightbox-slideshow=\"4b67367\" data-elementor-lightbox-description=\"Vannes\" data-e-action-hash=\"#elementor-action%3Aaction%3Dlightbox%26settings%3DeyJpZCI6MTc0NSwidXJsIjoiaHR0cHM6XC9cL2NvbWVkZXByZXZpbGxlLmZyXC93cC1jb250ZW50XC91cGxvYWRzXC8yMDIyXC8wM1wvQ0lSXzAzNzBfZWRzaXouanBnIiwic2xpZGVzaG93IjoiNGI2NzM2NyJ9\">\n\t\t\t\t\t<div class=\"e-gallery-image elementor-gallery-item__image\" data-thumbnail=\"https:\/\/comedepreville.fr\/wp-content\/uploads\/2022\/03\/CIR_0370_edsiz-678x1024.jpg\" data-width=\"678\" data-height=\"1024\" aria-label=\"\" role=\"img\" ><\/div>\n\t\t\t\t\t\t\t\t\t\t\t<div class=\"elementor-gallery-item__overlay\"><\/div>\n\t\t\t\t\t\t\t\t\t\t\t\t\t\t\t<div class=\"elementor-gallery-item__content\">\n\t\t\t\t\t\t\t\t\t\t\t\t\t\t<div class=\"elementor-gallery-item__description\">\n\t\t\t\t\t\t\t\t\t\t\t\t\t\t\t\t\t\tVannes\t\t\t\t\t\t\t\t<\/div>\n\t\t\t\t\t\t\t\t\t\t\t\t<\/div>\n\t\t\t\t\t\t\t\t\t<\/a>\n\t\t\t\t\t\t\t<a class=\"e-gallery-item elementor-gallery-item elementor-animated-content\" href=\"https:\/\/comedepreville.fr\/wp-content\/uploads\/2021\/11\/Tsaghkadzor-Camp-Come-16-1.jpg\" data-elementor-open-lightbox=\"yes\" data-elementor-lightbox-slideshow=\"4b67367\" data-elementor-lightbox-description=\"Orphelins arm\u00e9niens\" data-e-action-hash=\"#elementor-action%3Aaction%3Dlightbox%26settings%3DeyJpZCI6Nzc2LCJ1cmwiOiJodHRwczpcL1wvY29tZWRlcHJldmlsbGUuZnJcL3dwLWNvbnRlbnRcL3VwbG9hZHNcLzIwMjFcLzExXC9Uc2FnaGthZHpvci1DYW1wLUNvbWUtMTYtMS5qcGciLCJzbGlkZXNob3ciOiI0YjY3MzY3In0%3D\">\n\t\t\t\t\t<div class=\"e-gallery-image elementor-gallery-item__image\" data-thumbnail=\"https:\/\/comedepreville.fr\/wp-content\/uploads\/2021\/11\/Tsaghkadzor-Camp-Come-16-1-678x1024.jpg\" data-width=\"678\" data-height=\"1024\" aria-label=\"\" role=\"img\" ><\/div>\n\t\t\t\t\t\t\t\t\t\t\t<div class=\"elementor-gallery-item__overlay\"><\/div>\n\t\t\t\t\t\t\t\t\t\t\t\t\t\t\t<div class=\"elementor-gallery-item__content\">\n\t\t\t\t\t\t\t\t\t\t\t\t\t\t<div class=\"elementor-gallery-item__description\">\n\t\t\t\t\t\t\t\t\t\t\t\t\t\t\t\t\t\tOrphelins arm\u00e9niens\t\t\t\t\t\t\t\t<\/div>\n\t\t\t\t\t\t\t\t\t\t\t\t<\/div>\n\t\t\t\t\t\t\t\t\t<\/a>\n\t\t\t\t\t\t\t<a class=\"e-gallery-item elementor-gallery-item elementor-animated-content\" href=\"https:\/\/comedepreville.fr\/wp-content\/uploads\/2025\/02\/CDP_0347_print-scaled.jpg\" data-elementor-open-lightbox=\"yes\" data-elementor-lightbox-slideshow=\"4b67367\" data-elementor-lightbox-description=\"Benjamin Ferr\u00e9 \u00e0 l&#039;arriv\u00e9e du Vend\u00e9e Globe\" data-e-action-hash=\"#elementor-action%3Aaction%3Dlightbox%26settings%3DeyJpZCI6NDAxNSwidXJsIjoiaHR0cHM6XC9cL2NvbWVkZXByZXZpbGxlLmZyXC93cC1jb250ZW50XC91cGxvYWRzXC8yMDI1XC8wMlwvQ0RQXzAzNDdfcHJpbnQtc2NhbGVkLmpwZyIsInNsaWRlc2hvdyI6IjRiNjczNjcifQ%3D%3D\">\n\t\t\t\t\t<div class=\"e-gallery-image elementor-gallery-item__image\" data-thumbnail=\"https:\/\/comedepreville.fr\/wp-content\/uploads\/2025\/02\/CDP_0347_print-683x1024.jpg\" data-width=\"683\" data-height=\"1024\" aria-label=\"\" role=\"img\" ><\/div>\n\t\t\t\t\t\t\t\t\t\t\t<div class=\"elementor-gallery-item__overlay\"><\/div>\n\t\t\t\t\t\t\t\t\t\t\t\t\t\t\t<div class=\"elementor-gallery-item__content\">\n\t\t\t\t\t\t\t\t\t\t\t\t\t\t<div class=\"elementor-gallery-item__description\">\n\t\t\t\t\t\t\t\t\t\t\t\t\t\t\t\t\t\tBenjamin Ferr\u00e9 \u00e0 l'arriv\u00e9e du Vend\u00e9e Globe\t\t\t\t\t\t\t\t<\/div>\n\t\t\t\t\t\t\t\t\t\t\t\t<\/div>\n\t\t\t\t\t\t\t\t\t<\/a>\n\t\t\t\t\t\t\t<a class=\"e-gallery-item elementor-gallery-item elementor-animated-content\" href=\"https:\/\/comedepreville.fr\/wp-content\/uploads\/2022\/03\/DSC_6708-edited.jpg\" data-elementor-open-lightbox=\"yes\" data-elementor-lightbox-slideshow=\"4b67367\" data-elementor-lightbox-description=\"Mairie de Vannes\" data-e-action-hash=\"#elementor-action%3Aaction%3Dlightbox%26settings%3DeyJpZCI6MTc0MywidXJsIjoiaHR0cHM6XC9cL2NvbWVkZXByZXZpbGxlLmZyXC93cC1jb250ZW50XC91cGxvYWRzXC8yMDIyXC8wM1wvRFNDXzY3MDgtZWRpdGVkLmpwZyIsInNsaWRlc2hvdyI6IjRiNjczNjcifQ%3D%3D\">\n\t\t\t\t\t<div class=\"e-gallery-image elementor-gallery-item__image\" data-thumbnail=\"https:\/\/comedepreville.fr\/wp-content\/uploads\/2022\/03\/DSC_6708-edited-746x1024.jpg\" data-width=\"746\" data-height=\"1024\" aria-label=\"\" role=\"img\" ><\/div>\n\t\t\t\t\t\t\t\t\t\t\t<div class=\"elementor-gallery-item__overlay\"><\/div>\n\t\t\t\t\t\t\t\t\t\t\t\t\t\t\t<div class=\"elementor-gallery-item__content\">\n\t\t\t\t\t\t\t\t\t\t\t\t\t\t<div class=\"elementor-gallery-item__description\">\n\t\t\t\t\t\t\t\t\t\t\t\t\t\t\t\t\t\tMairie de Vannes\t\t\t\t\t\t\t\t<\/div>\n\t\t\t\t\t\t\t\t\t\t\t\t<\/div>\n\t\t\t\t\t\t\t\t\t<\/a>\n\t\t\t\t\t\t\t<a class=\"e-gallery-item elementor-gallery-item elementor-animated-content\" href=\"https:\/\/comedepreville.fr\/wp-content\/uploads\/2025\/02\/CDP_9672_web.jpg\" data-elementor-open-lightbox=\"yes\" data-elementor-lightbox-slideshow=\"4b67367\" data-elementor-lightbox-description=\"Benjamin Ferr\u00e9 \u00e0 l&#039;arriv\u00e9e du Vend\u00e9e Globe\" data-e-action-hash=\"#elementor-action%3Aaction%3Dlightbox%26settings%3DeyJpZCI6MzgxMywidXJsIjoiaHR0cHM6XC9cL2NvbWVkZXByZXZpbGxlLmZyXC93cC1jb250ZW50XC91cGxvYWRzXC8yMDI1XC8wMlwvQ0RQXzk2NzJfd2ViLmpwZyIsInNsaWRlc2hvdyI6IjRiNjczNjcifQ%3D%3D\">\n\t\t\t\t\t<div class=\"e-gallery-image elementor-gallery-item__image\" data-thumbnail=\"https:\/\/comedepreville.fr\/wp-content\/uploads\/2025\/02\/CDP_9672_web-1024x512.jpg\" data-width=\"800\" data-height=\"400\" aria-label=\"\" role=\"img\" ><\/div>\n\t\t\t\t\t\t\t\t\t\t\t<div class=\"elementor-gallery-item__overlay\"><\/div>\n\t\t\t\t\t\t\t\t\t\t\t\t\t\t\t<div class=\"elementor-gallery-item__content\">\n\t\t\t\t\t\t\t\t\t\t\t\t\t\t<div class=\"elementor-gallery-item__description\">\n\t\t\t\t\t\t\t\t\t\t\t\t\t\t\t\t\t\tBenjamin Ferr\u00e9 \u00e0 l'arriv\u00e9e du Vend\u00e9e Globe\t\t\t\t\t\t\t\t<\/div>\n\t\t\t\t\t\t\t\t\t\t\t\t<\/div>\n\t\t\t\t\t\t\t\t\t<\/a>\n\t\t\t\t\t\t\t<a class=\"e-gallery-item elementor-gallery-item elementor-animated-content\" href=\"https:\/\/comedepreville.fr\/wp-content\/uploads\/2025\/02\/CDP_0842_print-scaled.jpg\" data-elementor-open-lightbox=\"yes\" data-elementor-lightbox-slideshow=\"4b67367\" data-elementor-lightbox-description=\"Benjamin Ferr\u00e9 et Tanguy le Turquais \u00e0 l&#039;arriv\u00e9e du Vend\u00e9e Globe\" data-e-action-hash=\"#elementor-action%3Aaction%3Dlightbox%26settings%3DeyJpZCI6MzkxOCwidXJsIjoiaHR0cHM6XC9cL2NvbWVkZXByZXZpbGxlLmZyXC93cC1jb250ZW50XC91cGxvYWRzXC8yMDI1XC8wMlwvQ0RQXzA4NDJfcHJpbnQtc2NhbGVkLmpwZyIsInNsaWRlc2hvdyI6IjRiNjczNjcifQ%3D%3D\">\n\t\t\t\t\t<div class=\"e-gallery-image elementor-gallery-item__image\" data-thumbnail=\"https:\/\/comedepreville.fr\/wp-content\/uploads\/2025\/02\/CDP_0842_print-1024x683.jpg\" data-width=\"800\" data-height=\"534\" aria-label=\"\" role=\"img\" ><\/div>\n\t\t\t\t\t\t\t\t\t\t\t<div class=\"elementor-gallery-item__overlay\"><\/div>\n\t\t\t\t\t\t\t\t\t\t\t\t\t\t\t<div class=\"elementor-gallery-item__content\">\n\t\t\t\t\t\t\t\t\t\t\t\t\t\t<div class=\"elementor-gallery-item__description\">\n\t\t\t\t\t\t\t\t\t\t\t\t\t\t\t\t\t\tBenjamin Ferr\u00e9 et Tanguy le Turquais \u00e0 l'arriv\u00e9e du Vend\u00e9e Globe\t\t\t\t\t\t\t\t<\/div>\n\t\t\t\t\t\t\t\t\t\t\t\t<\/div>\n\t\t\t\t\t\t\t\t\t<\/a>\n\t\t\t\t\t\t\t<a class=\"e-gallery-item elementor-gallery-item elementor-animated-content\" href=\"https:\/\/comedepreville.fr\/wp-content\/uploads\/2021\/11\/Tsaghkadzor-Camp-Come-15.jpg\" data-elementor-open-lightbox=\"yes\" data-elementor-lightbox-slideshow=\"4b67367\" data-elementor-lightbox-description=\"Les enfants d\u00e9filent en \u00e9quipe, v\u00eatus de leur maillot, et montrent leur fiert\u00e9 \u00e0 tous les spectateurs !\" data-e-action-hash=\"#elementor-action%3Aaction%3Dlightbox%26settings%3DeyJpZCI6Nzc1LCJ1cmwiOiJodHRwczpcL1wvY29tZWRlcHJldmlsbGUuZnJcL3dwLWNvbnRlbnRcL3VwbG9hZHNcLzIwMjFcLzExXC9Uc2FnaGthZHpvci1DYW1wLUNvbWUtMTUuanBnIiwic2xpZGVzaG93IjoiNGI2NzM2NyJ9\">\n\t\t\t\t\t<div class=\"e-gallery-image elementor-gallery-item__image\" data-thumbnail=\"https:\/\/comedepreville.fr\/wp-content\/uploads\/2021\/11\/Tsaghkadzor-Camp-Come-15-678x1024.jpg\" data-width=\"678\" data-height=\"1024\" aria-label=\"\" role=\"img\" ><\/div>\n\t\t\t\t\t\t\t\t\t\t\t<div class=\"elementor-gallery-item__overlay\"><\/div>\n\t\t\t\t\t\t\t\t\t\t\t\t\t\t\t<div class=\"elementor-gallery-item__content\">\n\t\t\t\t\t\t\t\t\t\t\t\t\t\t<div class=\"elementor-gallery-item__description\">\n\t\t\t\t\t\t\t\t\t\t\t\t\t\t\t\t\t\tLes enfants d\u00e9filent en \u00e9quipe, v\u00eatus de leur maillot, et montrent leur fiert\u00e9 \u00e0 tous les spectateurs !\t\t\t\t\t\t\t\t<\/div>\n\t\t\t\t\t\t\t\t\t\t\t\t<\/div>\n\t\t\t\t\t\t\t\t\t<\/a>\n\t\t\t\t\t\t\t<a class=\"e-gallery-item elementor-gallery-item elementor-animated-content\" href=\"https:\/\/comedepreville.fr\/wp-content\/uploads\/2025\/01\/CDP_6963_web.jpg\" data-elementor-open-lightbox=\"yes\" data-elementor-lightbox-slideshow=\"4b67367\" data-elementor-lightbox-description=\"Enfants pauvres de la r\u00e9gion d&#039;Ararat (Arm\u00e9nie)\" data-e-action-hash=\"#elementor-action%3Aaction%3Dlightbox%26settings%3DeyJpZCI6MzU5OCwidXJsIjoiaHR0cHM6XC9cL2NvbWVkZXByZXZpbGxlLmZyXC93cC1jb250ZW50XC91cGxvYWRzXC8yMDI1XC8wMVwvQ0RQXzY5NjNfd2ViLmpwZyIsInNsaWRlc2hvdyI6IjRiNjczNjcifQ%3D%3D\">\n\t\t\t\t\t<div class=\"e-gallery-image elementor-gallery-item__image\" data-thumbnail=\"https:\/\/comedepreville.fr\/wp-content\/uploads\/2025\/01\/CDP_6963_web-1024x683.jpg\" data-width=\"800\" data-height=\"534\" aria-label=\"\" role=\"img\" ><\/div>\n\t\t\t\t\t\t\t\t\t\t\t<div class=\"elementor-gallery-item__overlay\"><\/div>\n\t\t\t\t\t\t\t\t\t\t\t\t\t\t\t<div class=\"elementor-gallery-item__content\">\n\t\t\t\t\t\t\t\t\t\t\t\t\t\t<div class=\"elementor-gallery-item__description\">\n\t\t\t\t\t\t\t\t\t\t\t\t\t\t\t\t\t\tEnfants pauvres de la r\u00e9gion d'Ararat (Arm\u00e9nie)\t\t\t\t\t\t\t\t<\/div>\n\t\t\t\t\t\t\t\t\t\t\t\t<\/div>\n\t\t\t\t\t\t\t\t\t<\/a>\n\t\t\t\t\t\t\t<a class=\"e-gallery-item elementor-gallery-item elementor-animated-content\" href=\"https:\/\/comedepreville.fr\/wp-content\/uploads\/2023\/03\/CDP_0866_edited.jpg\" data-elementor-open-lightbox=\"yes\" data-elementor-lightbox-slideshow=\"4b67367\" data-elementor-lightbox-description=\"Pr\u00e9paratifs pour le d\u00e9fil\u00e9\" data-e-action-hash=\"#elementor-action%3Aaction%3Dlightbox%26settings%3DeyJpZCI6MzI5OCwidXJsIjoiaHR0cHM6XC9cL2NvbWVkZXByZXZpbGxlLmZyXC93cC1jb250ZW50XC91cGxvYWRzXC8yMDIzXC8wM1wvQ0RQXzA4NjZfZWRpdGVkLmpwZyIsInNsaWRlc2hvdyI6IjRiNjczNjcifQ%3D%3D\">\n\t\t\t\t\t<div class=\"e-gallery-image elementor-gallery-item__image\" data-thumbnail=\"https:\/\/comedepreville.fr\/wp-content\/uploads\/2023\/03\/CDP_0866_edited-1024x678.jpg\" data-width=\"800\" data-height=\"530\" aria-label=\"\" role=\"img\" ><\/div>\n\t\t\t\t\t\t\t\t\t\t\t<div class=\"elementor-gallery-item__overlay\"><\/div>\n\t\t\t\t\t\t\t\t\t\t\t\t\t\t\t<div class=\"elementor-gallery-item__content\">\n\t\t\t\t\t\t\t\t\t\t\t\t\t\t<div class=\"elementor-gallery-item__description\">\n\t\t\t\t\t\t\t\t\t\t\t\t\t\t\t\t\t\tPr\u00e9paratifs pour le d\u00e9fil\u00e9\t\t\t\t\t\t\t\t<\/div>\n\t\t\t\t\t\t\t\t\t\t\t\t<\/div>\n\t\t\t\t\t\t\t\t\t<\/a>\n\t\t\t\t\t\t\t<a class=\"e-gallery-item elementor-gallery-item elementor-animated-content\" href=\"https:\/\/comedepreville.fr\/wp-content\/uploads\/2022\/03\/mariage4.jpg\" data-elementor-open-lightbox=\"yes\" data-elementor-lightbox-slideshow=\"4b67367\" data-elementor-lightbox-description=\"Cath\u00e9drale de Saint Malo\" data-e-action-hash=\"#elementor-action%3Aaction%3Dlightbox%26settings%3DeyJpZCI6MTQyNiwidXJsIjoiaHR0cHM6XC9cL2NvbWVkZXByZXZpbGxlLmZyXC93cC1jb250ZW50XC91cGxvYWRzXC8yMDIyXC8wM1wvbWFyaWFnZTQuanBnIiwic2xpZGVzaG93IjoiNGI2NzM2NyJ9\">\n\t\t\t\t\t<div class=\"e-gallery-image elementor-gallery-item__image\" data-thumbnail=\"https:\/\/comedepreville.fr\/wp-content\/uploads\/2022\/03\/mariage4-819x1024.jpg\" data-width=\"800\" data-height=\"1000\" aria-label=\"\" role=\"img\" ><\/div>\n\t\t\t\t\t\t\t\t\t\t\t<div class=\"elementor-gallery-item__overlay\"><\/div>\n\t\t\t\t\t\t\t\t\t\t\t\t\t\t\t<div class=\"elementor-gallery-item__content\">\n\t\t\t\t\t\t\t\t\t\t\t\t\t\t<div class=\"elementor-gallery-item__description\">\n\t\t\t\t\t\t\t\t\t\t\t\t\t\t\t\t\t\tCath\u00e9drale de Saint Malo\t\t\t\t\t\t\t\t<\/div>\n\t\t\t\t\t\t\t\t\t\t\t\t<\/div>\n\t\t\t\t\t\t\t\t\t<\/a>\n\t\t\t\t\t\t\t<a class=\"e-gallery-item elementor-gallery-item elementor-animated-content\" href=\"https:\/\/comedepreville.fr\/wp-content\/uploads\/2021\/11\/Armenie-Come-2021-19.jpg\" data-elementor-open-lightbox=\"yes\" data-elementor-lightbox-slideshow=\"4b67367\" data-elementor-lightbox-description=\"Anne-Sophie (volontaire de l\u2019\u0153uvre) semble \u00eatre touch\u00e9e par la gr\u00e2ce au c\u0153ur du monast\u00e8re de Tsaghkadzor.\" data-e-action-hash=\"#elementor-action%3Aaction%3Dlightbox%26settings%3DeyJpZCI6NTkzLCJ1cmwiOiJodHRwczpcL1wvY29tZWRlcHJldmlsbGUuZnJcL3dwLWNvbnRlbnRcL3VwbG9hZHNcLzIwMjFcLzExXC9Bcm1lbmllLUNvbWUtMjAyMS0xOS5qcGciLCJzbGlkZXNob3ciOiI0YjY3MzY3In0%3D\">\n\t\t\t\t\t<div class=\"e-gallery-image elementor-gallery-item__image\" data-thumbnail=\"https:\/\/comedepreville.fr\/wp-content\/uploads\/2021\/11\/Armenie-Come-2021-19-768x1024.jpg\" data-width=\"768\" data-height=\"1024\" aria-label=\"\" role=\"img\" ><\/div>\n\t\t\t\t\t\t\t\t\t\t\t<div class=\"elementor-gallery-item__overlay\"><\/div>\n\t\t\t\t\t\t\t\t\t\t\t\t\t\t\t<div class=\"elementor-gallery-item__content\">\n\t\t\t\t\t\t\t\t\t\t\t\t\t\t<div class=\"elementor-gallery-item__description\">\n\t\t\t\t\t\t\t\t\t\t\t\t\t\t\t\t\t\tAnne-Sophie (volontaire de l\u2019\u0153uvre) semble \u00eatre touch\u00e9e par la gr\u00e2ce au c\u0153ur du monast\u00e8re de Tsaghkadzor.\t\t\t\t\t\t\t\t<\/div>\n\t\t\t\t\t\t\t\t\t\t\t\t<\/div>\n\t\t\t\t\t\t\t\t\t<\/a>\n\t\t\t\t\t\t\t<a class=\"e-gallery-item elementor-gallery-item elementor-animated-content\" href=\"https:\/\/comedepreville.fr\/wp-content\/uploads\/2021\/11\/Armenie-Come-2021-69.jpg\" data-elementor-open-lightbox=\"yes\" data-elementor-lightbox-slideshow=\"4b67367\" data-elementor-lightbox-description=\"S\u0153ur Rebbeca donne un cours de cat\u00e9chisme aux enfants d\u2019un village, dans la r\u00e9gion de Spitak. La sc\u00e8ne se d\u00e9roule dans la maison du pr\u00eatre du village.\" data-e-action-hash=\"#elementor-action%3Aaction%3Dlightbox%26settings%3DeyJpZCI6NTEwLCJ1cmwiOiJodHRwczpcL1wvY29tZWRlcHJldmlsbGUuZnJcL3dwLWNvbnRlbnRcL3VwbG9hZHNcLzIwMjFcLzExXC9Bcm1lbmllLUNvbWUtMjAyMS02OS5qcGciLCJzbGlkZXNob3ciOiI0YjY3MzY3In0%3D\">\n\t\t\t\t\t<div class=\"e-gallery-image elementor-gallery-item__image\" data-thumbnail=\"https:\/\/comedepreville.fr\/wp-content\/uploads\/2021\/11\/Armenie-Come-2021-69-1024x678.jpg\" data-width=\"800\" data-height=\"530\" aria-label=\"gyumri arm\u00e9nie shirak\" role=\"img\" ><\/div>\n\t\t\t\t\t\t\t\t\t\t\t<div class=\"elementor-gallery-item__overlay\"><\/div>\n\t\t\t\t\t\t\t\t\t\t\t\t\t\t\t<div class=\"elementor-gallery-item__content\">\n\t\t\t\t\t\t\t\t\t\t\t\t\t\t<div class=\"elementor-gallery-item__description\">\n\t\t\t\t\t\t\t\t\t\t\t\t\t\t\t\t\t\tS\u0153ur Rebbeca donne un cours de cat\u00e9chisme aux enfants d\u2019un village, dans la r\u00e9gion de Spitak. La sc\u00e8ne se d\u00e9roule dans la maison du pr\u00eatre du village.\t\t\t\t\t\t\t\t<\/div>\n\t\t\t\t\t\t\t\t\t\t\t\t<\/div>\n\t\t\t\t\t\t\t\t\t<\/a>\n\t\t\t\t\t\t\t<a class=\"e-gallery-item elementor-gallery-item elementor-animated-content\" href=\"https:\/\/comedepreville.fr\/wp-content\/uploads\/2024\/07\/CDP_5666_web.jpg\" data-elementor-open-lightbox=\"yes\" data-elementor-lightbox-slideshow=\"4b67367\" data-elementor-lightbox-description=\"Salut naval\" data-e-action-hash=\"#elementor-action%3Aaction%3Dlightbox%26settings%3DeyJpZCI6MzQ4MCwidXJsIjoiaHR0cHM6XC9cL2NvbWVkZXByZXZpbGxlLmZyXC93cC1jb250ZW50XC91cGxvYWRzXC8yMDI0XC8wN1wvQ0RQXzU2NjZfd2ViLmpwZyIsInNsaWRlc2hvdyI6IjRiNjczNjcifQ%3D%3D\">\n\t\t\t\t\t<div class=\"e-gallery-image elementor-gallery-item__image\" data-thumbnail=\"https:\/\/comedepreville.fr\/wp-content\/uploads\/2024\/07\/CDP_5666_web-678x1024.jpg\" data-width=\"678\" data-height=\"1024\" aria-label=\"\" role=\"img\" ><\/div>\n\t\t\t\t\t\t\t\t\t\t\t<div class=\"elementor-gallery-item__overlay\"><\/div>\n\t\t\t\t\t\t\t\t\t\t\t\t\t\t\t<div class=\"elementor-gallery-item__content\">\n\t\t\t\t\t\t\t\t\t\t\t\t\t\t<div class=\"elementor-gallery-item__description\">\n\t\t\t\t\t\t\t\t\t\t\t\t\t\t\t\t\t\tSalut naval\t\t\t\t\t\t\t\t<\/div>\n\t\t\t\t\t\t\t\t\t\t\t\t<\/div>\n\t\t\t\t\t\t\t\t\t<\/a>\n\t\t\t\t\t\t\t<a class=\"e-gallery-item elementor-gallery-item elementor-animated-content\" href=\"https:\/\/comedepreville.fr\/wp-content\/uploads\/2025\/02\/CDP_8626_web.jpg\" data-elementor-open-lightbox=\"yes\" data-elementor-lightbox-slideshow=\"4b67367\" data-elementor-lightbox-description=\"La foule dans le chenal des Sables d&#039;Olonne\" data-e-action-hash=\"#elementor-action%3Aaction%3Dlightbox%26settings%3DeyJpZCI6NDQ1NywidXJsIjoiaHR0cHM6XC9cL2NvbWVkZXByZXZpbGxlLmZyXC93cC1jb250ZW50XC91cGxvYWRzXC8yMDI1XC8wMlwvQ0RQXzg2MjZfd2ViLmpwZyIsInNsaWRlc2hvdyI6IjRiNjczNjcifQ%3D%3D\">\n\t\t\t\t\t<div class=\"e-gallery-image elementor-gallery-item__image\" data-thumbnail=\"https:\/\/comedepreville.fr\/wp-content\/uploads\/2025\/02\/CDP_8626_web-1024x512.jpg\" data-width=\"800\" data-height=\"400\" aria-label=\"\" role=\"img\" ><\/div>\n\t\t\t\t\t\t\t\t\t\t\t<div class=\"elementor-gallery-item__overlay\"><\/div>\n\t\t\t\t\t\t\t\t\t\t\t\t\t\t\t<div class=\"elementor-gallery-item__content\">\n\t\t\t\t\t\t\t\t\t\t\t\t\t\t<div class=\"elementor-gallery-item__description\">\n\t\t\t\t\t\t\t\t\t\t\t\t\t\t\t\t\t\tLa foule dans le chenal des Sables d'Olonne\t\t\t\t\t\t\t\t<\/div>\n\t\t\t\t\t\t\t\t\t\t\t\t<\/div>\n\t\t\t\t\t\t\t\t\t<\/a>\n\t\t\t\t\t\t\t<a class=\"e-gallery-item elementor-gallery-item elementor-animated-content\" href=\"https:\/\/comedepreville.fr\/wp-content\/uploads\/2022\/03\/CDP_4876_comp.jpg\" data-elementor-open-lightbox=\"yes\" data-elementor-lightbox-slideshow=\"4b67367\" data-elementor-lightbox-description=\"Port-Navalo\" data-e-action-hash=\"#elementor-action%3Aaction%3Dlightbox%26settings%3DeyJpZCI6MTcyNywidXJsIjoiaHR0cHM6XC9cL2NvbWVkZXByZXZpbGxlLmZyXC93cC1jb250ZW50XC91cGxvYWRzXC8yMDIyXC8wM1wvQ0RQXzQ4NzZfY29tcC5qcGciLCJzbGlkZXNob3ciOiI0YjY3MzY3In0%3D\">\n\t\t\t\t\t<div class=\"e-gallery-image elementor-gallery-item__image\" data-thumbnail=\"https:\/\/comedepreville.fr\/wp-content\/uploads\/2022\/03\/CDP_4876_comp-1024x678.jpg\" data-width=\"800\" data-height=\"530\" aria-label=\"\" role=\"img\" ><\/div>\n\t\t\t\t\t\t\t\t\t\t\t<div class=\"elementor-gallery-item__overlay\"><\/div>\n\t\t\t\t\t\t\t\t\t\t\t\t\t\t\t<div class=\"elementor-gallery-item__content\">\n\t\t\t\t\t\t\t\t\t\t\t\t\t\t<div class=\"elementor-gallery-item__description\">\n\t\t\t\t\t\t\t\t\t\t\t\t\t\t\t\t\t\tPort-Navalo\t\t\t\t\t\t\t\t<\/div>\n\t\t\t\t\t\t\t\t\t\t\t\t<\/div>\n\t\t\t\t\t\t\t\t\t<\/a>\n\t\t\t\t\t\t\t<a class=\"e-gallery-item elementor-gallery-item elementor-animated-content\" href=\"https:\/\/comedepreville.fr\/wp-content\/uploads\/2022\/12\/CDPX0907.jpg\" data-elementor-open-lightbox=\"yes\" data-elementor-lightbox-slideshow=\"4b67367\" data-elementor-lightbox-description=\"Dans le clocher de ND des Champs\" data-e-action-hash=\"#elementor-action%3Aaction%3Dlightbox%26settings%3DeyJpZCI6MzIwMSwidXJsIjoiaHR0cHM6XC9cL2NvbWVkZXByZXZpbGxlLmZyXC93cC1jb250ZW50XC91cGxvYWRzXC8yMDIyXC8xMlwvQ0RQWDA5MDcuanBnIiwic2xpZGVzaG93IjoiNGI2NzM2NyJ9\">\n\t\t\t\t\t<div class=\"e-gallery-image elementor-gallery-item__image\" data-thumbnail=\"https:\/\/comedepreville.fr\/wp-content\/uploads\/2022\/12\/CDPX0907-1024x768.jpg\" data-width=\"800\" data-height=\"600\" aria-label=\"\" role=\"img\" ><\/div>\n\t\t\t\t\t\t\t\t\t\t\t<div class=\"elementor-gallery-item__overlay\"><\/div>\n\t\t\t\t\t\t\t\t\t\t\t\t\t\t\t<div class=\"elementor-gallery-item__content\">\n\t\t\t\t\t\t\t\t\t\t\t\t\t\t<div class=\"elementor-gallery-item__description\">\n\t\t\t\t\t\t\t\t\t\t\t\t\t\t\t\t\t\tDans le clocher de ND des Champs\t\t\t\t\t\t\t\t<\/div>\n\t\t\t\t\t\t\t\t\t\t\t\t<\/div>\n\t\t\t\t\t\t\t\t\t<\/a>\n\t\t\t\t\t\t\t<a class=\"e-gallery-item elementor-gallery-item elementor-animated-content\" href=\"https:\/\/comedepreville.fr\/wp-content\/uploads\/2021\/11\/Armenie-Come-2021-11.jpg\" data-elementor-open-lightbox=\"yes\" data-elementor-lightbox-slideshow=\"4b67367\" data-elementor-lightbox-description=\"Des hommes font br\u00fbler des tas de v\u00e9g\u00e9taux et de d\u00e9chets au bord de la route de Tsaghkadzor.\" data-e-action-hash=\"#elementor-action%3Aaction%3Dlightbox%26settings%3DeyJpZCI6NjAxLCJ1cmwiOiJodHRwczpcL1wvY29tZWRlcHJldmlsbGUuZnJcL3dwLWNvbnRlbnRcL3VwbG9hZHNcLzIwMjFcLzExXC9Bcm1lbmllLUNvbWUtMjAyMS0xMS5qcGciLCJzbGlkZXNob3ciOiI0YjY3MzY3In0%3D\">\n\t\t\t\t\t<div class=\"e-gallery-image elementor-gallery-item__image\" data-thumbnail=\"https:\/\/comedepreville.fr\/wp-content\/uploads\/2021\/11\/Armenie-Come-2021-11-1024x768.jpg\" data-width=\"800\" data-height=\"600\" aria-label=\"feu tsaghkadzor\" role=\"img\" ><\/div>\n\t\t\t\t\t\t\t\t\t\t\t<div class=\"elementor-gallery-item__overlay\"><\/div>\n\t\t\t\t\t\t\t\t\t\t\t\t\t\t\t<div class=\"elementor-gallery-item__content\">\n\t\t\t\t\t\t\t\t\t\t\t\t\t\t<div class=\"elementor-gallery-item__description\">\n\t\t\t\t\t\t\t\t\t\t\t\t\t\t\t\t\t\tDes hommes font br\u00fbler des tas de v\u00e9g\u00e9taux et de d\u00e9chets au bord de la route de Tsaghkadzor.\t\t\t\t\t\t\t\t<\/div>\n\t\t\t\t\t\t\t\t\t\t\t\t<\/div>\n\t\t\t\t\t\t\t\t\t<\/a>\n\t\t\t\t\t\t\t<a class=\"e-gallery-item elementor-gallery-item elementor-animated-content\" href=\"https:\/\/comedepreville.fr\/wp-content\/uploads\/2025\/01\/CDP_6978_web.jpg\" data-elementor-open-lightbox=\"yes\" data-elementor-lightbox-slideshow=\"4b67367\" data-elementor-lightbox-description=\"Je suis saisi du contraste entre ma pauvret\u00e9 du lieu (les murs crasseux, le sol d\u00e9salign\u00e9, le lit-banquette comme unique mobilier) et la t\u00e9l\u00e9vision d\u00e9bitant son programme de t\u00e9l\u00e9-r\u00e9alit\u00e9 arm\u00e9nien\" data-e-action-hash=\"#elementor-action%3Aaction%3Dlightbox%26settings%3DeyJpZCI6MzYwMCwidXJsIjoiaHR0cHM6XC9cL2NvbWVkZXByZXZpbGxlLmZyXC93cC1jb250ZW50XC91cGxvYWRzXC8yMDI1XC8wMVwvQ0RQXzY5Nzhfd2ViLmpwZyIsInNsaWRlc2hvdyI6IjRiNjczNjcifQ%3D%3D\">\n\t\t\t\t\t<div class=\"e-gallery-image elementor-gallery-item__image\" data-thumbnail=\"https:\/\/comedepreville.fr\/wp-content\/uploads\/2025\/01\/CDP_6978_web-1024x683.jpg\" data-width=\"800\" data-height=\"534\" aria-label=\"\" role=\"img\" ><\/div>\n\t\t\t\t\t\t\t\t\t\t\t<div class=\"elementor-gallery-item__overlay\"><\/div>\n\t\t\t\t\t\t\t\t\t\t\t\t\t\t\t<div class=\"elementor-gallery-item__content\">\n\t\t\t\t\t\t\t\t\t\t\t\t\t\t<div class=\"elementor-gallery-item__description\">\n\t\t\t\t\t\t\t\t\t\t\t\t\t\t\t\t\t\tJe suis saisi du contraste entre ma pauvret\u00e9 du lieu (les murs crasseux, le sol d\u00e9salign\u00e9, le lit-banquette comme unique mobilier) et la t\u00e9l\u00e9vision d\u00e9bitant son programme de t\u00e9l\u00e9-r\u00e9alit\u00e9 arm\u00e9nien\t\t\t\t\t\t\t\t<\/div>\n\t\t\t\t\t\t\t\t\t\t\t\t<\/div>\n\t\t\t\t\t\t\t\t\t<\/a>\n\t\t\t\t\t\t\t<a class=\"e-gallery-item elementor-gallery-item elementor-animated-content\" href=\"https:\/\/comedepreville.fr\/wp-content\/uploads\/2021\/11\/Armenie-Come-2021-97.jpg\" data-elementor-open-lightbox=\"yes\" data-elementor-lightbox-slideshow=\"4b67367\" data-elementor-lightbox-description=\"Soir\u00e9e narguil\u00e9 &amp; bi\u00e8re \u00e0 Erevan, Arm\u00e9nie.\" data-e-action-hash=\"#elementor-action%3Aaction%3Dlightbox%26settings%3DeyJpZCI6NDEyLCJ1cmwiOiJodHRwczpcL1wvY29tZWRlcHJldmlsbGUuZnJcL3dwLWNvbnRlbnRcL3VwbG9hZHNcLzIwMjFcLzExXC9Bcm1lbmllLUNvbWUtMjAyMS05Ny5qcGciLCJzbGlkZXNob3ciOiI0YjY3MzY3In0%3D\">\n\t\t\t\t\t<div class=\"e-gallery-image elementor-gallery-item__image\" data-thumbnail=\"https:\/\/comedepreville.fr\/wp-content\/uploads\/2021\/11\/Armenie-Come-2021-97-678x1024.jpg\" data-width=\"678\" data-height=\"1024\" aria-label=\"erevan arm\u00e9nie\" role=\"img\" ><\/div>\n\t\t\t\t\t\t\t\t\t\t\t<div class=\"elementor-gallery-item__overlay\"><\/div>\n\t\t\t\t\t\t\t\t\t\t\t\t\t\t\t<div class=\"elementor-gallery-item__content\">\n\t\t\t\t\t\t\t\t\t\t\t\t\t\t<div class=\"elementor-gallery-item__description\">\n\t\t\t\t\t\t\t\t\t\t\t\t\t\t\t\t\t\tSoir\u00e9e narguil\u00e9 & bi\u00e8re \u00e0 Erevan, Arm\u00e9nie.\t\t\t\t\t\t\t\t<\/div>\n\t\t\t\t\t\t\t\t\t\t\t\t<\/div>\n\t\t\t\t\t\t\t\t\t<\/a>\n\t\t\t\t\t\t\t<a class=\"e-gallery-item elementor-gallery-item elementor-animated-content\" href=\"https:\/\/comedepreville.fr\/wp-content\/uploads\/2022\/01\/CIRX9384-Modifier.jpg\" data-elementor-open-lightbox=\"yes\" data-elementor-lightbox-slideshow=\"4b67367\" data-elementor-lightbox-description=\"Barrer sous le vent\" data-e-action-hash=\"#elementor-action%3Aaction%3Dlightbox%26settings%3DeyJpZCI6MTA3NSwidXJsIjoiaHR0cHM6XC9cL2NvbWVkZXByZXZpbGxlLmZyXC93cC1jb250ZW50XC91cGxvYWRzXC8yMDIyXC8wMVwvQ0lSWDkzODQtTW9kaWZpZXIuanBnIiwic2xpZGVzaG93IjoiNGI2NzM2NyJ9\">\n\t\t\t\t\t<div class=\"e-gallery-image elementor-gallery-item__image\" data-thumbnail=\"https:\/\/comedepreville.fr\/wp-content\/uploads\/2022\/01\/CIRX9384-Modifier-1024x768.jpg\" data-width=\"800\" data-height=\"600\" aria-label=\"\" role=\"img\" ><\/div>\n\t\t\t\t\t\t\t\t\t\t\t<div class=\"elementor-gallery-item__overlay\"><\/div>\n\t\t\t\t\t\t\t\t\t\t\t\t\t\t\t<div class=\"elementor-gallery-item__content\">\n\t\t\t\t\t\t\t\t\t\t\t\t\t\t<div class=\"elementor-gallery-item__description\">\n\t\t\t\t\t\t\t\t\t\t\t\t\t\t\t\t\t\tBarrer sous le vent\t\t\t\t\t\t\t\t<\/div>\n\t\t\t\t\t\t\t\t\t\t\t\t<\/div>\n\t\t\t\t\t\t\t\t\t<\/a>\n\t\t\t\t\t\t\t<a class=\"e-gallery-item elementor-gallery-item elementor-animated-content\" href=\"https:\/\/comedepreville.fr\/wp-content\/uploads\/2021\/11\/Armenie-Come-2021-47.jpg\" data-elementor-open-lightbox=\"yes\" data-elementor-lightbox-slideshow=\"4b67367\" data-elementor-lightbox-description=\"Le chauffeur des s\u0153urs catholiques arm\u00e9niennes \u00e0 Gyumri.\" data-e-action-hash=\"#elementor-action%3Aaction%3Dlightbox%26settings%3DeyJpZCI6NTMyLCJ1cmwiOiJodHRwczpcL1wvY29tZWRlcHJldmlsbGUuZnJcL3dwLWNvbnRlbnRcL3VwbG9hZHNcLzIwMjFcLzExXC9Bcm1lbmllLUNvbWUtMjAyMS00Ny5qcGciLCJzbGlkZXNob3ciOiI0YjY3MzY3In0%3D\">\n\t\t\t\t\t<div class=\"e-gallery-image elementor-gallery-item__image\" data-thumbnail=\"https:\/\/comedepreville.fr\/wp-content\/uploads\/2021\/11\/Armenie-Come-2021-47-1024x678.jpg\" data-width=\"800\" data-height=\"530\" aria-label=\"gyumri arm\u00e9nie shirak\" role=\"img\" ><\/div>\n\t\t\t\t\t\t\t\t\t\t\t<div class=\"elementor-gallery-item__overlay\"><\/div>\n\t\t\t\t\t\t\t\t\t\t\t\t\t\t\t<div class=\"elementor-gallery-item__content\">\n\t\t\t\t\t\t\t\t\t\t\t\t\t\t<div class=\"elementor-gallery-item__description\">\n\t\t\t\t\t\t\t\t\t\t\t\t\t\t\t\t\t\tLe chauffeur des s\u0153urs catholiques arm\u00e9niennes \u00e0 Gyumri.\t\t\t\t\t\t\t\t<\/div>\n\t\t\t\t\t\t\t\t\t\t\t\t<\/div>\n\t\t\t\t\t\t\t\t\t<\/a>\n\t\t\t\t\t\t\t<a class=\"e-gallery-item elementor-gallery-item elementor-animated-content\" href=\"https:\/\/comedepreville.fr\/wp-content\/uploads\/2022\/03\/theatre5.jpg\" data-elementor-open-lightbox=\"yes\" data-elementor-lightbox-slideshow=\"4b67367\" data-elementor-lightbox-description=\"IPC, Paris\" data-e-action-hash=\"#elementor-action%3Aaction%3Dlightbox%26settings%3DeyJpZCI6MTQyOCwidXJsIjoiaHR0cHM6XC9cL2NvbWVkZXByZXZpbGxlLmZyXC93cC1jb250ZW50XC91cGxvYWRzXC8yMDIyXC8wM1wvdGhlYXRyZTUuanBnIiwic2xpZGVzaG93IjoiNGI2NzM2NyJ9\">\n\t\t\t\t\t<div class=\"e-gallery-image elementor-gallery-item__image\" data-thumbnail=\"https:\/\/comedepreville.fr\/wp-content\/uploads\/2022\/03\/theatre5-819x1024.jpg\" data-width=\"800\" data-height=\"1000\" aria-label=\"\" role=\"img\" ><\/div>\n\t\t\t\t\t\t\t\t\t\t\t<div class=\"elementor-gallery-item__overlay\"><\/div>\n\t\t\t\t\t\t\t\t\t\t\t\t\t\t\t<div class=\"elementor-gallery-item__content\">\n\t\t\t\t\t\t\t\t\t\t\t\t\t\t<div class=\"elementor-gallery-item__description\">\n\t\t\t\t\t\t\t\t\t\t\t\t\t\t\t\t\t\tIPC, Paris\t\t\t\t\t\t\t\t<\/div>\n\t\t\t\t\t\t\t\t\t\t\t\t<\/div>\n\t\t\t\t\t\t\t\t\t<\/a>\n\t\t\t\t\t\t\t<a class=\"e-gallery-item elementor-gallery-item elementor-animated-content\" href=\"https:\/\/comedepreville.fr\/wp-content\/uploads\/2024\/07\/CDP_5773_web.jpg\" data-elementor-open-lightbox=\"yes\" data-elementor-lightbox-slideshow=\"4b67367\" data-elementor-lightbox-description=\"La Cancalaise\" data-e-action-hash=\"#elementor-action%3Aaction%3Dlightbox%26settings%3DeyJpZCI6MzQ5NSwidXJsIjoiaHR0cHM6XC9cL2NvbWVkZXByZXZpbGxlLmZyXC93cC1jb250ZW50XC91cGxvYWRzXC8yMDI0XC8wN1wvQ0RQXzU3NzNfd2ViLmpwZyIsInNsaWRlc2hvdyI6IjRiNjczNjcifQ%3D%3D\">\n\t\t\t\t\t<div class=\"e-gallery-image elementor-gallery-item__image\" data-thumbnail=\"https:\/\/comedepreville.fr\/wp-content\/uploads\/2024\/07\/CDP_5773_web-1024x678.jpg\" data-width=\"800\" data-height=\"530\" aria-label=\"\" role=\"img\" ><\/div>\n\t\t\t\t\t\t\t\t\t\t\t<div class=\"elementor-gallery-item__overlay\"><\/div>\n\t\t\t\t\t\t\t\t\t\t\t\t\t\t\t<div class=\"elementor-gallery-item__content\">\n\t\t\t\t\t\t\t\t\t\t\t\t\t\t<div class=\"elementor-gallery-item__description\">\n\t\t\t\t\t\t\t\t\t\t\t\t\t\t\t\t\t\tLa Cancalaise\t\t\t\t\t\t\t\t<\/div>\n\t\t\t\t\t\t\t\t\t\t\t\t<\/div>\n\t\t\t\t\t\t\t\t\t<\/a>\n\t\t\t\t\t\t\t<a class=\"e-gallery-item elementor-gallery-item elementor-animated-content\" href=\"https:\/\/comedepreville.fr\/wp-content\/uploads\/2021\/11\/Tsaghkadzor-Camp-Come-128.jpg\" data-elementor-open-lightbox=\"yes\" data-elementor-lightbox-slideshow=\"4b67367\" data-elementor-lightbox-description=\"Mathilde, volontaire de l&#039;\u0152uvre, aide une jeune arm\u00e9nienne pendant le cours d&#039;arts plastiques.\" data-e-action-hash=\"#elementor-action%3Aaction%3Dlightbox%26settings%3DeyJpZCI6ODg3LCJ1cmwiOiJodHRwczpcL1wvY29tZWRlcHJldmlsbGUuZnJcL3dwLWNvbnRlbnRcL3VwbG9hZHNcLzIwMjFcLzExXC9Uc2FnaGthZHpvci1DYW1wLUNvbWUtMTI4LmpwZyIsInNsaWRlc2hvdyI6IjRiNjczNjcifQ%3D%3D\">\n\t\t\t\t\t<div class=\"e-gallery-image elementor-gallery-item__image\" data-thumbnail=\"https:\/\/comedepreville.fr\/wp-content\/uploads\/2021\/11\/Tsaghkadzor-Camp-Come-128-678x1024.jpg\" data-width=\"678\" data-height=\"1024\" aria-label=\"\" role=\"img\" ><\/div>\n\t\t\t\t\t\t\t\t\t\t\t<div class=\"elementor-gallery-item__overlay\"><\/div>\n\t\t\t\t\t\t\t\t\t\t\t\t\t\t\t<div class=\"elementor-gallery-item__content\">\n\t\t\t\t\t\t\t\t\t\t\t\t\t\t<div class=\"elementor-gallery-item__description\">\n\t\t\t\t\t\t\t\t\t\t\t\t\t\t\t\t\t\tMathilde, volontaire de l'\u0152uvre, aide une jeune arm\u00e9nienne pendant le cours d'arts plastiques.\t\t\t\t\t\t\t\t<\/div>\n\t\t\t\t\t\t\t\t\t\t\t\t<\/div>\n\t\t\t\t\t\t\t\t\t<\/a>\n\t\t\t\t\t\t\t<a class=\"e-gallery-item elementor-gallery-item elementor-animated-content\" href=\"https:\/\/comedepreville.fr\/wp-content\/uploads\/2022\/03\/CIR_6156-edited.jpg\" data-elementor-open-lightbox=\"yes\" data-elementor-lightbox-slideshow=\"4b67367\" data-elementor-lightbox-description=\"Nouan-le-Fuzelier, Sologne\" data-e-action-hash=\"#elementor-action%3Aaction%3Dlightbox%26settings%3DeyJpZCI6MTc0MiwidXJsIjoiaHR0cHM6XC9cL2NvbWVkZXByZXZpbGxlLmZyXC93cC1jb250ZW50XC91cGxvYWRzXC8yMDIyXC8wM1wvQ0lSXzYxNTYtZWRpdGVkLmpwZyIsInNsaWRlc2hvdyI6IjRiNjczNjcifQ%3D%3D\">\n\t\t\t\t\t<div class=\"e-gallery-image elementor-gallery-item__image\" data-thumbnail=\"https:\/\/comedepreville.fr\/wp-content\/uploads\/2022\/03\/CIR_6156-edited-678x1024.jpg\" data-width=\"678\" data-height=\"1024\" aria-label=\"\" role=\"img\" ><\/div>\n\t\t\t\t\t\t\t\t\t\t\t<div class=\"elementor-gallery-item__overlay\"><\/div>\n\t\t\t\t\t\t\t\t\t\t\t\t\t\t\t<div class=\"elementor-gallery-item__content\">\n\t\t\t\t\t\t\t\t\t\t\t\t\t\t<div class=\"elementor-gallery-item__description\">\n\t\t\t\t\t\t\t\t\t\t\t\t\t\t\t\t\t\tNouan-le-Fuzelier, Sologne\t\t\t\t\t\t\t\t<\/div>\n\t\t\t\t\t\t\t\t\t\t\t\t<\/div>\n\t\t\t\t\t\t\t\t\t<\/a>\n\t\t\t\t\t\t\t<a class=\"e-gallery-item elementor-gallery-item elementor-animated-content\" href=\"https:\/\/comedepreville.fr\/wp-content\/uploads\/2024\/07\/CDP_6083_web.jpg\" data-elementor-open-lightbox=\"yes\" data-elementor-lightbox-slideshow=\"4b67367\" data-elementor-lightbox-description=\"Cimeti\u00e8re naval\" data-e-action-hash=\"#elementor-action%3Aaction%3Dlightbox%26settings%3DeyJpZCI6MzUyMywidXJsIjoiaHR0cHM6XC9cL2NvbWVkZXByZXZpbGxlLmZyXC93cC1jb250ZW50XC91cGxvYWRzXC8yMDI0XC8wN1wvQ0RQXzYwODNfd2ViLmpwZyIsInNsaWRlc2hvdyI6IjRiNjczNjcifQ%3D%3D\">\n\t\t\t\t\t<div class=\"e-gallery-image elementor-gallery-item__image\" data-thumbnail=\"https:\/\/comedepreville.fr\/wp-content\/uploads\/2024\/07\/CDP_6083_web-1024x678.jpg\" data-width=\"800\" data-height=\"530\" aria-label=\"\" role=\"img\" ><\/div>\n\t\t\t\t\t\t\t\t\t\t\t<div class=\"elementor-gallery-item__overlay\"><\/div>\n\t\t\t\t\t\t\t\t\t\t\t\t\t\t\t<div class=\"elementor-gallery-item__content\">\n\t\t\t\t\t\t\t\t\t\t\t\t\t\t<div class=\"elementor-gallery-item__description\">\n\t\t\t\t\t\t\t\t\t\t\t\t\t\t\t\t\t\tCimeti\u00e8re naval\t\t\t\t\t\t\t\t<\/div>\n\t\t\t\t\t\t\t\t\t\t\t\t<\/div>\n\t\t\t\t\t\t\t\t\t<\/a>\n\t\t\t\t\t\t\t<a class=\"e-gallery-item elementor-gallery-item elementor-animated-content\" href=\"https:\/\/comedepreville.fr\/wp-content\/uploads\/2021\/11\/Tsaghkadzor-Camp-Come-119.jpg\" data-elementor-open-lightbox=\"yes\" data-elementor-lightbox-slideshow=\"4b67367\" data-elementor-lightbox-description=\"D\u00e9couverte de l&#039;ordinateur pour un jeune arm\u00e9nien, dans le cours d&#039;informatique que je donne chaque matin \u00e0 diff\u00e9rents groupes d&#039;enfants.\" data-e-action-hash=\"#elementor-action%3Aaction%3Dlightbox%26settings%3DeyJpZCI6ODc4LCJ1cmwiOiJodHRwczpcL1wvY29tZWRlcHJldmlsbGUuZnJcL3dwLWNvbnRlbnRcL3VwbG9hZHNcLzIwMjFcLzExXC9Uc2FnaGthZHpvci1DYW1wLUNvbWUtMTE5LmpwZyIsInNsaWRlc2hvdyI6IjRiNjczNjcifQ%3D%3D\">\n\t\t\t\t\t<div class=\"e-gallery-image elementor-gallery-item__image\" data-thumbnail=\"https:\/\/comedepreville.fr\/wp-content\/uploads\/2021\/11\/Tsaghkadzor-Camp-Come-119-1024x678.jpg\" data-width=\"800\" data-height=\"530\" aria-label=\"\" role=\"img\" ><\/div>\n\t\t\t\t\t\t\t\t\t\t\t<div class=\"elementor-gallery-item__overlay\"><\/div>\n\t\t\t\t\t\t\t\t\t\t\t\t\t\t\t<div class=\"elementor-gallery-item__content\">\n\t\t\t\t\t\t\t\t\t\t\t\t\t\t<div class=\"elementor-gallery-item__description\">\n\t\t\t\t\t\t\t\t\t\t\t\t\t\t\t\t\t\tD\u00e9couverte de l'ordinateur pour un jeune arm\u00e9nien, dans le cours d'informatique que je donne chaque matin \u00e0 diff\u00e9rents groupes d'enfants.\t\t\t\t\t\t\t\t<\/div>\n\t\t\t\t\t\t\t\t\t\t\t\t<\/div>\n\t\t\t\t\t\t\t\t\t<\/a>\n\t\t\t\t\t\t\t<a class=\"e-gallery-item elementor-gallery-item elementor-animated-content\" href=\"https:\/\/comedepreville.fr\/wp-content\/uploads\/2021\/11\/Tsaghkadzor-Camp-Come-90.jpg\" data-elementor-open-lightbox=\"yes\" data-elementor-lightbox-slideshow=\"4b67367\" data-elementor-lightbox-description=\"Agob relance la bataille d&#039;eau !\" data-e-action-hash=\"#elementor-action%3Aaction%3Dlightbox%26settings%3DeyJpZCI6ODUwLCJ1cmwiOiJodHRwczpcL1wvY29tZWRlcHJldmlsbGUuZnJcL3dwLWNvbnRlbnRcL3VwbG9hZHNcLzIwMjFcLzExXC9Uc2FnaGthZHpvci1DYW1wLUNvbWUtOTAuanBnIiwic2xpZGVzaG93IjoiNGI2NzM2NyJ9\">\n\t\t\t\t\t<div class=\"e-gallery-image elementor-gallery-item__image\" data-thumbnail=\"https:\/\/comedepreville.fr\/wp-content\/uploads\/2021\/11\/Tsaghkadzor-Camp-Come-90-678x1024.jpg\" data-width=\"678\" data-height=\"1024\" aria-label=\"\" role=\"img\" ><\/div>\n\t\t\t\t\t\t\t\t\t\t\t<div class=\"elementor-gallery-item__overlay\"><\/div>\n\t\t\t\t\t\t\t\t\t\t\t\t\t\t\t<div class=\"elementor-gallery-item__content\">\n\t\t\t\t\t\t\t\t\t\t\t\t\t\t<div class=\"elementor-gallery-item__description\">\n\t\t\t\t\t\t\t\t\t\t\t\t\t\t\t\t\t\tAgob relance la bataille d'eau !\t\t\t\t\t\t\t\t<\/div>\n\t\t\t\t\t\t\t\t\t\t\t\t<\/div>\n\t\t\t\t\t\t\t\t\t<\/a>\n\t\t\t\t\t\t\t<a class=\"e-gallery-item elementor-gallery-item elementor-animated-content\" href=\"https:\/\/comedepreville.fr\/wp-content\/uploads\/2025\/02\/CDPX4294_print-1-scaled.jpg\" data-elementor-open-lightbox=\"yes\" data-elementor-lightbox-slideshow=\"4b67367\" data-elementor-lightbox-description=\"Sieste en pleine rue \u00e0 Marrakech\" data-e-action-hash=\"#elementor-action%3Aaction%3Dlightbox%26settings%3DeyJpZCI6NDUwMiwidXJsIjoiaHR0cHM6XC9cL2NvbWVkZXByZXZpbGxlLmZyXC93cC1jb250ZW50XC91cGxvYWRzXC8yMDI1XC8wMlwvQ0RQWDQyOTRfcHJpbnQtMS1zY2FsZWQuanBnIiwic2xpZGVzaG93IjoiNGI2NzM2NyJ9\">\n\t\t\t\t\t<div class=\"e-gallery-image elementor-gallery-item__image\" data-thumbnail=\"https:\/\/comedepreville.fr\/wp-content\/uploads\/2025\/02\/CDPX4294_print-1-1024x768.jpg\" data-width=\"800\" data-height=\"600\" aria-label=\"\" role=\"img\" ><\/div>\n\t\t\t\t\t\t\t\t\t\t\t<div class=\"elementor-gallery-item__overlay\"><\/div>\n\t\t\t\t\t\t\t\t\t\t\t\t\t\t\t<div class=\"elementor-gallery-item__content\">\n\t\t\t\t\t\t\t\t\t\t\t\t\t\t<div class=\"elementor-gallery-item__description\">\n\t\t\t\t\t\t\t\t\t\t\t\t\t\t\t\t\t\tSieste en pleine rue \u00e0 Marrakech\t\t\t\t\t\t\t\t<\/div>\n\t\t\t\t\t\t\t\t\t\t\t\t<\/div>\n\t\t\t\t\t\t\t\t\t<\/a>\n\t\t\t\t\t\t\t<a class=\"e-gallery-item elementor-gallery-item elementor-animated-content\" href=\"https:\/\/comedepreville.fr\/wp-content\/uploads\/2022\/03\/CDP_7441.jpg\" data-elementor-open-lightbox=\"yes\" data-elementor-lightbox-slideshow=\"4b67367\" data-elementor-lightbox-description=\"Emission consacr\u00e9e \u00e0 la course au large avec Clarisse Cremer\" data-e-action-hash=\"#elementor-action%3Aaction%3Dlightbox%26settings%3DeyJpZCI6MTcxNSwidXJsIjoiaHR0cHM6XC9cL2NvbWVkZXByZXZpbGxlLmZyXC93cC1jb250ZW50XC91cGxvYWRzXC8yMDIyXC8wM1wvQ0RQXzc0NDEuanBnIiwic2xpZGVzaG93IjoiNGI2NzM2NyJ9\">\n\t\t\t\t\t<div class=\"e-gallery-image elementor-gallery-item__image\" data-thumbnail=\"https:\/\/comedepreville.fr\/wp-content\/uploads\/2022\/03\/CDP_7441-678x1024.jpg\" data-width=\"678\" data-height=\"1024\" aria-label=\"\" role=\"img\" ><\/div>\n\t\t\t\t\t\t\t\t\t\t\t<div class=\"elementor-gallery-item__overlay\"><\/div>\n\t\t\t\t\t\t\t\t\t\t\t\t\t\t\t<div class=\"elementor-gallery-item__content\">\n\t\t\t\t\t\t\t\t\t\t\t\t\t\t<div class=\"elementor-gallery-item__description\">\n\t\t\t\t\t\t\t\t\t\t\t\t\t\t\t\t\t\tEmission consacr\u00e9e \u00e0 la course au large avec Clarisse Cremer\t\t\t\t\t\t\t\t<\/div>\n\t\t\t\t\t\t\t\t\t\t\t\t<\/div>\n\t\t\t\t\t\t\t\t\t<\/a>\n\t\t\t\t\t\t\t<a class=\"e-gallery-item elementor-gallery-item elementor-animated-content\" href=\"https:\/\/comedepreville.fr\/wp-content\/uploads\/2021\/11\/Armenie-Come-2021-109.jpg\" data-elementor-open-lightbox=\"yes\" data-elementor-lightbox-slideshow=\"4b67367\" data-elementor-lightbox-description=\"Brume \u00e9paisse dans les gorges de Khndzoresk. \" data-e-action-hash=\"#elementor-action%3Aaction%3Dlightbox%26settings%3DeyJpZCI6NDAwLCJ1cmwiOiJodHRwczpcL1wvY29tZWRlcHJldmlsbGUuZnJcL3dwLWNvbnRlbnRcL3VwbG9hZHNcLzIwMjFcLzExXC9Bcm1lbmllLUNvbWUtMjAyMS0xMDkuanBnIiwic2xpZGVzaG93IjoiNGI2NzM2NyJ9\">\n\t\t\t\t\t<div class=\"e-gallery-image elementor-gallery-item__image\" data-thumbnail=\"https:\/\/comedepreville.fr\/wp-content\/uploads\/2021\/11\/Armenie-Come-2021-109-1024x768.jpg\" data-width=\"800\" data-height=\"600\" aria-label=\"Khndzoresk arm\u00e9nie\" role=\"img\" ><\/div>\n\t\t\t\t\t\t\t\t\t\t\t<div class=\"elementor-gallery-item__overlay\"><\/div>\n\t\t\t\t\t\t\t\t\t\t\t\t\t\t\t<div class=\"elementor-gallery-item__content\">\n\t\t\t\t\t\t\t\t\t\t\t\t\t\t<div class=\"elementor-gallery-item__description\">\n\t\t\t\t\t\t\t\t\t\t\t\t\t\t\t\t\t\tBrume \u00e9paisse dans les gorges de Khndzoresk. \t\t\t\t\t\t\t\t<\/div>\n\t\t\t\t\t\t\t\t\t\t\t\t<\/div>\n\t\t\t\t\t\t\t\t\t<\/a>\n\t\t\t\t\t\t\t<a class=\"e-gallery-item elementor-gallery-item elementor-animated-content\" href=\"https:\/\/comedepreville.fr\/wp-content\/uploads\/2025\/01\/CDP_7358_web.jpg\" data-elementor-open-lightbox=\"yes\" data-elementor-lightbox-slideshow=\"4b67367\" data-elementor-lightbox-description=\"Messe apostolique \u00e0 Erevan, en Arm\u00e9nie\" data-e-action-hash=\"#elementor-action%3Aaction%3Dlightbox%26settings%3DeyJpZCI6MzY0MSwidXJsIjoiaHR0cHM6XC9cL2NvbWVkZXByZXZpbGxlLmZyXC93cC1jb250ZW50XC91cGxvYWRzXC8yMDI1XC8wMVwvQ0RQXzczNThfd2ViLmpwZyIsInNsaWRlc2hvdyI6IjRiNjczNjcifQ%3D%3D\">\n\t\t\t\t\t<div class=\"e-gallery-image elementor-gallery-item__image\" data-thumbnail=\"https:\/\/comedepreville.fr\/wp-content\/uploads\/2025\/01\/CDP_7358_web-683x1024.jpg\" data-width=\"683\" data-height=\"1024\" aria-label=\"\" role=\"img\" ><\/div>\n\t\t\t\t\t\t\t\t\t\t\t<div class=\"elementor-gallery-item__overlay\"><\/div>\n\t\t\t\t\t\t\t\t\t\t\t\t\t\t\t<div class=\"elementor-gallery-item__content\">\n\t\t\t\t\t\t\t\t\t\t\t\t\t\t<div class=\"elementor-gallery-item__description\">\n\t\t\t\t\t\t\t\t\t\t\t\t\t\t\t\t\t\tMesse apostolique \u00e0 Erevan, en Arm\u00e9nie\t\t\t\t\t\t\t\t<\/div>\n\t\t\t\t\t\t\t\t\t\t\t\t<\/div>\n\t\t\t\t\t\t\t\t\t<\/a>\n\t\t\t\t\t\t\t<a class=\"e-gallery-item elementor-gallery-item elementor-animated-content\" href=\"https:\/\/comedepreville.fr\/wp-content\/uploads\/2024\/07\/CDP_5750_web-2.jpg\" data-elementor-open-lightbox=\"yes\" data-elementor-lightbox-slideshow=\"4b67367\" data-elementor-lightbox-description=\"Brest\" data-e-action-hash=\"#elementor-action%3Aaction%3Dlightbox%26settings%3DeyJpZCI6MzQ5MSwidXJsIjoiaHR0cHM6XC9cL2NvbWVkZXByZXZpbGxlLmZyXC93cC1jb250ZW50XC91cGxvYWRzXC8yMDI0XC8wN1wvQ0RQXzU3NTBfd2ViLTIuanBnIiwic2xpZGVzaG93IjoiNGI2NzM2NyJ9\">\n\t\t\t\t\t<div class=\"e-gallery-image elementor-gallery-item__image\" data-thumbnail=\"https:\/\/comedepreville.fr\/wp-content\/uploads\/2024\/07\/CDP_5750_web-2-722x1024.jpg\" data-width=\"722\" data-height=\"1024\" aria-label=\"\" role=\"img\" ><\/div>\n\t\t\t\t\t\t\t\t\t\t\t<div class=\"elementor-gallery-item__overlay\"><\/div>\n\t\t\t\t\t\t\t\t\t\t\t\t\t\t\t<div class=\"elementor-gallery-item__content\">\n\t\t\t\t\t\t\t\t\t\t\t\t\t\t<div class=\"elementor-gallery-item__description\">\n\t\t\t\t\t\t\t\t\t\t\t\t\t\t\t\t\t\tBrest\t\t\t\t\t\t\t\t<\/div>\n\t\t\t\t\t\t\t\t\t\t\t\t<\/div>\n\t\t\t\t\t\t\t\t\t<\/a>\n\t\t\t\t\t\t\t<a class=\"e-gallery-item elementor-gallery-item elementor-animated-content\" href=\"https:\/\/comedepreville.fr\/wp-content\/uploads\/2021\/11\/Armenie-Come-2021-28.jpg\" data-elementor-open-lightbox=\"yes\" data-elementor-lightbox-slideshow=\"4b67367\" data-elementor-lightbox-description=\"Embarquement les pieds dans l\u2019eau sur le bateau qui fait la travers\u00e9e du lac Sevan.\" data-e-action-hash=\"#elementor-action%3Aaction%3Dlightbox%26settings%3DeyJpZCI6MTgxLCJ1cmwiOiJodHRwczpcL1wvY29tZWRlcHJldmlsbGUuZnJcL3dwLWNvbnRlbnRcL3VwbG9hZHNcLzIwMjFcLzExXC9Bcm1lbmllLUNvbWUtMjAyMS0yOC5qcGciLCJzbGlkZXNob3ciOiI0YjY3MzY3In0%3D\">\n\t\t\t\t\t<div class=\"e-gallery-image elementor-gallery-item__image\" data-thumbnail=\"https:\/\/comedepreville.fr\/wp-content\/uploads\/2021\/11\/Armenie-Come-2021-28-678x1024.jpg\" data-width=\"678\" data-height=\"1024\" aria-label=\"sevan boat\" role=\"img\" ><\/div>\n\t\t\t\t\t\t\t\t\t\t\t<div class=\"elementor-gallery-item__overlay\"><\/div>\n\t\t\t\t\t\t\t\t\t\t\t\t\t\t\t<div class=\"elementor-gallery-item__content\">\n\t\t\t\t\t\t\t\t\t\t\t\t\t\t<div class=\"elementor-gallery-item__description\">\n\t\t\t\t\t\t\t\t\t\t\t\t\t\t\t\t\t\tEmbarquement les pieds dans l\u2019eau sur le bateau qui fait la travers\u00e9e du lac Sevan.\t\t\t\t\t\t\t\t<\/div>\n\t\t\t\t\t\t\t\t\t\t\t\t<\/div>\n\t\t\t\t\t\t\t\t\t<\/a>\n\t\t\t\t\t\t\t<a class=\"e-gallery-item elementor-gallery-item elementor-animated-content\" href=\"https:\/\/comedepreville.fr\/wp-content\/uploads\/2022\/03\/DSC_6040-edited.jpg\" data-elementor-open-lightbox=\"yes\" data-elementor-lightbox-slideshow=\"4b67367\" data-elementor-lightbox-description=\"Alpes\" data-e-action-hash=\"#elementor-action%3Aaction%3Dlightbox%26settings%3DeyJpZCI6MTcxNiwidXJsIjoiaHR0cHM6XC9cL2NvbWVkZXByZXZpbGxlLmZyXC93cC1jb250ZW50XC91cGxvYWRzXC8yMDIyXC8wM1wvRFNDXzYwNDAtZWRpdGVkLmpwZyIsInNsaWRlc2hvdyI6IjRiNjczNjcifQ%3D%3D\">\n\t\t\t\t\t<div class=\"e-gallery-image elementor-gallery-item__image\" data-thumbnail=\"https:\/\/comedepreville.fr\/wp-content\/uploads\/2022\/03\/DSC_6040-edited-645x1024.jpg\" data-width=\"645\" data-height=\"1024\" aria-label=\"\" role=\"img\" ><\/div>\n\t\t\t\t\t\t\t\t\t\t\t<div class=\"elementor-gallery-item__overlay\"><\/div>\n\t\t\t\t\t\t\t\t\t\t\t\t\t\t\t<div class=\"elementor-gallery-item__content\">\n\t\t\t\t\t\t\t\t\t\t\t\t\t\t<div class=\"elementor-gallery-item__description\">\n\t\t\t\t\t\t\t\t\t\t\t\t\t\t\t\t\t\tAlpes\t\t\t\t\t\t\t\t<\/div>\n\t\t\t\t\t\t\t\t\t\t\t\t<\/div>\n\t\t\t\t\t\t\t\t\t<\/a>\n\t\t\t\t\t\t\t<a class=\"e-gallery-item elementor-gallery-item elementor-animated-content\" href=\"https:\/\/comedepreville.fr\/wp-content\/uploads\/2022\/03\/CIRX2488.jpg\" data-elementor-open-lightbox=\"yes\" data-elementor-lightbox-slideshow=\"4b67367\" data-elementor-lightbox-description=\"Banc de Kergonan, Golfe du Morbihan\" data-e-action-hash=\"#elementor-action%3Aaction%3Dlightbox%26settings%3DeyJpZCI6MTczNiwidXJsIjoiaHR0cHM6XC9cL2NvbWVkZXByZXZpbGxlLmZyXC93cC1jb250ZW50XC91cGxvYWRzXC8yMDIyXC8wM1wvQ0lSWDI0ODguanBnIiwic2xpZGVzaG93IjoiNGI2NzM2NyJ9\">\n\t\t\t\t\t<div class=\"e-gallery-image elementor-gallery-item__image\" data-thumbnail=\"https:\/\/comedepreville.fr\/wp-content\/uploads\/2022\/03\/CIRX2488-768x1024.jpg\" data-width=\"768\" data-height=\"1024\" aria-label=\"\" role=\"img\" ><\/div>\n\t\t\t\t\t\t\t\t\t\t\t<div class=\"elementor-gallery-item__overlay\"><\/div>\n\t\t\t\t\t\t\t\t\t\t\t\t\t\t\t<div class=\"elementor-gallery-item__content\">\n\t\t\t\t\t\t\t\t\t\t\t\t\t\t<div class=\"elementor-gallery-item__description\">\n\t\t\t\t\t\t\t\t\t\t\t\t\t\t\t\t\t\tBanc de Kergonan, Golfe du Morbihan\t\t\t\t\t\t\t\t<\/div>\n\t\t\t\t\t\t\t\t\t\t\t\t<\/div>\n\t\t\t\t\t\t\t\t\t<\/a>\n\t\t\t\t\t\t\t<a class=\"e-gallery-item elementor-gallery-item elementor-animated-content\" href=\"https:\/\/comedepreville.fr\/wp-content\/uploads\/2021\/11\/Armenie-Come-2021-30.jpg\" data-elementor-open-lightbox=\"yes\" data-elementor-lightbox-slideshow=\"4b67367\" data-elementor-lightbox-description=\"Au centre de l\u2019Arm\u00e9nie. Des carcasses de voitures et de camions s\u2019amassent sur le bord de la route ; on aper\u00e7oit au loin la croix qui surplombe le grand cimeti\u00e8re de Noratus.\" data-e-action-hash=\"#elementor-action%3Aaction%3Dlightbox%26settings%3DeyJpZCI6MTgzLCJ1cmwiOiJodHRwczpcL1wvY29tZWRlcHJldmlsbGUuZnJcL3dwLWNvbnRlbnRcL3VwbG9hZHNcLzIwMjFcLzExXC9Bcm1lbmllLUNvbWUtMjAyMS0zMC5qcGciLCJzbGlkZXNob3ciOiI0YjY3MzY3In0%3D\">\n\t\t\t\t\t<div class=\"e-gallery-image elementor-gallery-item__image\" data-thumbnail=\"https:\/\/comedepreville.fr\/wp-content\/uploads\/2021\/11\/Armenie-Come-2021-30-1024x732.jpg\" data-width=\"800\" data-height=\"572\" aria-label=\"noratus\" role=\"img\" ><\/div>\n\t\t\t\t\t\t\t\t\t\t\t<div class=\"elementor-gallery-item__overlay\"><\/div>\n\t\t\t\t\t\t\t\t\t\t\t\t\t\t\t<div class=\"elementor-gallery-item__content\">\n\t\t\t\t\t\t\t\t\t\t\t\t\t\t<div class=\"elementor-gallery-item__description\">\n\t\t\t\t\t\t\t\t\t\t\t\t\t\t\t\t\t\tAu centre de l\u2019Arm\u00e9nie. Des carcasses de voitures et de camions s\u2019amassent sur le bord de la route ; on aper\u00e7oit au loin la croix qui surplombe le grand cimeti\u00e8re de Noratus.\t\t\t\t\t\t\t\t<\/div>\n\t\t\t\t\t\t\t\t\t\t\t\t<\/div>\n\t\t\t\t\t\t\t\t\t<\/a>\n\t\t\t\t\t\t\t<a class=\"e-gallery-item elementor-gallery-item elementor-animated-content\" href=\"https:\/\/comedepreville.fr\/wp-content\/uploads\/2022\/01\/E3B9FCFD-5CA0-43C3-AFAD-4422E9358A6D-587-00000034CD2AFDC9.jpeg\" data-elementor-open-lightbox=\"yes\" data-elementor-lightbox-slideshow=\"4b67367\" data-elementor-lightbox-description=\"Sieste en mer\" data-e-action-hash=\"#elementor-action%3Aaction%3Dlightbox%26settings%3DeyJpZCI6MTExNiwidXJsIjoiaHR0cHM6XC9cL2NvbWVkZXByZXZpbGxlLmZyXC93cC1jb250ZW50XC91cGxvYWRzXC8yMDIyXC8wMVwvRTNCOUZDRkQtNUNBMC00M0MzLUFGQUQtNDQyMkU5MzU4QTZELTU4Ny0wMDAwMDAzNENEMkFGREM5LmpwZWciLCJzbGlkZXNob3ciOiI0YjY3MzY3In0%3D\">\n\t\t\t\t\t<div class=\"e-gallery-image elementor-gallery-item__image\" data-thumbnail=\"https:\/\/comedepreville.fr\/wp-content\/uploads\/2022\/01\/E3B9FCFD-5CA0-43C3-AFAD-4422E9358A6D-587-00000034CD2AFDC9-768x1024.jpeg\" data-width=\"768\" data-height=\"1024\" aria-label=\"\" role=\"img\" ><\/div>\n\t\t\t\t\t\t\t\t\t\t\t<div class=\"elementor-gallery-item__overlay\"><\/div>\n\t\t\t\t\t\t\t\t\t\t\t\t\t\t\t<div class=\"elementor-gallery-item__content\">\n\t\t\t\t\t\t\t\t\t\t\t\t\t\t<div class=\"elementor-gallery-item__description\">\n\t\t\t\t\t\t\t\t\t\t\t\t\t\t\t\t\t\tSieste en mer\t\t\t\t\t\t\t\t<\/div>\n\t\t\t\t\t\t\t\t\t\t\t\t<\/div>\n\t\t\t\t\t\t\t\t\t<\/a>\n\t\t\t\t\t\t\t<a class=\"e-gallery-item elementor-gallery-item elementor-animated-content\" href=\"https:\/\/comedepreville.fr\/wp-content\/uploads\/2022\/12\/CDPX0886.jpg\" data-elementor-open-lightbox=\"yes\" data-elementor-lightbox-slideshow=\"4b67367\" data-elementor-lightbox-description=\"La tour Effeil vue depuis ND des Champs\" data-e-action-hash=\"#elementor-action%3Aaction%3Dlightbox%26settings%3DeyJpZCI6MzIwMCwidXJsIjoiaHR0cHM6XC9cL2NvbWVkZXByZXZpbGxlLmZyXC93cC1jb250ZW50XC91cGxvYWRzXC8yMDIyXC8xMlwvQ0RQWDA4ODYuanBnIiwic2xpZGVzaG93IjoiNGI2NzM2NyJ9\">\n\t\t\t\t\t<div class=\"e-gallery-image elementor-gallery-item__image\" data-thumbnail=\"https:\/\/comedepreville.fr\/wp-content\/uploads\/2022\/12\/CDPX0886-768x1024.jpg\" data-width=\"768\" data-height=\"1024\" aria-label=\"\" role=\"img\" ><\/div>\n\t\t\t\t\t\t\t\t\t\t\t<div class=\"elementor-gallery-item__overlay\"><\/div>\n\t\t\t\t\t\t\t\t\t\t\t\t\t\t\t<div class=\"elementor-gallery-item__content\">\n\t\t\t\t\t\t\t\t\t\t\t\t\t\t<div class=\"elementor-gallery-item__description\">\n\t\t\t\t\t\t\t\t\t\t\t\t\t\t\t\t\t\tLa tour Effeil vue depuis ND des Champs\t\t\t\t\t\t\t\t<\/div>\n\t\t\t\t\t\t\t\t\t\t\t\t<\/div>\n\t\t\t\t\t\t\t\t\t<\/a>\n\t\t\t\t\t\t\t<a class=\"e-gallery-item elementor-gallery-item elementor-animated-content\" href=\"https:\/\/comedepreville.fr\/wp-content\/uploads\/2022\/02\/CIRX1558.jpg\" data-elementor-open-lightbox=\"yes\" data-elementor-lightbox-slideshow=\"4b67367\" data-elementor-lightbox-description=\"Pause d\u00e9jeuner au sommet d&#039;Armaghan, en Arm\u00e9nie, dans la structure qui jouxte une petite chapelle.\" data-e-action-hash=\"#elementor-action%3Aaction%3Dlightbox%26settings%3DeyJpZCI6MTEzOSwidXJsIjoiaHR0cHM6XC9cL2NvbWVkZXByZXZpbGxlLmZyXC93cC1jb250ZW50XC91cGxvYWRzXC8yMDIyXC8wMlwvQ0lSWDE1NTguanBnIiwic2xpZGVzaG93IjoiNGI2NzM2NyJ9\">\n\t\t\t\t\t<div class=\"e-gallery-image elementor-gallery-item__image\" data-thumbnail=\"https:\/\/comedepreville.fr\/wp-content\/uploads\/2022\/02\/CIRX1558-1024x768.jpg\" data-width=\"800\" data-height=\"600\" aria-label=\"\" role=\"img\" ><\/div>\n\t\t\t\t\t\t\t\t\t\t\t<div class=\"elementor-gallery-item__overlay\"><\/div>\n\t\t\t\t\t\t\t\t\t\t\t\t\t\t\t<div class=\"elementor-gallery-item__content\">\n\t\t\t\t\t\t\t\t\t\t\t\t\t\t<div class=\"elementor-gallery-item__description\">\n\t\t\t\t\t\t\t\t\t\t\t\t\t\t\t\t\t\tPause d\u00e9jeuner au sommet d'Armaghan, en Arm\u00e9nie, dans la structure qui jouxte une petite chapelle.\t\t\t\t\t\t\t\t<\/div>\n\t\t\t\t\t\t\t\t\t\t\t\t<\/div>\n\t\t\t\t\t\t\t\t\t<\/a>\n\t\t\t\t\t\t\t<a class=\"e-gallery-item elementor-gallery-item elementor-animated-content\" href=\"https:\/\/comedepreville.fr\/wp-content\/uploads\/2022\/03\/CIR_7634-edited.jpg\" data-elementor-open-lightbox=\"yes\" data-elementor-lightbox-slideshow=\"4b67367\" data-elementor-lightbox-description=\"IIIe R\u00e9giment d&#039;Infanterie de Marine\" data-e-action-hash=\"#elementor-action%3Aaction%3Dlightbox%26settings%3DeyJpZCI6MTcyMCwidXJsIjoiaHR0cHM6XC9cL2NvbWVkZXByZXZpbGxlLmZyXC93cC1jb250ZW50XC91cGxvYWRzXC8yMDIyXC8wM1wvQ0lSXzc2MzQtZWRpdGVkLmpwZyIsInNsaWRlc2hvdyI6IjRiNjczNjcifQ%3D%3D\">\n\t\t\t\t\t<div class=\"e-gallery-image elementor-gallery-item__image\" data-thumbnail=\"https:\/\/comedepreville.fr\/wp-content\/uploads\/2022\/03\/CIR_7634-edited-1024x678.jpg\" data-width=\"800\" data-height=\"530\" aria-label=\"\" role=\"img\" ><\/div>\n\t\t\t\t\t\t\t\t\t\t\t<div class=\"elementor-gallery-item__overlay\"><\/div>\n\t\t\t\t\t\t\t\t\t\t\t\t\t\t\t<div class=\"elementor-gallery-item__content\">\n\t\t\t\t\t\t\t\t\t\t\t\t\t\t<div class=\"elementor-gallery-item__description\">\n\t\t\t\t\t\t\t\t\t\t\t\t\t\t\t\t\t\tIIIe R\u00e9giment d'Infanterie de Marine\t\t\t\t\t\t\t\t<\/div>\n\t\t\t\t\t\t\t\t\t\t\t\t<\/div>\n\t\t\t\t\t\t\t\t\t<\/a>\n\t\t\t\t\t\t\t<a class=\"e-gallery-item elementor-gallery-item elementor-animated-content\" href=\"https:\/\/comedepreville.fr\/wp-content\/uploads\/2021\/11\/Tsaghkadzor-Camp-Come-66-1.jpg\" data-elementor-open-lightbox=\"yes\" data-elementor-lightbox-slideshow=\"4b67367\" data-elementor-lightbox-description=\"Orphelins arm\u00e9niens\" data-e-action-hash=\"#elementor-action%3Aaction%3Dlightbox%26settings%3DeyJpZCI6ODI2LCJ1cmwiOiJodHRwczpcL1wvY29tZWRlcHJldmlsbGUuZnJcL3dwLWNvbnRlbnRcL3VwbG9hZHNcLzIwMjFcLzExXC9Uc2FnaGthZHpvci1DYW1wLUNvbWUtNjYtMS5qcGciLCJzbGlkZXNob3ciOiI0YjY3MzY3In0%3D\">\n\t\t\t\t\t<div class=\"e-gallery-image elementor-gallery-item__image\" data-thumbnail=\"https:\/\/comedepreville.fr\/wp-content\/uploads\/2021\/11\/Tsaghkadzor-Camp-Come-66-1-1024x678.jpg\" data-width=\"800\" data-height=\"530\" aria-label=\"\" role=\"img\" ><\/div>\n\t\t\t\t\t\t\t\t\t\t\t<div class=\"elementor-gallery-item__overlay\"><\/div>\n\t\t\t\t\t\t\t\t\t\t\t\t\t\t\t<div class=\"elementor-gallery-item__content\">\n\t\t\t\t\t\t\t\t\t\t\t\t\t\t<div class=\"elementor-gallery-item__description\">\n\t\t\t\t\t\t\t\t\t\t\t\t\t\t\t\t\t\tOrphelins arm\u00e9niens\t\t\t\t\t\t\t\t<\/div>\n\t\t\t\t\t\t\t\t\t\t\t\t<\/div>\n\t\t\t\t\t\t\t\t\t<\/a>\n\t\t\t\t\t\t\t<a class=\"e-gallery-item elementor-gallery-item elementor-animated-content\" href=\"https:\/\/comedepreville.fr\/wp-content\/uploads\/2024\/07\/CDP_5645_web.jpg\" data-elementor-open-lightbox=\"yes\" data-elementor-lightbox-slideshow=\"4b67367\" data-elementor-lightbox-description=\"Gr\u00e9\u00e9ment\" data-e-action-hash=\"#elementor-action%3Aaction%3Dlightbox%26settings%3DeyJpZCI6MzQ3NywidXJsIjoiaHR0cHM6XC9cL2NvbWVkZXByZXZpbGxlLmZyXC93cC1jb250ZW50XC91cGxvYWRzXC8yMDI0XC8wN1wvQ0RQXzU2NDVfd2ViLmpwZyIsInNsaWRlc2hvdyI6IjRiNjczNjcifQ%3D%3D\">\n\t\t\t\t\t<div class=\"e-gallery-image elementor-gallery-item__image\" data-thumbnail=\"https:\/\/comedepreville.fr\/wp-content\/uploads\/2024\/07\/CDP_5645_web-678x1024.jpg\" data-width=\"678\" data-height=\"1024\" aria-label=\"\" role=\"img\" ><\/div>\n\t\t\t\t\t\t\t\t\t\t\t<div class=\"elementor-gallery-item__overlay\"><\/div>\n\t\t\t\t\t\t\t\t\t\t\t\t\t\t\t<div class=\"elementor-gallery-item__content\">\n\t\t\t\t\t\t\t\t\t\t\t\t\t\t<div class=\"elementor-gallery-item__description\">\n\t\t\t\t\t\t\t\t\t\t\t\t\t\t\t\t\t\tGr\u00e9\u00e9ment\t\t\t\t\t\t\t\t<\/div>\n\t\t\t\t\t\t\t\t\t\t\t\t<\/div>\n\t\t\t\t\t\t\t\t\t<\/a>\n\t\t\t\t\t\t\t<a class=\"e-gallery-item elementor-gallery-item elementor-animated-content\" href=\"https:\/\/comedepreville.fr\/wp-content\/uploads\/2022\/03\/CIR_7571-edited.jpg\" data-elementor-open-lightbox=\"yes\" data-elementor-lightbox-slideshow=\"4b67367\" data-elementor-lightbox-description=\"IIIe R\u00e9giment d&#039;Infanterie de Marine\" data-e-action-hash=\"#elementor-action%3Aaction%3Dlightbox%26settings%3DeyJpZCI6MTczNywidXJsIjoiaHR0cHM6XC9cL2NvbWVkZXByZXZpbGxlLmZyXC93cC1jb250ZW50XC91cGxvYWRzXC8yMDIyXC8wM1wvQ0lSXzc1NzEtZWRpdGVkLmpwZyIsInNsaWRlc2hvdyI6IjRiNjczNjcifQ%3D%3D\">\n\t\t\t\t\t<div class=\"e-gallery-image elementor-gallery-item__image\" data-thumbnail=\"https:\/\/comedepreville.fr\/wp-content\/uploads\/2022\/03\/CIR_7571-edited-1024x678.jpg\" data-width=\"800\" data-height=\"530\" aria-label=\"\" role=\"img\" ><\/div>\n\t\t\t\t\t\t\t\t\t\t\t<div class=\"elementor-gallery-item__overlay\"><\/div>\n\t\t\t\t\t\t\t\t\t\t\t\t\t\t\t<div class=\"elementor-gallery-item__content\">\n\t\t\t\t\t\t\t\t\t\t\t\t\t\t<div class=\"elementor-gallery-item__description\">\n\t\t\t\t\t\t\t\t\t\t\t\t\t\t\t\t\t\tIIIe R\u00e9giment d'Infanterie de Marine\t\t\t\t\t\t\t\t<\/div>\n\t\t\t\t\t\t\t\t\t\t\t\t<\/div>\n\t\t\t\t\t\t\t\t\t<\/a>\n\t\t\t\t\t\t\t<a class=\"e-gallery-item elementor-gallery-item elementor-animated-content\" href=\"https:\/\/comedepreville.fr\/wp-content\/uploads\/2021\/11\/Tsaghkadzor-Camp-Come-2.jpg\" data-elementor-open-lightbox=\"yes\" data-elementor-lightbox-slideshow=\"4b67367\" data-elementor-lightbox-description=\"Les enfants se placent en file avec ferveur \u00e0 la fin de la messe pour recevoir la b\u00e9n\u00e9diction du P\u00e8re. Celui-ci leur place la petite croix arm\u00e9nienne qu&#039;il porte sur la t\u00eate.\" data-e-action-hash=\"#elementor-action%3Aaction%3Dlightbox%26settings%3DeyJpZCI6ODk3LCJ1cmwiOiJodHRwczpcL1wvY29tZWRlcHJldmlsbGUuZnJcL3dwLWNvbnRlbnRcL3VwbG9hZHNcLzIwMjFcLzExXC9Uc2FnaGthZHpvci1DYW1wLUNvbWUtMi5qcGciLCJzbGlkZXNob3ciOiI0YjY3MzY3In0%3D\">\n\t\t\t\t\t<div class=\"e-gallery-image elementor-gallery-item__image\" data-thumbnail=\"https:\/\/comedepreville.fr\/wp-content\/uploads\/2021\/11\/Tsaghkadzor-Camp-Come-2-768x1024.jpg\" data-width=\"768\" data-height=\"1024\" aria-label=\"\" role=\"img\" ><\/div>\n\t\t\t\t\t\t\t\t\t\t\t<div class=\"elementor-gallery-item__overlay\"><\/div>\n\t\t\t\t\t\t\t\t\t\t\t\t\t\t\t<div class=\"elementor-gallery-item__content\">\n\t\t\t\t\t\t\t\t\t\t\t\t\t\t<div class=\"elementor-gallery-item__description\">\n\t\t\t\t\t\t\t\t\t\t\t\t\t\t\t\t\t\tLes enfants se placent en file avec ferveur \u00e0 la fin de la messe pour recevoir la b\u00e9n\u00e9diction du P\u00e8re. Celui-ci leur place la petite croix arm\u00e9nienne qu'il porte sur la t\u00eate.\t\t\t\t\t\t\t\t<\/div>\n\t\t\t\t\t\t\t\t\t\t\t\t<\/div>\n\t\t\t\t\t\t\t\t\t<\/a>\n\t\t\t\t\t\t\t<a class=\"e-gallery-item elementor-gallery-item elementor-animated-content\" href=\"https:\/\/comedepreville.fr\/wp-content\/uploads\/2024\/07\/CDP_5807_web.jpg\" data-elementor-open-lightbox=\"yes\" data-elementor-lightbox-slideshow=\"4b67367\" data-elementor-lightbox-description=\"F\u00eates maritimes de Brest\" data-e-action-hash=\"#elementor-action%3Aaction%3Dlightbox%26settings%3DeyJpZCI6MzUwMSwidXJsIjoiaHR0cHM6XC9cL2NvbWVkZXByZXZpbGxlLmZyXC93cC1jb250ZW50XC91cGxvYWRzXC8yMDI0XC8wN1wvQ0RQXzU4MDdfd2ViLmpwZyIsInNsaWRlc2hvdyI6IjRiNjczNjcifQ%3D%3D\">\n\t\t\t\t\t<div class=\"e-gallery-image elementor-gallery-item__image\" data-thumbnail=\"https:\/\/comedepreville.fr\/wp-content\/uploads\/2024\/07\/CDP_5807_web-1024x678.jpg\" data-width=\"800\" data-height=\"530\" aria-label=\"\" role=\"img\" ><\/div>\n\t\t\t\t\t\t\t\t\t\t\t<div class=\"elementor-gallery-item__overlay\"><\/div>\n\t\t\t\t\t\t\t\t\t\t\t\t\t\t\t<div class=\"elementor-gallery-item__content\">\n\t\t\t\t\t\t\t\t\t\t\t\t\t\t<div class=\"elementor-gallery-item__description\">\n\t\t\t\t\t\t\t\t\t\t\t\t\t\t\t\t\t\tBrest Maritime Festival\t\t\t\t\t\t\t\t<\/div>\n\t\t\t\t\t\t\t\t\t\t\t\t<\/div>\n\t\t\t\t\t\t\t\t\t<\/a>\n\t\t\t\t\t\t\t<a class=\"e-gallery-item elementor-gallery-item elementor-animated-content\" href=\"https:\/\/comedepreville.fr\/wp-content\/uploads\/2025\/01\/CDP_7234_web.jpg\" data-elementor-open-lightbox=\"yes\" data-elementor-lightbox-slideshow=\"4b67367\" data-elementor-lightbox-description=\"La troisi\u00e8me est perplexe et timide, avec un beau regard emprunt de crainte.\" data-e-action-hash=\"#elementor-action%3Aaction%3Dlightbox%26settings%3DeyJpZCI6MzYyOCwidXJsIjoiaHR0cHM6XC9cL2NvbWVkZXByZXZpbGxlLmZyXC93cC1jb250ZW50XC91cGxvYWRzXC8yMDI1XC8wMVwvQ0RQXzcyMzRfd2ViLmpwZyIsInNsaWRlc2hvdyI6IjRiNjczNjcifQ%3D%3D\">\n\t\t\t\t\t<div class=\"e-gallery-image elementor-gallery-item__image\" data-thumbnail=\"https:\/\/comedepreville.fr\/wp-content\/uploads\/2025\/01\/CDP_7234_web-1024x683.jpg\" data-width=\"800\" data-height=\"534\" aria-label=\"\" role=\"img\" ><\/div>\n\t\t\t\t\t\t\t\t\t\t\t<div class=\"elementor-gallery-item__overlay\"><\/div>\n\t\t\t\t\t\t\t\t\t\t\t\t\t\t\t<div class=\"elementor-gallery-item__content\">\n\t\t\t\t\t\t\t\t\t\t\t\t\t\t<div class=\"elementor-gallery-item__description\">\n\t\t\t\t\t\t\t\t\t\t\t\t\t\t\t\t\t\tLa troisi\u00e8me est perplexe et timide, avec un beau regard emprunt de crainte.\t\t\t\t\t\t\t\t<\/div>\n\t\t\t\t\t\t\t\t\t\t\t\t<\/div>\n\t\t\t\t\t\t\t\t\t<\/a>\n\t\t\t\t\t\t\t<a class=\"e-gallery-item elementor-gallery-item elementor-animated-content\" href=\"https:\/\/comedepreville.fr\/wp-content\/uploads\/2022\/01\/CDP_6715.jpg\" data-elementor-open-lightbox=\"yes\" data-elementor-lightbox-slideshow=\"4b67367\" data-elementor-lightbox-description=\"Sieste en mer\" data-e-action-hash=\"#elementor-action%3Aaction%3Dlightbox%26settings%3DeyJpZCI6MTA2MSwidXJsIjoiaHR0cHM6XC9cL2NvbWVkZXByZXZpbGxlLmZyXC93cC1jb250ZW50XC91cGxvYWRzXC8yMDIyXC8wMVwvQ0RQXzY3MTUuanBnIiwic2xpZGVzaG93IjoiNGI2NzM2NyJ9\">\n\t\t\t\t\t<div class=\"e-gallery-image elementor-gallery-item__image\" data-thumbnail=\"https:\/\/comedepreville.fr\/wp-content\/uploads\/2022\/01\/CDP_6715-678x1024.jpg\" data-width=\"678\" data-height=\"1024\" aria-label=\"\" role=\"img\" ><\/div>\n\t\t\t\t\t\t\t\t\t\t\t<div class=\"elementor-gallery-item__overlay\"><\/div>\n\t\t\t\t\t\t\t\t\t\t\t\t\t\t\t<div class=\"elementor-gallery-item__content\">\n\t\t\t\t\t\t\t\t\t\t\t\t\t\t<div class=\"elementor-gallery-item__description\">\n\t\t\t\t\t\t\t\t\t\t\t\t\t\t\t\t\t\tSieste en mer\t\t\t\t\t\t\t\t<\/div>\n\t\t\t\t\t\t\t\t\t\t\t\t<\/div>\n\t\t\t\t\t\t\t\t\t<\/a>\n\t\t\t\t\t\t\t<a class=\"e-gallery-item elementor-gallery-item elementor-animated-content\" href=\"https:\/\/comedepreville.fr\/wp-content\/uploads\/2023\/03\/CDP_0910_edited.jpg\" data-elementor-open-lightbox=\"yes\" data-elementor-lightbox-slideshow=\"4b67367\" data-elementor-lightbox-description=\"Coiffure pour le d\u00e9fil\u00e9\" data-e-action-hash=\"#elementor-action%3Aaction%3Dlightbox%26settings%3DeyJpZCI6MzMwMCwidXJsIjoiaHR0cHM6XC9cL2NvbWVkZXByZXZpbGxlLmZyXC93cC1jb250ZW50XC91cGxvYWRzXC8yMDIzXC8wM1wvQ0RQXzA5MTBfZWRpdGVkLmpwZyIsInNsaWRlc2hvdyI6IjRiNjczNjcifQ%3D%3D\">\n\t\t\t\t\t<div class=\"e-gallery-image elementor-gallery-item__image\" data-thumbnail=\"https:\/\/comedepreville.fr\/wp-content\/uploads\/2023\/03\/CDP_0910_edited-678x1024.jpg\" data-width=\"678\" data-height=\"1024\" aria-label=\"\" role=\"img\" ><\/div>\n\t\t\t\t\t\t\t\t\t\t\t<div class=\"elementor-gallery-item__overlay\"><\/div>\n\t\t\t\t\t\t\t\t\t\t\t\t\t\t\t<div class=\"elementor-gallery-item__content\">\n\t\t\t\t\t\t\t\t\t\t\t\t\t\t<div class=\"elementor-gallery-item__description\">\n\t\t\t\t\t\t\t\t\t\t\t\t\t\t\t\t\t\tCoiffure pour le d\u00e9fil\u00e9\t\t\t\t\t\t\t\t<\/div>\n\t\t\t\t\t\t\t\t\t\t\t\t<\/div>\n\t\t\t\t\t\t\t\t\t<\/a>\n\t\t\t\t\t\t\t<a class=\"e-gallery-item elementor-gallery-item elementor-animated-content\" href=\"https:\/\/comedepreville.fr\/wp-content\/uploads\/2021\/11\/Tsaghkadzor-Camp-Come-130-1.jpg\" data-elementor-open-lightbox=\"yes\" data-elementor-lightbox-slideshow=\"4b67367\" data-elementor-lightbox-description=\"Mathilde, volontaire de l&#039;\u0152uvre, aide une jeune arm\u00e9nienne pendant le cours d&#039;arts plastiques.\" data-e-action-hash=\"#elementor-action%3Aaction%3Dlightbox%26settings%3DeyJpZCI6ODg5LCJ1cmwiOiJodHRwczpcL1wvY29tZWRlcHJldmlsbGUuZnJcL3dwLWNvbnRlbnRcL3VwbG9hZHNcLzIwMjFcLzExXC9Uc2FnaGthZHpvci1DYW1wLUNvbWUtMTMwLTEuanBnIiwic2xpZGVzaG93IjoiNGI2NzM2NyJ9\">\n\t\t\t\t\t<div class=\"e-gallery-image elementor-gallery-item__image\" data-thumbnail=\"https:\/\/comedepreville.fr\/wp-content\/uploads\/2021\/11\/Tsaghkadzor-Camp-Come-130-1-1024x678.jpg\" data-width=\"800\" data-height=\"530\" aria-label=\"\" role=\"img\" ><\/div>\n\t\t\t\t\t\t\t\t\t\t\t<div class=\"elementor-gallery-item__overlay\"><\/div>\n\t\t\t\t\t\t\t\t\t\t\t\t\t\t\t<div class=\"elementor-gallery-item__content\">\n\t\t\t\t\t\t\t\t\t\t\t\t\t\t<div class=\"elementor-gallery-item__description\">\n\t\t\t\t\t\t\t\t\t\t\t\t\t\t\t\t\t\tMathilde, volontaire de l'\u0152uvre, aide une jeune arm\u00e9nienne pendant le cours d'arts plastiques.\t\t\t\t\t\t\t\t<\/div>\n\t\t\t\t\t\t\t\t\t\t\t\t<\/div>\n\t\t\t\t\t\t\t\t\t<\/a>\n\t\t\t\t\t\t\t<a class=\"e-gallery-item elementor-gallery-item elementor-animated-content\" href=\"https:\/\/comedepreville.fr\/wp-content\/uploads\/2022\/03\/DSC_6132-edited.jpg\" data-elementor-open-lightbox=\"yes\" data-elementor-lightbox-slideshow=\"4b67367\" data-elementor-lightbox-description=\"Laos, Alpes fran\u00e7aises\" data-e-action-hash=\"#elementor-action%3Aaction%3Dlightbox%26settings%3DeyJpZCI6MTczOCwidXJsIjoiaHR0cHM6XC9cL2NvbWVkZXByZXZpbGxlLmZyXC93cC1jb250ZW50XC91cGxvYWRzXC8yMDIyXC8wM1wvRFNDXzYxMzItZWRpdGVkLmpwZyIsInNsaWRlc2hvdyI6IjRiNjczNjcifQ%3D%3D\">\n\t\t\t\t\t<div class=\"e-gallery-image elementor-gallery-item__image\" data-thumbnail=\"https:\/\/comedepreville.fr\/wp-content\/uploads\/2022\/03\/DSC_6132-edited-1024x577.jpg\" data-width=\"800\" data-height=\"451\" aria-label=\"\" role=\"img\" ><\/div>\n\t\t\t\t\t\t\t\t\t\t\t<div class=\"elementor-gallery-item__overlay\"><\/div>\n\t\t\t\t\t\t\t\t\t\t\t\t\t\t\t<div class=\"elementor-gallery-item__content\">\n\t\t\t\t\t\t\t\t\t\t\t\t\t\t<div class=\"elementor-gallery-item__description\">\n\t\t\t\t\t\t\t\t\t\t\t\t\t\t\t\t\t\tLaos, Alpes fran\u00e7aises\t\t\t\t\t\t\t\t<\/div>\n\t\t\t\t\t\t\t\t\t\t\t\t<\/div>\n\t\t\t\t\t\t\t\t\t<\/a>\n\t\t\t\t\t\t\t<a class=\"e-gallery-item elementor-gallery-item elementor-animated-content\" href=\"https:\/\/comedepreville.fr\/wp-content\/uploads\/2025\/01\/CDP_6502_web.jpg\" data-elementor-open-lightbox=\"yes\" data-elementor-lightbox-slideshow=\"4b67367\" data-elementor-lightbox-description=\"Un ouvrier en janvier, en Arm\u00e9nie\" data-e-action-hash=\"#elementor-action%3Aaction%3Dlightbox%26settings%3DeyJpZCI6MzU1NywidXJsIjoiaHR0cHM6XC9cL2NvbWVkZXByZXZpbGxlLmZyXC93cC1jb250ZW50XC91cGxvYWRzXC8yMDI1XC8wMVwvQ0RQXzY1MDJfd2ViLmpwZyIsInNsaWRlc2hvdyI6IjRiNjczNjcifQ%3D%3D\">\n\t\t\t\t\t<div class=\"e-gallery-image elementor-gallery-item__image\" data-thumbnail=\"https:\/\/comedepreville.fr\/wp-content\/uploads\/2025\/01\/CDP_6502_web-683x1024.jpg\" data-width=\"683\" data-height=\"1024\" aria-label=\"\" role=\"img\" ><\/div>\n\t\t\t\t\t\t\t\t\t\t\t<div class=\"elementor-gallery-item__overlay\"><\/div>\n\t\t\t\t\t\t\t\t\t\t\t\t\t\t\t<div class=\"elementor-gallery-item__content\">\n\t\t\t\t\t\t\t\t\t\t\t\t\t\t<div class=\"elementor-gallery-item__description\">\n\t\t\t\t\t\t\t\t\t\t\t\t\t\t\t\t\t\tUn ouvrier en janvier, en Arm\u00e9nie\t\t\t\t\t\t\t\t<\/div>\n\t\t\t\t\t\t\t\t\t\t\t\t<\/div>\n\t\t\t\t\t\t\t\t\t<\/a>\n\t\t\t\t\t\t\t<a class=\"e-gallery-item elementor-gallery-item elementor-animated-content\" href=\"https:\/\/comedepreville.fr\/wp-content\/uploads\/2021\/11\/Tsaghkadzor-Camp-Come-115.jpg\" data-elementor-open-lightbox=\"yes\" data-elementor-lightbox-slideshow=\"4b67367\" data-elementor-lightbox-description=\"Bonne chance !\" data-e-action-hash=\"#elementor-action%3Aaction%3Dlightbox%26settings%3DeyJpZCI6ODc0LCJ1cmwiOiJodHRwczpcL1wvY29tZWRlcHJldmlsbGUuZnJcL3dwLWNvbnRlbnRcL3VwbG9hZHNcLzIwMjFcLzExXC9Uc2FnaGthZHpvci1DYW1wLUNvbWUtMTE1LmpwZyIsInNsaWRlc2hvdyI6IjRiNjczNjcifQ%3D%3D\">\n\t\t\t\t\t<div class=\"e-gallery-image elementor-gallery-item__image\" data-thumbnail=\"https:\/\/comedepreville.fr\/wp-content\/uploads\/2021\/11\/Tsaghkadzor-Camp-Come-115-678x1024.jpg\" data-width=\"678\" data-height=\"1024\" aria-label=\"\" role=\"img\" ><\/div>\n\t\t\t\t\t\t\t\t\t\t\t<div class=\"elementor-gallery-item__overlay\"><\/div>\n\t\t\t\t\t\t\t\t\t\t\t\t\t\t\t<div class=\"elementor-gallery-item__content\">\n\t\t\t\t\t\t\t\t\t\t\t\t\t\t<div class=\"elementor-gallery-item__description\">\n\t\t\t\t\t\t\t\t\t\t\t\t\t\t\t\t\t\tBonne chance !\t\t\t\t\t\t\t\t<\/div>\n\t\t\t\t\t\t\t\t\t\t\t\t<\/div>\n\t\t\t\t\t\t\t\t\t<\/a>\n\t\t\t\t\t\t\t<a class=\"e-gallery-item elementor-gallery-item elementor-animated-content\" href=\"https:\/\/comedepreville.fr\/wp-content\/uploads\/2022\/03\/blop_edsiz-3.jpg\" data-elementor-open-lightbox=\"yes\" data-elementor-lightbox-slideshow=\"4b67367\" data-elementor-lightbox-description=\"Paris\" data-e-action-hash=\"#elementor-action%3Aaction%3Dlightbox%26settings%3DeyJpZCI6MTczMiwidXJsIjoiaHR0cHM6XC9cL2NvbWVkZXByZXZpbGxlLmZyXC93cC1jb250ZW50XC91cGxvYWRzXC8yMDIyXC8wM1wvYmxvcF9lZHNpei0zLmpwZyIsInNsaWRlc2hvdyI6IjRiNjczNjcifQ%3D%3D\">\n\t\t\t\t\t<div class=\"e-gallery-image elementor-gallery-item__image\" data-thumbnail=\"https:\/\/comedepreville.fr\/wp-content\/uploads\/2022\/03\/blop_edsiz-3-819x1024.jpg\" data-width=\"800\" data-height=\"1000\" aria-label=\"\" role=\"img\" ><\/div>\n\t\t\t\t\t\t\t\t\t\t\t<div class=\"elementor-gallery-item__overlay\"><\/div>\n\t\t\t\t\t\t\t\t\t\t\t\t\t\t\t<div class=\"elementor-gallery-item__content\">\n\t\t\t\t\t\t\t\t\t\t\t\t\t\t<div class=\"elementor-gallery-item__description\">\n\t\t\t\t\t\t\t\t\t\t\t\t\t\t\t\t\t\tParis\t\t\t\t\t\t\t\t<\/div>\n\t\t\t\t\t\t\t\t\t\t\t\t<\/div>\n\t\t\t\t\t\t\t\t\t<\/a>\n\t\t\t\t\t\t\t<a class=\"e-gallery-item elementor-gallery-item elementor-animated-content\" href=\"https:\/\/comedepreville.fr\/wp-content\/uploads\/2025\/01\/CDP_7125_web.jpg\" data-elementor-open-lightbox=\"yes\" data-elementor-lightbox-slideshow=\"4b67367\" data-elementor-lightbox-description=\"Le premier est affect\u00e9 d\u2019un strabisme imposant et pr\u00e9sente un visage sale.\" data-e-action-hash=\"#elementor-action%3Aaction%3Dlightbox%26settings%3DeyJpZCI6MzYxMywidXJsIjoiaHR0cHM6XC9cL2NvbWVkZXByZXZpbGxlLmZyXC93cC1jb250ZW50XC91cGxvYWRzXC8yMDI1XC8wMVwvQ0RQXzcxMjVfd2ViLmpwZyIsInNsaWRlc2hvdyI6IjRiNjczNjcifQ%3D%3D\">\n\t\t\t\t\t<div class=\"e-gallery-image elementor-gallery-item__image\" data-thumbnail=\"https:\/\/comedepreville.fr\/wp-content\/uploads\/2025\/01\/CDP_7125_web-1024x683.jpg\" data-width=\"800\" data-height=\"534\" aria-label=\"\" role=\"img\" ><\/div>\n\t\t\t\t\t\t\t\t\t\t\t<div class=\"elementor-gallery-item__overlay\"><\/div>\n\t\t\t\t\t\t\t\t\t\t\t\t\t\t\t<div class=\"elementor-gallery-item__content\">\n\t\t\t\t\t\t\t\t\t\t\t\t\t\t<div class=\"elementor-gallery-item__description\">\n\t\t\t\t\t\t\t\t\t\t\t\t\t\t\t\t\t\tLe premier est affect\u00e9 d\u2019un strabisme imposant et pr\u00e9sente un visage sale.\t\t\t\t\t\t\t\t<\/div>\n\t\t\t\t\t\t\t\t\t\t\t\t<\/div>\n\t\t\t\t\t\t\t\t\t<\/a>\n\t\t\t\t\t\t\t<a class=\"e-gallery-item elementor-gallery-item elementor-animated-content\" href=\"https:\/\/comedepreville.fr\/wp-content\/uploads\/2025\/01\/CDP_7376_web.jpg\" data-elementor-open-lightbox=\"yes\" data-elementor-lightbox-slideshow=\"4b67367\" data-elementor-lightbox-description=\"Messe apostolique \u00e0 Erevan, en Arm\u00e9nie\" data-e-action-hash=\"#elementor-action%3Aaction%3Dlightbox%26settings%3DeyJpZCI6MzY0NCwidXJsIjoiaHR0cHM6XC9cL2NvbWVkZXByZXZpbGxlLmZyXC93cC1jb250ZW50XC91cGxvYWRzXC8yMDI1XC8wMVwvQ0RQXzczNzZfd2ViLmpwZyIsInNsaWRlc2hvdyI6IjRiNjczNjcifQ%3D%3D\">\n\t\t\t\t\t<div class=\"e-gallery-image elementor-gallery-item__image\" data-thumbnail=\"https:\/\/comedepreville.fr\/wp-content\/uploads\/2025\/01\/CDP_7376_web-1024x683.jpg\" data-width=\"800\" data-height=\"534\" aria-label=\"\" role=\"img\" ><\/div>\n\t\t\t\t\t\t\t\t\t\t\t<div class=\"elementor-gallery-item__overlay\"><\/div>\n\t\t\t\t\t\t\t\t\t\t\t\t\t\t\t<div class=\"elementor-gallery-item__content\">\n\t\t\t\t\t\t\t\t\t\t\t\t\t\t<div class=\"elementor-gallery-item__description\">\n\t\t\t\t\t\t\t\t\t\t\t\t\t\t\t\t\t\tMesse apostolique \u00e0 Erevan, en Arm\u00e9nie\t\t\t\t\t\t\t\t<\/div>\n\t\t\t\t\t\t\t\t\t\t\t\t<\/div>\n\t\t\t\t\t\t\t\t\t<\/a>\n\t\t\t\t\t\t\t<a class=\"e-gallery-item elementor-gallery-item elementor-animated-content\" href=\"https:\/\/comedepreville.fr\/wp-content\/uploads\/2022\/03\/DSC_6706-edited.jpg\" data-elementor-open-lightbox=\"yes\" data-elementor-lightbox-slideshow=\"4b67367\" data-elementor-lightbox-description=\"Mairie de Vannes\" data-e-action-hash=\"#elementor-action%3Aaction%3Dlightbox%26settings%3DeyJpZCI6MTcyMSwidXJsIjoiaHR0cHM6XC9cL2NvbWVkZXByZXZpbGxlLmZyXC93cC1jb250ZW50XC91cGxvYWRzXC8yMDIyXC8wM1wvRFNDXzY3MDYtZWRpdGVkLmpwZyIsInNsaWRlc2hvdyI6IjRiNjczNjcifQ%3D%3D\">\n\t\t\t\t\t<div class=\"e-gallery-image elementor-gallery-item__image\" data-thumbnail=\"https:\/\/comedepreville.fr\/wp-content\/uploads\/2022\/03\/DSC_6706-edited-662x1024.jpg\" data-width=\"662\" data-height=\"1024\" aria-label=\"\" role=\"img\" ><\/div>\n\t\t\t\t\t\t\t\t\t\t\t<div class=\"elementor-gallery-item__overlay\"><\/div>\n\t\t\t\t\t\t\t\t\t\t\t\t\t\t\t<div class=\"elementor-gallery-item__content\">\n\t\t\t\t\t\t\t\t\t\t\t\t\t\t<div class=\"elementor-gallery-item__description\">\n\t\t\t\t\t\t\t\t\t\t\t\t\t\t\t\t\t\tMairie de Vannes\t\t\t\t\t\t\t\t<\/div>\n\t\t\t\t\t\t\t\t\t\t\t\t<\/div>\n\t\t\t\t\t\t\t\t\t<\/a>\n\t\t\t\t\t\t\t<a class=\"e-gallery-item elementor-gallery-item elementor-animated-content\" href=\"https:\/\/comedepreville.fr\/wp-content\/uploads\/2022\/10\/A01_7328_sized1.jpg\" data-elementor-open-lightbox=\"yes\" data-elementor-lightbox-slideshow=\"4b67367\" data-elementor-lightbox-description=\"Baiser \u00e0 la vol\u00e9e\" data-e-action-hash=\"#elementor-action%3Aaction%3Dlightbox%26settings%3DeyJpZCI6MzE3MywidXJsIjoiaHR0cHM6XC9cL2NvbWVkZXByZXZpbGxlLmZyXC93cC1jb250ZW50XC91cGxvYWRzXC8yMDIyXC8xMFwvQTAxXzczMjhfc2l6ZWQxLmpwZyIsInNsaWRlc2hvdyI6IjRiNjczNjcifQ%3D%3D\">\n\t\t\t\t\t<div class=\"e-gallery-image elementor-gallery-item__image\" data-thumbnail=\"https:\/\/comedepreville.fr\/wp-content\/uploads\/2022\/10\/A01_7328_sized1-1024x683.jpg\" data-width=\"800\" data-height=\"534\" aria-label=\"\" role=\"img\" ><\/div>\n\t\t\t\t\t\t\t\t\t\t\t<div class=\"elementor-gallery-item__overlay\"><\/div>\n\t\t\t\t\t\t\t\t\t\t\t\t\t\t\t<div class=\"elementor-gallery-item__content\">\n\t\t\t\t\t\t\t\t\t\t\t\t\t\t<div class=\"elementor-gallery-item__description\">\n\t\t\t\t\t\t\t\t\t\t\t\t\t\t\t\t\t\tBaiser \u00e0 la vol\u00e9e\t\t\t\t\t\t\t\t<\/div>\n\t\t\t\t\t\t\t\t\t\t\t\t<\/div>\n\t\t\t\t\t\t\t\t\t<\/a>\n\t\t\t\t\t\t\t<a class=\"e-gallery-item elementor-gallery-item elementor-animated-content\" href=\"https:\/\/comedepreville.fr\/wp-content\/uploads\/2021\/11\/Tsaghkadzor-Camp-Come-63.jpg\" data-elementor-open-lightbox=\"yes\" data-elementor-lightbox-slideshow=\"4b67367\" data-elementor-lightbox-description=\"La liturgie arm\u00e9nienne fait preuve d&#039;un grand respect pour le sacr\u00e9 ; les enfants se font beaux ! Bas fonc\u00e9, haut blanc, et voile de dentelle pour les filles.\" data-e-action-hash=\"#elementor-action%3Aaction%3Dlightbox%26settings%3DeyJpZCI6ODIzLCJ1cmwiOiJodHRwczpcL1wvY29tZWRlcHJldmlsbGUuZnJcL3dwLWNvbnRlbnRcL3VwbG9hZHNcLzIwMjFcLzExXC9Uc2FnaGthZHpvci1DYW1wLUNvbWUtNjMuanBnIiwic2xpZGVzaG93IjoiNGI2NzM2NyJ9\">\n\t\t\t\t\t<div class=\"e-gallery-image elementor-gallery-item__image\" data-thumbnail=\"https:\/\/comedepreville.fr\/wp-content\/uploads\/2021\/11\/Tsaghkadzor-Camp-Come-63-678x1024.jpg\" data-width=\"678\" data-height=\"1024\" aria-label=\"\" role=\"img\" ><\/div>\n\t\t\t\t\t\t\t\t\t\t\t<div class=\"elementor-gallery-item__overlay\"><\/div>\n\t\t\t\t\t\t\t\t\t\t\t\t\t\t\t<div class=\"elementor-gallery-item__content\">\n\t\t\t\t\t\t\t\t\t\t\t\t\t\t<div class=\"elementor-gallery-item__description\">\n\t\t\t\t\t\t\t\t\t\t\t\t\t\t\t\t\t\tLa liturgie arm\u00e9nienne fait preuve d'un grand respect pour le sacr\u00e9 ; les enfants se font beaux ! Bas fonc\u00e9, haut blanc, et voile de dentelle pour les filles.\t\t\t\t\t\t\t\t<\/div>\n\t\t\t\t\t\t\t\t\t\t\t\t<\/div>\n\t\t\t\t\t\t\t\t\t<\/a>\n\t\t\t\t\t\t\t<a class=\"e-gallery-item elementor-gallery-item elementor-animated-content\" href=\"https:\/\/comedepreville.fr\/wp-content\/uploads\/2022\/03\/CIR_0896_edsiz.jpg\" data-elementor-open-lightbox=\"yes\" data-elementor-lightbox-slideshow=\"4b67367\" data-elementor-lightbox-description=\"Paris\" data-e-action-hash=\"#elementor-action%3Aaction%3Dlightbox%26settings%3DeyJpZCI6MTcyMywidXJsIjoiaHR0cHM6XC9cL2NvbWVkZXByZXZpbGxlLmZyXC93cC1jb250ZW50XC91cGxvYWRzXC8yMDIyXC8wM1wvQ0lSXzA4OTZfZWRzaXouanBnIiwic2xpZGVzaG93IjoiNGI2NzM2NyJ9\">\n\t\t\t\t\t<div class=\"e-gallery-image elementor-gallery-item__image\" data-thumbnail=\"https:\/\/comedepreville.fr\/wp-content\/uploads\/2022\/03\/CIR_0896_edsiz-678x1024.jpg\" data-width=\"678\" data-height=\"1024\" aria-label=\"\" role=\"img\" ><\/div>\n\t\t\t\t\t\t\t\t\t\t\t<div class=\"elementor-gallery-item__overlay\"><\/div>\n\t\t\t\t\t\t\t\t\t\t\t\t\t\t\t<div class=\"elementor-gallery-item__content\">\n\t\t\t\t\t\t\t\t\t\t\t\t\t\t<div class=\"elementor-gallery-item__description\">\n\t\t\t\t\t\t\t\t\t\t\t\t\t\t\t\t\t\tParis\t\t\t\t\t\t\t\t<\/div>\n\t\t\t\t\t\t\t\t\t\t\t\t<\/div>\n\t\t\t\t\t\t\t\t\t<\/a>\n\t\t\t\t\t\t\t<a class=\"e-gallery-item elementor-gallery-item elementor-animated-content\" href=\"https:\/\/comedepreville.fr\/wp-content\/uploads\/2022\/01\/CIRX9372.jpg\" data-elementor-open-lightbox=\"yes\" data-elementor-lightbox-slideshow=\"4b67367\" data-elementor-lightbox-description=\"A la barre dans un coup de vent\" data-e-action-hash=\"#elementor-action%3Aaction%3Dlightbox%26settings%3DeyJpZCI6MTA3NiwidXJsIjoiaHR0cHM6XC9cL2NvbWVkZXByZXZpbGxlLmZyXC93cC1jb250ZW50XC91cGxvYWRzXC8yMDIyXC8wMVwvQ0lSWDkzNzIuanBnIiwic2xpZGVzaG93IjoiNGI2NzM2NyJ9\">\n\t\t\t\t\t<div class=\"e-gallery-image elementor-gallery-item__image\" data-thumbnail=\"https:\/\/comedepreville.fr\/wp-content\/uploads\/2022\/01\/CIRX9372-768x1024.jpg\" data-width=\"768\" data-height=\"1024\" aria-label=\"\" role=\"img\" ><\/div>\n\t\t\t\t\t\t\t\t\t\t\t<div class=\"elementor-gallery-item__overlay\"><\/div>\n\t\t\t\t\t\t\t\t\t\t\t\t\t\t\t<div class=\"elementor-gallery-item__content\">\n\t\t\t\t\t\t\t\t\t\t\t\t\t\t<div class=\"elementor-gallery-item__description\">\n\t\t\t\t\t\t\t\t\t\t\t\t\t\t\t\t\t\tA la barre dans un coup de vent\t\t\t\t\t\t\t\t<\/div>\n\t\t\t\t\t\t\t\t\t\t\t\t<\/div>\n\t\t\t\t\t\t\t\t\t<\/a>\n\t\t\t\t\t\t\t<a class=\"e-gallery-item elementor-gallery-item elementor-animated-content\" href=\"https:\/\/comedepreville.fr\/wp-content\/uploads\/2021\/11\/Tsaghkadzor-Camp-Come-24.jpg\" data-elementor-open-lightbox=\"yes\" data-elementor-lightbox-slideshow=\"4b67367\" data-elementor-lightbox-description=\"Orphelins arm\u00e9niens\" data-e-action-hash=\"#elementor-action%3Aaction%3Dlightbox%26settings%3DeyJpZCI6Nzg0LCJ1cmwiOiJodHRwczpcL1wvY29tZWRlcHJldmlsbGUuZnJcL3dwLWNvbnRlbnRcL3VwbG9hZHNcLzIwMjFcLzExXC9Uc2FnaGthZHpvci1DYW1wLUNvbWUtMjQuanBnIiwic2xpZGVzaG93IjoiNGI2NzM2NyJ9\">\n\t\t\t\t\t<div class=\"e-gallery-image elementor-gallery-item__image\" data-thumbnail=\"https:\/\/comedepreville.fr\/wp-content\/uploads\/2021\/11\/Tsaghkadzor-Camp-Come-24-678x1024.jpg\" data-width=\"678\" data-height=\"1024\" aria-label=\"\" role=\"img\" ><\/div>\n\t\t\t\t\t\t\t\t\t\t\t<div class=\"elementor-gallery-item__overlay\"><\/div>\n\t\t\t\t\t\t\t\t\t\t\t\t\t\t\t<div class=\"elementor-gallery-item__content\">\n\t\t\t\t\t\t\t\t\t\t\t\t\t\t<div class=\"elementor-gallery-item__description\">\n\t\t\t\t\t\t\t\t\t\t\t\t\t\t\t\t\t\tOrphelins arm\u00e9niens\t\t\t\t\t\t\t\t<\/div>\n\t\t\t\t\t\t\t\t\t\t\t\t<\/div>\n\t\t\t\t\t\t\t\t\t<\/a>\n\t\t\t\t\t\t\t<a class=\"e-gallery-item elementor-gallery-item elementor-animated-content\" href=\"https:\/\/comedepreville.fr\/wp-content\/uploads\/2025\/01\/CDP_6686_web.jpg\" data-elementor-open-lightbox=\"yes\" data-elementor-lightbox-slideshow=\"4b67367\" data-elementor-lightbox-description=\"R\u00e9paration de voiture en Arm\u00e9nie, \u00e0 Ararat\" data-e-action-hash=\"#elementor-action%3Aaction%3Dlightbox%26settings%3DeyJpZCI6MzU3MSwidXJsIjoiaHR0cHM6XC9cL2NvbWVkZXByZXZpbGxlLmZyXC93cC1jb250ZW50XC91cGxvYWRzXC8yMDI1XC8wMVwvQ0RQXzY2ODZfd2ViLmpwZyIsInNsaWRlc2hvdyI6IjRiNjczNjcifQ%3D%3D\">\n\t\t\t\t\t<div class=\"e-gallery-image elementor-gallery-item__image\" data-thumbnail=\"https:\/\/comedepreville.fr\/wp-content\/uploads\/2025\/01\/CDP_6686_web-1024x683.jpg\" data-width=\"800\" data-height=\"534\" aria-label=\"\" role=\"img\" ><\/div>\n\t\t\t\t\t\t\t\t\t\t\t<div class=\"elementor-gallery-item__overlay\"><\/div>\n\t\t\t\t\t\t\t\t\t\t\t\t\t\t\t<div class=\"elementor-gallery-item__content\">\n\t\t\t\t\t\t\t\t\t\t\t\t\t\t<div class=\"elementor-gallery-item__description\">\n\t\t\t\t\t\t\t\t\t\t\t\t\t\t\t\t\t\tR\u00e9paration de voiture en Arm\u00e9nie, \u00e0 Ararat\t\t\t\t\t\t\t\t<\/div>\n\t\t\t\t\t\t\t\t\t\t\t\t<\/div>\n\t\t\t\t\t\t\t\t\t<\/a>\n\t\t\t\t\t\t\t<a class=\"e-gallery-item elementor-gallery-item elementor-animated-content\" href=\"https:\/\/comedepreville.fr\/wp-content\/uploads\/2021\/11\/Tsaghkadzor-Camp-Come-91.jpg\" data-elementor-open-lightbox=\"yes\" data-elementor-lightbox-slideshow=\"4b67367\" data-elementor-lightbox-description=\"Tout le monde se bouscule pour remplir son verre et pouvoir arroser ses voisins, en dessous d&#039;Agob qui verse all\u00e8grement des seaux d&#039;eau par la fen\u00eatre.\" data-e-action-hash=\"#elementor-action%3Aaction%3Dlightbox%26settings%3DeyJpZCI6ODUxLCJ1cmwiOiJodHRwczpcL1wvY29tZWRlcHJldmlsbGUuZnJcL3dwLWNvbnRlbnRcL3VwbG9hZHNcLzIwMjFcLzExXC9Uc2FnaGthZHpvci1DYW1wLUNvbWUtOTEuanBnIiwic2xpZGVzaG93IjoiNGI2NzM2NyJ9\">\n\t\t\t\t\t<div class=\"e-gallery-image elementor-gallery-item__image\" data-thumbnail=\"https:\/\/comedepreville.fr\/wp-content\/uploads\/2021\/11\/Tsaghkadzor-Camp-Come-91-678x1024.jpg\" data-width=\"678\" data-height=\"1024\" aria-label=\"\" role=\"img\" ><\/div>\n\t\t\t\t\t\t\t\t\t\t\t<div class=\"elementor-gallery-item__overlay\"><\/div>\n\t\t\t\t\t\t\t\t\t\t\t\t\t\t\t<div class=\"elementor-gallery-item__content\">\n\t\t\t\t\t\t\t\t\t\t\t\t\t\t<div class=\"elementor-gallery-item__description\">\n\t\t\t\t\t\t\t\t\t\t\t\t\t\t\t\t\t\tTout le monde se bouscule pour remplir son verre et pouvoir arroser ses voisins, en dessous d'Agob qui verse all\u00e8grement des seaux d'eau par la fen\u00eatre.\t\t\t\t\t\t\t\t<\/div>\n\t\t\t\t\t\t\t\t\t\t\t\t<\/div>\n\t\t\t\t\t\t\t\t\t<\/a>\n\t\t\t\t\t<\/div>\n\t\t\t\t\t<\/div>\n\t\t\t\t<\/div>\n\t\t\t\t\t<\/div>\n\t\t<\/div>\n\t\t\t\t\t<\/div>\n\t\t<\/section>\n\t\t\t\t<\/div>","protected":false},"excerpt":{"rendered":"<p>Portfolio D\u00e9couvrez dans ce portfolio un m\u00e9lange de moments bruts et authentiques saisis au fil de mes reportages : de la rudesse de l\u2019hiver arm\u00e9nien aux exploits des skippers du Vend\u00e9e Globe, en passant par des instants de douceur du quotidien. Cliquez sur n&rsquo;importe quelle photo pour l&rsquo;afficher en pleine r\u00e9solution. Alpes Une bande d\u2019anciens [&hellip;]<\/p>\n","protected":false},"author":1,"featured_media":4708,"parent":0,"menu_order":0,"comment_status":"closed","ping_status":"closed","template":"","meta":{"footnotes":""},"class_list":["post-1328","page","type-page","status-publish","has-post-thumbnail","hentry"],"yoast_head":"<!-- This site is optimized with the Yoast SEO plugin v27.5 - https:\/\/yoast.com\/product\/yoast-seo-wordpress\/ -->\n<title>Portfolio photo &#8211; C\u00f4me de Pr\u00e9ville<\/title>\n<meta name=\"description\" content=\"Un aper\u00e7u du genre de travail photo r\u00e9alis\u00e9 par C\u00f4me de Pr\u00e9ville et du style visuel de ses clich\u00e9s | Photos de mer, de rue, de mariage ...\" \/>\n<meta name=\"robots\" content=\"index, follow, max-snippet:-1, max-image-preview:large, max-video-preview:-1\" \/>\n<link rel=\"canonical\" href=\"https:\/\/comedepreville.fr\/en\/portfolio\/\" \/>\n<meta property=\"og:locale\" content=\"en_GB\" \/>\n<meta property=\"og:type\" content=\"article\" \/>\n<meta property=\"og:title\" content=\"Portfolio photo &#8211; C\u00f4me de Pr\u00e9ville\" \/>\n<meta property=\"og:description\" content=\"Un aper\u00e7u du genre de travail photo r\u00e9alis\u00e9 par C\u00f4me de Pr\u00e9ville et du style visuel de ses clich\u00e9s | Photos de mer, de rue, de mariage ...\" \/>\n<meta property=\"og:url\" content=\"https:\/\/comedepreville.fr\/en\/portfolio\/\" \/>\n<meta property=\"og:site_name\" content=\"C\u00f4me de Pr\u00e9ville\" \/>\n<meta property=\"article:publisher\" content=\"fb.me\/comedepreville\" \/>\n<meta property=\"article:modified_time\" content=\"2025-02-24T14:01:20+00:00\" \/>\n<meta property=\"og:image\" content=\"https:\/\/comedepreville.fr\/wp-content\/uploads\/2025\/02\/CDP_8577_print-scaled.jpg\" \/>\n\t<meta property=\"og:image:width\" content=\"2560\" \/>\n\t<meta property=\"og:image:height\" content=\"1707\" \/>\n\t<meta property=\"og:image:type\" content=\"image\/jpeg\" \/>\n<meta name=\"twitter:card\" content=\"summary_large_image\" \/>\n<meta name=\"twitter:site\" content=\"@sailing_coco\" \/>\n<meta name=\"twitter:label1\" content=\"Estimated reading time\" \/>\n\t<meta name=\"twitter:data1\" content=\"1 minute\" \/>\n<script type=\"application\/ld+json\" class=\"yoast-schema-graph\">{\"@context\":\"https:\\\/\\\/schema.org\",\"@graph\":[{\"@type\":\"WebPage\",\"@id\":\"https:\\\/\\\/comedepreville.fr\\\/portfolio\\\/\",\"url\":\"https:\\\/\\\/comedepreville.fr\\\/portfolio\\\/\",\"name\":\"Portfolio photo &#8211; C\u00f4me de Pr\u00e9ville\",\"isPartOf\":{\"@id\":\"https:\\\/\\\/comedepreville.fr\\\/#website\"},\"primaryImageOfPage\":{\"@id\":\"https:\\\/\\\/comedepreville.fr\\\/portfolio\\\/#primaryimage\"},\"image\":{\"@id\":\"https:\\\/\\\/comedepreville.fr\\\/portfolio\\\/#primaryimage\"},\"thumbnailUrl\":\"https:\\\/\\\/comedepreville.fr\\\/wp-content\\\/uploads\\\/2025\\\/02\\\/CDP_8577_print-scaled.jpg\",\"datePublished\":\"2022-03-03T17:14:23+00:00\",\"dateModified\":\"2025-02-24T14:01:20+00:00\",\"description\":\"Un aper\u00e7u du genre de travail photo r\u00e9alis\u00e9 par C\u00f4me de Pr\u00e9ville et du style visuel de ses clich\u00e9s | Photos de mer, de rue, de mariage ...\",\"breadcrumb\":{\"@id\":\"https:\\\/\\\/comedepreville.fr\\\/portfolio\\\/#breadcrumb\"},\"inLanguage\":\"en-GB\",\"potentialAction\":[{\"@type\":\"ReadAction\",\"target\":[\"https:\\\/\\\/comedepreville.fr\\\/portfolio\\\/\"]}]},{\"@type\":\"ImageObject\",\"inLanguage\":\"en-GB\",\"@id\":\"https:\\\/\\\/comedepreville.fr\\\/portfolio\\\/#primaryimage\",\"url\":\"https:\\\/\\\/comedepreville.fr\\\/wp-content\\\/uploads\\\/2025\\\/02\\\/CDP_8577_print-scaled.jpg\",\"contentUrl\":\"https:\\\/\\\/comedepreville.fr\\\/wp-content\\\/uploads\\\/2025\\\/02\\\/CDP_8577_print-scaled.jpg\",\"width\":2560,\"height\":1707},{\"@type\":\"BreadcrumbList\",\"@id\":\"https:\\\/\\\/comedepreville.fr\\\/portfolio\\\/#breadcrumb\",\"itemListElement\":[{\"@type\":\"ListItem\",\"position\":1,\"name\":\"Accueil\",\"item\":\"https:\\\/\\\/comedepreville.fr\\\/\"},{\"@type\":\"ListItem\",\"position\":2,\"name\":\"Portfolio\"}]},{\"@type\":\"WebSite\",\"@id\":\"https:\\\/\\\/comedepreville.fr\\\/#website\",\"url\":\"https:\\\/\\\/comedepreville.fr\\\/\",\"name\":\"C\u00f4me de Pr\u00e9ville\",\"description\":\"Photoreporter\",\"publisher\":{\"@id\":\"https:\\\/\\\/comedepreville.fr\\\/#\\\/schema\\\/person\\\/7e4b1911f4e6fdf5ed92275b0ef5b9e7\"},\"potentialAction\":[{\"@type\":\"SearchAction\",\"target\":{\"@type\":\"EntryPoint\",\"urlTemplate\":\"https:\\\/\\\/comedepreville.fr\\\/?s={search_term_string}\"},\"query-input\":{\"@type\":\"PropertyValueSpecification\",\"valueRequired\":true,\"valueName\":\"search_term_string\"}}],\"inLanguage\":\"en-GB\"},{\"@type\":[\"Person\",\"Organization\"],\"@id\":\"https:\\\/\\\/comedepreville.fr\\\/#\\\/schema\\\/person\\\/7e4b1911f4e6fdf5ed92275b0ef5b9e7\",\"name\":\"C\u00f4me de Pr\u00e9ville\",\"image\":{\"@type\":\"ImageObject\",\"inLanguage\":\"en-GB\",\"@id\":\"https:\\\/\\\/comedepreville.fr\\\/wp-content\\\/uploads\\\/2021\\\/11\\\/Fichier-3.png\",\"url\":\"https:\\\/\\\/comedepreville.fr\\\/wp-content\\\/uploads\\\/2021\\\/11\\\/Fichier-3.png\",\"contentUrl\":\"https:\\\/\\\/comedepreville.fr\\\/wp-content\\\/uploads\\\/2021\\\/11\\\/Fichier-3.png\",\"width\":800,\"height\":166,\"caption\":\"C\u00f4me de Pr\u00e9ville\"},\"logo\":{\"@id\":\"https:\\\/\\\/comedepreville.fr\\\/wp-content\\\/uploads\\\/2021\\\/11\\\/Fichier-3.png\"},\"sameAs\":[\"http:\\\/\\\/comedepreville.fr\",\"fb.me\\\/comedepreville\",\"https:\\\/\\\/www.instagram.com\\\/comedepreville\\\/\",\"https:\\\/\\\/fr.linkedin.com\\\/in\\\/comedepreville\"]}]}<\/script>\n<!-- \/ Yoast SEO plugin. -->","yoast_head_json":{"title":"Portfolio photo &#8211; C\u00f4me de Pr\u00e9ville","description":"Un aper\u00e7u du genre de travail photo r\u00e9alis\u00e9 par C\u00f4me de Pr\u00e9ville et du style visuel de ses clich\u00e9s | Photos de mer, de rue, de mariage ...","robots":{"index":"index","follow":"follow","max-snippet":"max-snippet:-1","max-image-preview":"max-image-preview:large","max-video-preview":"max-video-preview:-1"},"canonical":"https:\/\/comedepreville.fr\/en\/portfolio\/","og_locale":"en_GB","og_type":"article","og_title":"Portfolio photo &#8211; C\u00f4me de Pr\u00e9ville","og_description":"Un aper\u00e7u du genre de travail photo r\u00e9alis\u00e9 par C\u00f4me de Pr\u00e9ville et du style visuel de ses clich\u00e9s | Photos de mer, de rue, de mariage ...","og_url":"https:\/\/comedepreville.fr\/en\/portfolio\/","og_site_name":"C\u00f4me de Pr\u00e9ville","article_publisher":"fb.me\/comedepreville","article_modified_time":"2025-02-24T14:01:20+00:00","og_image":[{"width":2560,"height":1707,"url":"https:\/\/comedepreville.fr\/wp-content\/uploads\/2025\/02\/CDP_8577_print-scaled.jpg","type":"image\/jpeg"}],"twitter_card":"summary_large_image","twitter_site":"@sailing_coco","twitter_misc":{"Estimated reading time":"1 minute"},"schema":{"@context":"https:\/\/schema.org","@graph":[{"@type":"WebPage","@id":"https:\/\/comedepreville.fr\/portfolio\/","url":"https:\/\/comedepreville.fr\/portfolio\/","name":"Portfolio photo &#8211; C\u00f4me de Pr\u00e9ville","isPartOf":{"@id":"https:\/\/comedepreville.fr\/#website"},"primaryImageOfPage":{"@id":"https:\/\/comedepreville.fr\/portfolio\/#primaryimage"},"image":{"@id":"https:\/\/comedepreville.fr\/portfolio\/#primaryimage"},"thumbnailUrl":"https:\/\/comedepreville.fr\/wp-content\/uploads\/2025\/02\/CDP_8577_print-scaled.jpg","datePublished":"2022-03-03T17:14:23+00:00","dateModified":"2025-02-24T14:01:20+00:00","description":"Un aper\u00e7u du genre de travail photo r\u00e9alis\u00e9 par C\u00f4me de Pr\u00e9ville et du style visuel de ses clich\u00e9s | Photos de mer, de rue, de mariage ...","breadcrumb":{"@id":"https:\/\/comedepreville.fr\/portfolio\/#breadcrumb"},"inLanguage":"en-GB","potentialAction":[{"@type":"ReadAction","target":["https:\/\/comedepreville.fr\/portfolio\/"]}]},{"@type":"ImageObject","inLanguage":"en-GB","@id":"https:\/\/comedepreville.fr\/portfolio\/#primaryimage","url":"https:\/\/comedepreville.fr\/wp-content\/uploads\/2025\/02\/CDP_8577_print-scaled.jpg","contentUrl":"https:\/\/comedepreville.fr\/wp-content\/uploads\/2025\/02\/CDP_8577_print-scaled.jpg","width":2560,"height":1707},{"@type":"BreadcrumbList","@id":"https:\/\/comedepreville.fr\/portfolio\/#breadcrumb","itemListElement":[{"@type":"ListItem","position":1,"name":"Accueil","item":"https:\/\/comedepreville.fr\/"},{"@type":"ListItem","position":2,"name":"Portfolio"}]},{"@type":"WebSite","@id":"https:\/\/comedepreville.fr\/#website","url":"https:\/\/comedepreville.fr\/","name":"C\u00f4me de Pr\u00e9ville","description":"Photoreporter","publisher":{"@id":"https:\/\/comedepreville.fr\/#\/schema\/person\/7e4b1911f4e6fdf5ed92275b0ef5b9e7"},"potentialAction":[{"@type":"SearchAction","target":{"@type":"EntryPoint","urlTemplate":"https:\/\/comedepreville.fr\/?s={search_term_string}"},"query-input":{"@type":"PropertyValueSpecification","valueRequired":true,"valueName":"search_term_string"}}],"inLanguage":"en-GB"},{"@type":["Person","Organization"],"@id":"https:\/\/comedepreville.fr\/#\/schema\/person\/7e4b1911f4e6fdf5ed92275b0ef5b9e7","name":"C\u00f4me de Pr\u00e9ville","image":{"@type":"ImageObject","inLanguage":"en-GB","@id":"https:\/\/comedepreville.fr\/wp-content\/uploads\/2021\/11\/Fichier-3.png","url":"https:\/\/comedepreville.fr\/wp-content\/uploads\/2021\/11\/Fichier-3.png","contentUrl":"https:\/\/comedepreville.fr\/wp-content\/uploads\/2021\/11\/Fichier-3.png","width":800,"height":166,"caption":"C\u00f4me de Pr\u00e9ville"},"logo":{"@id":"https:\/\/comedepreville.fr\/wp-content\/uploads\/2021\/11\/Fichier-3.png"},"sameAs":["http:\/\/comedepreville.fr","fb.me\/comedepreville","https:\/\/www.instagram.com\/comedepreville\/","https:\/\/fr.linkedin.com\/in\/comedepreville"]}]}},"_links":{"self":[{"href":"https:\/\/comedepreville.fr\/en\/wp-json\/wp\/v2\/pages\/1328","targetHints":{"allow":["GET"]}}],"collection":[{"href":"https:\/\/comedepreville.fr\/en\/wp-json\/wp\/v2\/pages"}],"about":[{"href":"https:\/\/comedepreville.fr\/en\/wp-json\/wp\/v2\/types\/page"}],"author":[{"embeddable":true,"href":"https:\/\/comedepreville.fr\/en\/wp-json\/wp\/v2\/users\/1"}],"replies":[{"embeddable":true,"href":"https:\/\/comedepreville.fr\/en\/wp-json\/wp\/v2\/comments?post=1328"}],"version-history":[{"count":106,"href":"https:\/\/comedepreville.fr\/en\/wp-json\/wp\/v2\/pages\/1328\/revisions"}],"predecessor-version":[{"id":4748,"href":"https:\/\/comedepreville.fr\/en\/wp-json\/wp\/v2\/pages\/1328\/revisions\/4748"}],"wp:featuredmedia":[{"embeddable":true,"href":"https:\/\/comedepreville.fr\/en\/wp-json\/wp\/v2\/media\/4708"}],"wp:attachment":[{"href":"https:\/\/comedepreville.fr\/en\/wp-json\/wp\/v2\/media?parent=1328"}],"curies":[{"name":"wp","href":"https:\/\/api.w.org\/{rel}","templated":true}]}}